{"id":6795,"date":"2023-10-10T16:07:52","date_gmt":"2023-10-10T14:07:52","guid":{"rendered":"https:\/\/www.domainelescarrelets.com\/vermietung-soulac-sur-mer\/vermietung-kabinen-luxus\/"},"modified":"2023-10-27T10:09:02","modified_gmt":"2023-10-27T08:09:02","slug":"vermietung-kabinen-luxus","status":"publish","type":"page","link":"https:\/\/www.domainelescarrelets.com\/de\/vermietung-soulac-sur-mer\/vermietung-kabinen-luxus\/","title":{"rendered":"Premium"},"content":{"rendered":"<section id=\"ls-section-block_5fba74a9006d427d05ee143d529c8198\" class=\"ls-section  page-intro has-p-b p-b-7\" >\r\n        <div class=\"container container--wide\">\r\n        \n\n<h1 class=\"ls__heading wp-block-heading has-text-align-center\">Unsere Luxush\u00fctten im M\u00e9doc in Soulac-sur-Mer<\/h1>\n\n\n\n<div id=\"luxes\" class=\"ls-titre-div aligncenter h2-like\" >\n    Die Luxe<\/div>\n\n\n\n<p class=\"ls-paragraph has-text-align-center p-r-4 p-l-4\">Mieten Sie f\u00fcr Ihren n\u00e4chsten Aufenthalt im M\u00e9doc eine unserer <strong>H\u00fctten in Soulac-sur-Mer <\/strong>, die von Le Domaine Les Carrelets angeboten werden.  <br\/>Wir vermieten atypische Unterk\u00fcnfte, die mit allem Komfort ausgestattet sind, um Sie zu empfangen.  <br\/>Unsere <strong>Luxush\u00fctten<\/strong> empfangen Sie von April bis September inmitten einer bewaldeten Natur, ideal f\u00fcr eine kleine Auszeit in absoluter Privatsph\u00e4re.  <br\/>Besuchen Sie unsere Website, um unsere Preise zu erfahren und Ihre Buchung vorzunehmen.<\/p>\n\n\r\n    <\/div>\r\n<\/section><section id=\"ls-section-block_652da08d40c669582b82b6ea96b1544b\" class=\"ls-section  page-hebergements p-t-6 has-p-t p-t-14 has-p-b p-b-14\" >\r\n        <div class=\"container container--wide\">\r\n        \n\n<div id=\"ls-hebergements-block_e22730faf72f7b9c682492be3f49fc0b\" class=\"ls-hebergements\">\n\n    <div class=\"ls-customizer test\">\n    <div class=\"ls-customizer__filters\">\n        <div class=\"ls-customizer__filters__close\">\n            <i class=\"fas fa-times\"><\/i>\n        <\/div>\n\n        <div class=\"ls-customizer__filters__title\">\n            <b>Filter<\/b>\n            <span class=\"ls-customizer__filters__clear\">Filter l\u00f6schen<i class=\"fas fa-times\"><\/i><\/span>\n        <\/div>\n\n        <div class=\"ls-customizer__orders\">\n            <i class=\"fas fa-sort\"><\/i>\n            <select class=\"select-tri\">\n                <option selected value=\"\">Sortieren nach<\/option>\n                <option value=\"price-asc\">Preis aufsteigend<\/option>\n                <option value=\"price-desc\">Preis absteigend<\/option>\n            <\/select>\n        <\/div>\n\n        \n        <!-- Filtres ACF fields -->\n        \n                                            <!-- Filtre nombre_de_personnes -->\n                        <div class=\"filter\" id=\"filter-nombre_de_personnes\">\n                <div class=\"filter__title\">\n                    Anzahl der Personen                    <i class=\"fas fa-angle-down\"><\/i>\n                <\/div>\n\n                \n                <fieldset data-filter=\"nombre_de_personnes\" data-operator=\"&gt;=\" class=\"input\">\n                    <div><input type=\"radio\" name=\"nombre_de_personnes\" id=\"nombre_de_personnes-all\"  class=\"checkbox\" \/><label for='nombre_de_personnes-all'>Alle<\/label><\/div><div><input type=\"radio\" name=\"nombre-de-personnes\" id=\"nombre-de-personnes-1\" value=\"1\" class=\"checkbox\"><label for=\"nombre-de-personnes-1\">1 pers.<\/label><\/div><div><input type=\"radio\" name=\"nombre-de-personnes\" id=\"nombre-de-personnes-2\" value=\"2\" class=\"checkbox\"><label for=\"nombre-de-personnes-2\">2 pers.<\/label><\/div><div><input type=\"radio\" name=\"nombre-de-personnes\" id=\"nombre-de-personnes-3\" value=\"3\" class=\"checkbox\"><label for=\"nombre-de-personnes-3\">3 pers.<\/label><\/div><div><input type=\"radio\" name=\"nombre-de-personnes\" id=\"nombre-de-personnes-4\" value=\"4\" class=\"checkbox\"><label for=\"nombre-de-personnes-4\">4 pers.<\/label><\/div><div><input type=\"radio\" name=\"nombre-de-personnes\" id=\"nombre-de-personnes-5\" value=\"5\" class=\"checkbox\"><label for=\"nombre-de-personnes-5\">5 pers.<\/label><\/div><div><input type=\"radio\" name=\"nombre-de-personnes\" id=\"nombre-de-personnes-6\" value=\"6\" class=\"checkbox\"><label for=\"nombre-de-personnes-6\">6 pers.<\/label><\/div><div><input type=\"radio\" name=\"nombre-de-personnes\" id=\"nombre-de-personnes-7\" value=\"7\" class=\"checkbox\"><label for=\"nombre-de-personnes-7\">7 pers.<\/label><\/div><div><input type=\"radio\" name=\"nombre-de-personnes\" id=\"nombre-de-personnes-8\" value=\"8\" class=\"checkbox\"><label for=\"nombre-de-personnes-8\">8 pers.<\/label><\/div><div><input type=\"radio\" name=\"nombre-de-personnes\" id=\"nombre-de-personnes-9\" value=\"9\" class=\"checkbox\"><label for=\"nombre-de-personnes-9\">9 pers.<\/label><\/div><div><input type=\"radio\" name=\"nombre-de-personnes\" id=\"nombre-de-personnes-10\" value=\"10\" class=\"checkbox\"><label for=\"nombre-de-personnes-10\">10 pers.<\/label><\/div>                <\/fieldset>\n            <\/div>\n                                <!-- Filtre nombre_de_chambres -->\n                        <div class=\"filter\" id=\"filter-nombre_de_chambres\">\n                <div class=\"filter__title\">\n                    Anzahl der Zimmer                    <i class=\"fas fa-angle-down\"><\/i>\n                <\/div>\n\n                \n                <fieldset data-filter=\"nombre_de_chambres\" data-operator=\"==\" class=\"input\">\n                    <div><input type=\"radio\" name=\"nombre_de_chambres\" id=\"nombre_de_chambres-all\"  class=\"checkbox\" \/><label for='nombre_de_chambres-all'>Alle<\/label><\/div><div><input type=\"radio\" name=\"nombre_de_chambres\" id=\"nombre_de_chambres-2\" value=\"2\" class=\"checkbox\"  \/><label for='nombre_de_chambres-2'>2 Zimmer<\/label><\/div><div><input type=\"radio\" name=\"nombre_de_chambres\" id=\"nombre_de_chambres-3\" value=\"3\" class=\"checkbox\"  \/><label for='nombre_de_chambres-3'>3 Zimmer<\/label><\/div><div><input type=\"radio\" name=\"nombre_de_chambres\" id=\"nombre_de_chambres-4\" value=\"4\" class=\"checkbox\"  \/><label for='nombre_de_chambres-4'>4 Zimmer<\/label><\/div><div><input type=\"radio\" name=\"nombre_de_chambres\" id=\"nombre_de_chambres-5\" value=\"5\" class=\"checkbox\"  \/><label for='nombre_de_chambres-5'>5 Zimmer<\/label><\/div>                <\/fieldset>\n            <\/div>\n                                <!-- Filtre options-hebergements -->\n                        <div class=\"filter\" id=\"filter-options-hebergements\">\n                <div class=\"filter__title\">\n                    Optionen                    <i class=\"fas fa-angle-down\"><\/i>\n                <\/div>\n\n                \n                <fieldset data-filter=\"options-hebergements\" data-operator=\"*=\" class=\"input\">\n                    <div><input type=\"checkbox\" name=\"options-hebergements\" id=\"options-hebergements-all\"  class=\"checkbox\" \/><label for='options-hebergements-all'>Keine<\/label><\/div><div><input type=\"checkbox\" name=\"options-hebergements\" id=\"options-hebergements-animaux-autorises\" value=\"animaux-autorises\" class=\"checkbox\"  \/><label for='options-hebergements-animaux-autorises'>Haustiere erlaubt\n<\/label><\/div><div><input type=\"checkbox\" name=\"options-hebergements\" id=\"options-hebergements-climatisation\" value=\"climatisation\" class=\"checkbox\"  \/><label for='options-hebergements-climatisation'>Climatisation<\/label><\/div><div><input type=\"checkbox\" name=\"options-hebergements\" id=\"options-hebergements-lave-vaisselle\" value=\"lave-vaisselle\" class=\"checkbox\"  \/><label for='options-hebergements-lave-vaisselle'>Sp\u00fclmaschine\n<\/label><\/div><div><input type=\"checkbox\" name=\"options-hebergements\" id=\"options-hebergements-pmr\" value=\"pmr\" class=\"checkbox\"  \/><label for='options-hebergements-pmr'>PRM<\/label><\/div><div><input type=\"checkbox\" name=\"options-hebergements\" id=\"options-hebergements-plancha-gaz\" value=\"plancha-gaz\" class=\"checkbox\"  \/><label for='options-hebergements-plancha-gaz'>Plancha gaz<\/label><\/div><div><input type=\"checkbox\" name=\"options-hebergements\" id=\"options-hebergements-spa\" value=\"spa\" class=\"checkbox\"  \/><label for='options-hebergements-spa'>Spa<\/label><\/div>                <\/fieldset>\n            <\/div>\n        \n\n\n    <\/div>\n<\/div><div class=\"ls-hebergements__results\" data-row=\"3\" data-campings=\"false\" data-types=\"[67]\"><\/div><\/div>\n\r\n    <\/div>\r\n<\/section><section id=\"ls-section-block_659e0d96d2815824e8ef661c7f4c6844\" class=\"ls-section  page-one has-p-t p-t-0 has-p-b p-b-14\" >\r\n        <div class=\"container container--wide\">\r\n        \n\n<div class=\"wp-block-columns is-layout-flex wp-container-core-columns-is-layout-9d6595d7 wp-block-columns-is-layout-flex\">\n<div class=\"wp-block-column is-layout-flow wp-block-column-is-layout-flow\" style=\"flex-basis:66.66%\">\n<figure class=\"wp-block-image size-full\"><img decoding=\"async\" width=\"1200\" height=\"800\" src=\"https:\/\/www.domainelescarrelets.com\/wp-content\/uploads\/2023\/10\/grande-cabane-camping-soulac.jpg\" alt=\"gro&#xDF;e h&#xFC;tte camping soulac\" class=\"wp-image-5165\" srcset=\"https:\/\/www.domainelescarrelets.com\/wp-content\/uploads\/2023\/10\/grande-cabane-camping-soulac.jpg 1200w, https:\/\/www.domainelescarrelets.com\/wp-content\/uploads\/2023\/10\/grande-cabane-camping-soulac-300x200.jpg 300w, https:\/\/www.domainelescarrelets.com\/wp-content\/uploads\/2023\/10\/grande-cabane-camping-soulac-1024x683.jpg 1024w, https:\/\/www.domainelescarrelets.com\/wp-content\/uploads\/2023\/10\/grande-cabane-camping-soulac-768x512.jpg 768w\" sizes=\"(max-width: 1200px) 100vw, 1200px\" \/><\/figure>\n<\/div>\n\n\n\n<div class=\"wp-block-column is-vertically-aligned-center is-layout-flow wp-block-column-is-layout-flow\" style=\"flex-basis:33.33%\">\n<h2 class=\"ls__heading wp-block-heading deco\">Alle Informationen \u00fcber <em>unsere Luxush\u00fctten in Soulac<\/em><\/h2>\n\n\n\n<p class=\"ls-paragraph\">Unsere<strong> Luxush\u00fctten in Soulac-sur-Mer<\/strong> richten sich an Naturliebhaber und diejenigen, die ihre Kinderseele wiederfinden m\u00f6chten. Die Unterk\u00fcnfte, die wir anbieten, wurden in <strong>v\u00f6lliger Harmonie mit der umgebenden bewaldeten Natur<\/strong> gebaut und bieten den G\u00e4sten gleichzeitig optimalen Komfort.<\/p>\n\n\n\n<p class=\"ls-paragraph\">Die <strong>Luxush\u00fctten von Les Carrelets<\/strong> sind ger\u00e4umig und verf\u00fcgen \u00fcber ein <strong>modernes und luxuri\u00f6ses Design<\/strong>. Sie bieten Platz f\u00fcr <strong>4 bis 6 Personen<\/strong> und haben eine Mindestgr\u00f6\u00dfe von 34 m\u00b2.<\/p>\n\n\n\n<p class=\"ls-paragraph\">Jede dieser Unterk\u00fcnfte auf unserem <a href=\"https:\/\/www.domainelescarrelets.com\/de\/\">5-Sterne-Campingplatz in Soulac-sur-Mer<\/a> verf\u00fcgt \u00fcber eine K\u00fcche sowie mindestens 2 Schlafzimmer und 2 Badezimmer. Alle unsere Luxush\u00fctten sind <strong>klimatisiert<\/strong> und verf\u00fcgen \u00fcber kostenloses WLAN.<\/p>\n\n\n\n<p class=\"ls-paragraph\">Wenn Sie sich f\u00fcr eine H\u00fctte f\u00fcr <strong>4 bis 6 Personen<\/strong> entscheiden, k\u00f6nnen Sie von <strong>einem privaten Whirlpool und 2 Fahrr\u00e4dern profitieren<\/strong>, die Ihnen f\u00fcr Ihre Fahrten auf dem Gel\u00e4nde oder in der Umgebung zur Verf\u00fcgung gestellt werden. Es ist zu beachten, dass alle H\u00fctten in einem <strong>Bereich<\/strong> aufgestellt sind, der <strong>ausschlie\u00dflich Fu\u00dfg\u00e4ngern<\/strong> vorbehalten ist. Ihr Auto k\u00f6nnen Sie auf dem Privatparkplatz des Anwesens abstellen.<\/p>\n<\/div>\n<\/div>\n\n\r\n    <\/div>\r\n<\/section><section id=\"ls-section-block_659e0d96d2815824e8ef661c7f4c6844\" class=\"ls-section  page-one has-p-t p-t-0 has-p-b p-b-14\" >\r\n        <div class=\"container container--wide\">\r\n        \n\n<div class=\"wp-block-columns is-layout-flex wp-container-core-columns-is-layout-9d6595d7 wp-block-columns-is-layout-flex\">\n<div class=\"wp-block-column is-layout-flow wp-block-column-is-layout-flow\" style=\"flex-basis:33.33%\">\n<div style=\"height:100px\" aria-hidden=\"true\" class=\"wp-block-spacer\"><\/div>\n\n\n\n<h2 class=\"ls__heading wp-block-heading deco\">Unsere Twin-H\u00fctten <em>f\u00fcr 10 Personen in Soulac<\/em><\/h2>\n\n\n\n<p class=\"ls-paragraph\">Die von der <strong>Domaine Les Carrelets<\/strong> angebotenen <strong>Twin-H\u00fctten in Soulac-sur-Mer<\/strong> k\u00f6nnen bis zu 10 Personen beherbergen.<\/p>\n\n\n\n<p class=\"ls-paragraph\">Gro\u00dfe Familien und Gruppen von Freunden k\u00f6nnen sich f\u00fcr eine H\u00fctte der Kategorie Twin entscheiden. Diese Luxush\u00fctte besteht aus <strong>zwei H\u00fctten vom Typ Chalet, die durch eine gro\u00dfe gemeinsame Terrasse miteinander verbunden sind<\/strong>. Jede der Unterk\u00fcnfte verf\u00fcgt \u00fcber einen Gemeinschaftsraum, eine K\u00fcche und <strong>2 bzw. 3 Schlafzimmer<\/strong>.<br\/><\/p>\n\n\n\n<p class=\"ls-paragraph\">Der 68 m\u00b2 gro\u00dfe Komplex verf\u00fcgt \u00fcber <strong>5 Schlafzimmer<\/strong> und ist mit <strong>3 Badezimmern<\/strong> ausgestattet. Diese H\u00fctten sind klimatisiert, um maximalen Komfort zu bieten.<\/p>\n<\/div>\n\n\n\n<div class=\"wp-block-column is-layout-flow wp-block-column-is-layout-flow\" style=\"flex-basis:66.66%\">\n<figure class=\"wp-block-image size-large\"><img decoding=\"async\" width=\"1024\" height=\"681\" src=\"https:\/\/www.domainelescarrelets.com\/wp-content\/uploads\/2023\/10\/location-cabane-vendee-1-1024x681.webp\" alt=\"vermietung h&#xFC;tte vendee\" class=\"wp-image-6513\" srcset=\"https:\/\/www.domainelescarrelets.com\/wp-content\/uploads\/2023\/10\/location-cabane-vendee-1-1024x681.webp 1024w, https:\/\/www.domainelescarrelets.com\/wp-content\/uploads\/2023\/10\/location-cabane-vendee-1-300x200.webp 300w, https:\/\/www.domainelescarrelets.com\/wp-content\/uploads\/2023\/10\/location-cabane-vendee-1-768x511.webp 768w, https:\/\/www.domainelescarrelets.com\/wp-content\/uploads\/2023\/10\/location-cabane-vendee-1-1536x1022.webp 1536w, https:\/\/www.domainelescarrelets.com\/wp-content\/uploads\/2023\/10\/location-cabane-vendee-1.webp 2000w\" sizes=\"(max-width: 1024px) 100vw, 1024px\" \/><\/figure>\n<\/div>\n<\/div>\n\n\r\n    <\/div>\r\n<\/section><section id=\"ls-section-block_23a399eb1a82c476aaa0b8d6ea164a0a\" class=\"ls-section  page-one has-p-t p-t-15 has-p-b p-b-15\" >\r\n        <div class=\"container container--wide\">\r\n        \n\n<div class=\"wp-block-columns is-layout-flex wp-container-core-columns-is-layout-9d6595d7 wp-block-columns-is-layout-flex\">\n<div class=\"wp-block-column first is-layout-flow wp-block-column-is-layout-flow\" style=\"flex-basis:66.66%\">\n<figure class=\"wp-block-gallery has-nested-images columns-default is-cropped gallery-slider wp-block-gallery-1 is-layout-flex wp-block-gallery-is-layout-flex\">\n<figure class=\"wp-block-image size-full\"><a href=\"https:\/\/www.domainelescarrelets.com\/wp-content\/uploads\/2023\/10\/location-mobil-home-soulac-6-personne.webp\"><img decoding=\"async\" width=\"2000\" height=\"1333\" data-id=\"808\" src=\"https:\/\/www.domainelescarrelets.com\/wp-content\/uploads\/2023\/10\/location-mobil-home-soulac-6-personne.webp\" alt=\"vermietung mobilheim soulac 6 personen\" class=\"wp-image-808\" srcset=\"https:\/\/www.domainelescarrelets.com\/wp-content\/uploads\/2023\/10\/location-mobil-home-soulac-6-personne.webp 2000w, https:\/\/www.domainelescarrelets.com\/wp-content\/uploads\/2023\/10\/location-mobil-home-soulac-6-personne-300x200.webp 300w, https:\/\/www.domainelescarrelets.com\/wp-content\/uploads\/2023\/10\/location-mobil-home-soulac-6-personne-1024x682.webp 1024w, https:\/\/www.domainelescarrelets.com\/wp-content\/uploads\/2023\/10\/location-mobil-home-soulac-6-personne-768x512.webp 768w, https:\/\/www.domainelescarrelets.com\/wp-content\/uploads\/2023\/10\/location-mobil-home-soulac-6-personne-1536x1024.webp 1536w\" sizes=\"(max-width: 2000px) 100vw, 2000px\" \/><\/a><\/figure>\n\n\n\n<figure class=\"wp-block-image size-full\"><a href=\"https:\/\/www.domainelescarrelets.com\/wp-content\/uploads\/2023\/10\/terrasse-mobil-home.webp\"><img decoding=\"async\" width=\"2000\" height=\"1333\" data-id=\"302\" src=\"https:\/\/www.domainelescarrelets.com\/wp-content\/uploads\/2023\/10\/terrasse-mobil-home.webp\" alt=\"Mobilheimterrasse\" class=\"wp-image-302\" srcset=\"https:\/\/www.domainelescarrelets.com\/wp-content\/uploads\/2023\/10\/terrasse-mobil-home.webp 2000w, https:\/\/www.domainelescarrelets.com\/wp-content\/uploads\/2023\/10\/terrasse-mobil-home-300x200.webp 300w, https:\/\/www.domainelescarrelets.com\/wp-content\/uploads\/2023\/10\/terrasse-mobil-home-1024x682.webp 1024w, https:\/\/www.domainelescarrelets.com\/wp-content\/uploads\/2023\/10\/terrasse-mobil-home-768x512.webp 768w, https:\/\/www.domainelescarrelets.com\/wp-content\/uploads\/2023\/10\/terrasse-mobil-home-1536x1024.webp 1536w\" sizes=\"(max-width: 2000px) 100vw, 2000px\" \/><\/a><\/figure>\n\n\n\n<figure class=\"wp-block-image size-full\"><a href=\"https:\/\/www.domainelescarrelets.com\/wp-content\/uploads\/2023\/10\/louer-mobil-home-soulac.webp\"><img decoding=\"async\" width=\"2000\" height=\"1333\" data-id=\"818\" src=\"https:\/\/www.domainelescarrelets.com\/wp-content\/uploads\/2023\/10\/louer-mobil-home-soulac.webp\" alt=\"mieten mobilheim soulac\" class=\"wp-image-818\" srcset=\"https:\/\/www.domainelescarrelets.com\/wp-content\/uploads\/2023\/10\/louer-mobil-home-soulac.webp 2000w, https:\/\/www.domainelescarrelets.com\/wp-content\/uploads\/2023\/10\/louer-mobil-home-soulac-300x200.webp 300w, https:\/\/www.domainelescarrelets.com\/wp-content\/uploads\/2023\/10\/louer-mobil-home-soulac-1024x682.webp 1024w, https:\/\/www.domainelescarrelets.com\/wp-content\/uploads\/2023\/10\/louer-mobil-home-soulac-768x512.webp 768w, https:\/\/www.domainelescarrelets.com\/wp-content\/uploads\/2023\/10\/louer-mobil-home-soulac-1536x1024.webp 1536w\" sizes=\"(max-width: 2000px) 100vw, 2000px\" \/><\/a><\/figure>\n\n\n\n<figure class=\"wp-block-image size-full\"><a href=\"https:\/\/www.domainelescarrelets.com\/wp-content\/uploads\/2023\/10\/location-mobil-home-jacuzzi-soulac.webp\"><img decoding=\"async\" width=\"2000\" height=\"1333\" data-id=\"798\" src=\"https:\/\/www.domainelescarrelets.com\/wp-content\/uploads\/2023\/10\/location-mobil-home-jacuzzi-soulac.webp\" alt=\"vermietung mobilheim jacuzzi soulac\" class=\"wp-image-798\" srcset=\"https:\/\/www.domainelescarrelets.com\/wp-content\/uploads\/2023\/10\/location-mobil-home-jacuzzi-soulac.webp 2000w, https:\/\/www.domainelescarrelets.com\/wp-content\/uploads\/2023\/10\/location-mobil-home-jacuzzi-soulac-300x200.webp 300w, https:\/\/www.domainelescarrelets.com\/wp-content\/uploads\/2023\/10\/location-mobil-home-jacuzzi-soulac-1024x682.webp 1024w, https:\/\/www.domainelescarrelets.com\/wp-content\/uploads\/2023\/10\/location-mobil-home-jacuzzi-soulac-768x512.webp 768w, https:\/\/www.domainelescarrelets.com\/wp-content\/uploads\/2023\/10\/location-mobil-home-jacuzzi-soulac-1536x1024.webp 1536w\" sizes=\"(max-width: 2000px) 100vw, 2000px\" \/><\/a><\/figure>\n<\/figure>\n<\/div>\n\n\n\n<div class=\"wp-block-column is-vertically-aligned-center second is-layout-flow wp-block-column-is-layout-flow\" style=\"flex-basis:33.33%\">\n<h2 class=\"ls__heading wp-block-heading deco\">Unsere Mobilheime <em>zur Vermietung in Soulac-sur-Mer<\/em><\/h2>\n\n\n\n<p class=\"ls-paragraph\">Neben den Luxus- oder Twinh\u00fctten (10 Personen) bietet Ihnen Les Carrelets auch verschiedene Kategorien von <a href=\"https:\/\/www.domainelescarrelets.com\/de\/vermietung-soulac-sur-mer\/vermietung-mobil-home-soulac-sur-mer\/\">Mobilheimen, die Sie in Soulac-sur-Mer mieten k\u00f6nnen<\/a>. Jedes Chalet ist voll ausgestattet und bietet Platz f\u00fcr 2 bis 10 Personen.<\/p>\n\n\n\n<p class=\"ls-paragraph\">Die Mobilheime von Les Carrelets gibt es in mehreren Baureihen. F\u00fcr Ihre <a href=\"https:\/\/www.domainelescarrelets.com\/de\/vermietung-soulac-sur-mer\/\">Ferienunterkunft in Soulac sur Mer<\/a> haben Sie die Wahl zwischen den <strong>Leistungen Classic, Confort, Premium und Confort Twin (10 Pers.)<\/strong>.<\/p>\n\n\n\n<p class=\"ls-paragraph\">Alle H\u00e4user verf\u00fcgen \u00fcber eine private Terrasse, auf der Sie ungest\u00f6rt Zeit im Freien verbringen k\u00f6nnen. Ein Parkplatz pro Mietobjekt wird von der Einrichtung zugewiesen.<\/p>\n<\/div>\n<\/div>\n\n\r\n    <\/div>\r\n<\/section><section id=\"ls-section-block_4114a9113ec699bf61cf561c8d4ce20a\" class=\"ls-section  home-paradis has-background-image has-background has-color-black-background-color has-p-t p-t-20 has-p-b p-b-20\" >\r\n    <div class=\"ls-section__background-image opacity-50\"><img decoding=\"async\" src=\"https:\/\/www.domainelescarrelets.com\/wp-content\/uploads\/2023\/10\/location-mobil-home-soulac.webp\" alt=\"location mobil home soulac\"><\/div>    <div class=\"container container--wide\">\r\n        \n\n<h2 class=\"ls__heading wp-block-heading deco o-typing-delay-100ms\"><o-anim-typing>Unser Campingplatz in Soulac-sur-Mer<\/o-anim-typing><\/h2>\n\n\n\n<p class=\"ls-paragraph has-color-white-color has-text-color\">Der <strong>5-Sterne-Campingplatz<\/strong> Domaine Les Carrelets liegt in der M\u00fcndung der Gironde auf der Pointe du M\u00e9doc und bietet<strong> in Soulac-sur-Mer die Vermietung von Luxush\u00fctten<\/strong> an.<\/p>\n\n\n\n<p class=\"ls-paragraph\"><mark style=\"background-color:rgba(0, 0, 0, 0)\" class=\"has-inline-color has-color-white-color\">Die Einrichtung befindet sich inmitten eines <strong>9 Hektar gro\u00dfen Waldgebietes<\/strong> am Rande eines beeindruckenden Pinienwaldes und in <strong>unmittelbarer N\u00e4he des Ozeans und des Strandes<\/strong>. Die Domaine Les Carrelets ist ein  <\/mark><a href=\"https:\/\/www.domainelescarrelets.com\/de\/familienfreundlicher-campingplatz-soulac-sur-mer\/\">\n  <mark style=\"background-color:rgba(0, 0, 0, 0)\" class=\"has-inline-color has-color-white-color\">Familiencampingplatz in der Gironde<\/mark>\n<\/a><mark style=\"background-color:rgba(0, 0, 0, 0)\" class=\"has-inline-color has-color-white-color\">Hier k\u00f6nnen sich auch Gruppen von Freunden und Paare in einer beruhigenden Umgebung erholen.<\/mark><\/p>\n\n\r\n    <\/div>\r\n<\/section><section id=\"ls-section-block_f9020fdbbe0fe93382051bbe127a48be\" class=\"ls-section  page-one has-p-t p-t-14 has-p-b p-b-14\" >\r\n        <div class=\"container container--wide\">\r\n        \n\n<div class=\"wp-block-columns is-layout-flex wp-container-core-columns-is-layout-9d6595d7 wp-block-columns-is-layout-flex\">\n<div class=\"wp-block-column is-vertically-aligned-center second is-layout-flow wp-block-column-is-layout-flow\" style=\"flex-basis:33.33%\">\n<h2 class=\"ls__heading wp-block-heading deco\">2 Pools<\/h2>\n\n\n\n<p class=\"ls-paragraph\">Die Domaine Les Carrelets verf\u00fcgt \u00fcber einen <strong>Wasserbereich<\/strong>, der f\u00fcr alle G\u00e4ste der Unterkunft zug\u00e4nglich ist. Ein <strong>500 m\u00b2 gro\u00dfer Au\u00dfenpool<\/strong> empf\u00e4ngt Sie an langen, hei\u00dfen Sommertagen. An den Str\u00e4nden rund um den Pool stehen Liegest\u00fchle bereit, damit Sie sich in der Sonne aalen k\u00f6nnen.<\/p>\n\n\n\n<p class=\"ls-paragraph\">Auf unserem <a href=\"https:\/\/www.domainelescarrelets.com\/de\/schwimmbaedern-campsite-soulac\/\">Campingplatz mit Schwimmbad in Soulac sur Mer<\/a> ist das Baden nicht nur der Sommersaison vorbehalten. Ein <strong>200 m\u00b2 gro\u00dfes<\/strong>, beheiztes <strong>Hallenbad<\/strong> sorgt daf\u00fcr, dass Sie schon zu Beginn der Saison das Wasser genie\u00dfen k\u00f6nnen.<\/p>\n\n\n\n<p class=\"ls-paragraph\">Die Kleinen werden begeistert sein, inmitten der Wasserstrahlen des <strong>Planschbeckens<\/strong> zu planschen, das speziell f\u00fcr ihre Sicherheit konzipiert wurde.<\/p>\n<\/div>\n\n\n\n<div class=\"wp-block-column first is-layout-flow wp-block-column-is-layout-flow\" style=\"flex-basis:66.66%\">\n<figure class=\"wp-block-gallery has-nested-images columns-default is-cropped gallery-slider wp-block-gallery-2 is-layout-flex wp-block-gallery-is-layout-flex\">\n<figure class=\"wp-block-image size-full\"><a href=\"https:\/\/www.domainelescarrelets.com\/wp-content\/uploads\/2023\/10\/toboggan-piscine-soulac-edited.webp\"><img decoding=\"async\" width=\"2000\" height=\"1125\" data-id=\"1263\" src=\"https:\/\/www.domainelescarrelets.com\/wp-content\/uploads\/2023\/10\/toboggan-piscine-soulac-edited.webp\" alt=\"rutsche schwimmbad soulac\" class=\"wp-image-1263\" srcset=\"https:\/\/www.domainelescarrelets.com\/wp-content\/uploads\/2023\/10\/toboggan-piscine-soulac-edited.webp 2000w, https:\/\/www.domainelescarrelets.com\/wp-content\/uploads\/2023\/10\/toboggan-piscine-soulac-edited-300x169.webp 300w, https:\/\/www.domainelescarrelets.com\/wp-content\/uploads\/2023\/10\/toboggan-piscine-soulac-edited-1024x576.webp 1024w, https:\/\/www.domainelescarrelets.com\/wp-content\/uploads\/2023\/10\/toboggan-piscine-soulac-edited-768x432.webp 768w, https:\/\/www.domainelescarrelets.com\/wp-content\/uploads\/2023\/10\/toboggan-piscine-soulac-edited-1536x864.webp 1536w\" sizes=\"(max-width: 2000px) 100vw, 2000px\" \/><\/a><\/figure>\n\n\n\n<figure class=\"wp-block-image size-full\"><a href=\"https:\/\/www.domainelescarrelets.com\/wp-content\/uploads\/2023\/10\/piscine-interieure-chauffee-soulac.webp\"><img decoding=\"async\" width=\"2000\" height=\"1333\" data-id=\"903\" src=\"https:\/\/www.domainelescarrelets.com\/wp-content\/uploads\/2023\/10\/piscine-interieure-chauffee-soulac.webp\" alt=\"beheizter Innenpool Soulac\" class=\"wp-image-903\" srcset=\"https:\/\/www.domainelescarrelets.com\/wp-content\/uploads\/2023\/10\/piscine-interieure-chauffee-soulac.webp 2000w, https:\/\/www.domainelescarrelets.com\/wp-content\/uploads\/2023\/10\/piscine-interieure-chauffee-soulac-300x200.webp 300w, https:\/\/www.domainelescarrelets.com\/wp-content\/uploads\/2023\/10\/piscine-interieure-chauffee-soulac-1024x682.webp 1024w, https:\/\/www.domainelescarrelets.com\/wp-content\/uploads\/2023\/10\/piscine-interieure-chauffee-soulac-768x512.webp 768w, https:\/\/www.domainelescarrelets.com\/wp-content\/uploads\/2023\/10\/piscine-interieure-chauffee-soulac-1536x1024.webp 1536w\" sizes=\"(max-width: 2000px) 100vw, 2000px\" \/><\/a><\/figure>\n<\/figure>\n<\/div>\n<\/div>\n\n\r\n    <\/div>\r\n<\/section><section id=\"ls-section-block_f7fe9dab15be479743782658253b89a5\" class=\"ls-section  page-one\" >\r\n        <div class=\"container container--wide\">\r\n        \n\n<div class=\"wp-block-columns is-layout-flex wp-container-core-columns-is-layout-9d6595d7 wp-block-columns-is-layout-flex\">\n<div class=\"wp-block-column is-layout-flow wp-block-column-is-layout-flow\" style=\"flex-basis:66.66%\">\n<figure class=\"wp-block-image size-full\"><img decoding=\"async\" width=\"2000\" height=\"1333\" src=\"https:\/\/www.domainelescarrelets.com\/wp-content\/uploads\/2023\/10\/table-de-ping-pong.webp\" alt=\"Tischtennisplatte\" class=\"wp-image-277\" srcset=\"https:\/\/www.domainelescarrelets.com\/wp-content\/uploads\/2023\/10\/table-de-ping-pong.webp 2000w, https:\/\/www.domainelescarrelets.com\/wp-content\/uploads\/2023\/10\/table-de-ping-pong-300x200.webp 300w, https:\/\/www.domainelescarrelets.com\/wp-content\/uploads\/2023\/10\/table-de-ping-pong-1024x682.webp 1024w, https:\/\/www.domainelescarrelets.com\/wp-content\/uploads\/2023\/10\/table-de-ping-pong-768x512.webp 768w, https:\/\/www.domainelescarrelets.com\/wp-content\/uploads\/2023\/10\/table-de-ping-pong-1536x1024.webp 1536w\" sizes=\"(max-width: 2000px) 100vw, 2000px\" \/><\/figure>\n<\/div>\n\n\n\n<div class=\"wp-block-column is-vertically-aligned-center is-layout-flow wp-block-column-is-layout-flow\" style=\"flex-basis:33.33%\">\n<h2 class=\"ls__heading wp-block-heading deco\">Aktivit\u00e4ten <em>in der N\u00e4he der H\u00fctten<\/em><\/h2>\n\n\n\n<p class=\"ls-paragraph\">Auf unserem <strong>Campingplatz in Soulac-Sur-Mer<\/strong> werden<strong> zahlreiche Aktivit\u00e4ten <\/strong>angeboten, um Ihnen den Aufenthalt so angenehm wie m\u00f6glich zu gestalten.<\/p>\n\n\n\n<p class=\"ls-paragraph\">Sportler k\u00f6nnen sich bei der Wassergymnastik im Aquabereich fit halten. Ein <strong>Multisportplatz<\/strong> ist ebenfalls f\u00fcr alle G\u00e4ste zug\u00e4nglich. Der Fitnessraum der Einrichtung ist in der Hochsaison* ge\u00f6ffnet. F\u00fcr Ihre Entspannungsmomente begeben Sie sich in den Wellnessbereich des Anwesens.<\/p>\n\n\n\n<p class=\"ls-paragraph\">Um Qualit\u00e4tsmomente mit der Familie zu verbringen, stehen Ihnen <strong>eine Minigolfanlage<\/strong>, ein <strong>Boulodrome<\/strong> und<strong> Tischtennisplatten<\/strong> zur Verf\u00fcgung. Ein <strong>gro\u00dfer Garten und ein Kinderspielplatz <\/strong>befinden sich ebenfalls auf dem Gel\u00e4nde.<\/p>\n\n\n\n<p class=\"ls-paragraph\">Sie k\u00f6nnen ein Fahrrad mieten, um die D\u00f6rfer und Str\u00e4nde am Ozean in der N\u00e4he des Campingplatzes zu erkunden. Sie k\u00f6nnen auch den Hafen von Royan besuchen, den Sie mit dem Boot von Le Verdon-sur-Mer aus erreichen k\u00f6nnen, das nur 15 Minuten von der Unterkunft entfernt liegt.<\/p>\n<\/div>\n<\/div>\n\n\r\n    <\/div>\r\n<\/section><section id=\"ls-section-block_f7fe9dab15be479743782658253b89a5\" class=\"ls-section  page-one\" >\r\n        <div class=\"container container--wide\">\r\n        \n\n<div class=\"wp-block-columns is-layout-flex wp-container-core-columns-is-layout-9d6595d7 wp-block-columns-is-layout-flex\">\n<div class=\"wp-block-column is-vertically-aligned-center is-layout-flow wp-block-column-is-layout-flow\" style=\"flex-basis:33.33%\">\n<h2 class=\"ls__heading wp-block-heading deco\">Club <em>f\u00fcr Kinder<\/em><\/h2>\n\n\n\n<p class=\"ls-paragraph\">Damit Ihre Kinder unvergessliche Urlaubserinnerungen schaffen k\u00f6nnen, <strong>empf\u00e4ngt<\/strong> der <strong>Mizzy Club<\/strong> des Campingplatzes <strong>Kleinkinder von 4 bis 12 Jahren<\/strong> und bietet ihnen spielerische Animationen. Der Club wird von <strong>professionellen Animateuren<\/strong> betreut und organisiert Aktivit\u00e4ten und Workshops, die auf jede Altersgruppe zugeschnitten sind.<\/p>\n\n\n\n<p class=\"ls-paragraph\">F\u00fcr die \u00e4lteren Kinder gibt es in den Sommerferien auch ein Programm f\u00fcr <strong>13- bis 17-J\u00e4hrige<\/strong>, das von den <strong>Betreuern des Teenagerclubs<\/strong> ausgearbeitet wird.<\/p>\n<\/div>\n\n\n\n<div class=\"wp-block-column is-layout-flow wp-block-column-is-layout-flow\" style=\"flex-basis:66.66%\">\n<figure class=\"wp-block-image size-full\"><img decoding=\"async\" width=\"2000\" height=\"1333\" src=\"https:\/\/www.domainelescarrelets.com\/wp-content\/uploads\/2023\/10\/terrain-de-basket.webp\" alt=\"Basketballplatz\" class=\"wp-image-282\" srcset=\"https:\/\/www.domainelescarrelets.com\/wp-content\/uploads\/2023\/10\/terrain-de-basket.webp 2000w, https:\/\/www.domainelescarrelets.com\/wp-content\/uploads\/2023\/10\/terrain-de-basket-300x200.webp 300w, https:\/\/www.domainelescarrelets.com\/wp-content\/uploads\/2023\/10\/terrain-de-basket-1024x682.webp 1024w, https:\/\/www.domainelescarrelets.com\/wp-content\/uploads\/2023\/10\/terrain-de-basket-768x512.webp 768w, https:\/\/www.domainelescarrelets.com\/wp-content\/uploads\/2023\/10\/terrain-de-basket-1536x1024.webp 1536w\" sizes=\"(max-width: 2000px) 100vw, 2000px\" \/><\/figure>\n<\/div>\n<\/div>\n\n\r\n    <\/div>\r\n<\/section><section id=\"ls-section-block_6cd280abb29a3960a4b99e8f02a97f57\" class=\"ls-section  page-three has-background has-color-4-background-color has-p-t p-t-14 has-p-b p-b-14\" >\r\n        <div class=\"container container--wide\">\r\n        \n\n<div class=\"wp-block-columns is-layout-flex wp-container-core-columns-is-layout-9d6595d7 wp-block-columns-is-layout-flex\">\n<div class=\"wp-block-column is-layout-flow wp-block-column-is-layout-flow\">\n<h2 class=\"ls__heading wp-block-heading has-text-align-center\">Die Dienste<\/h2>\n\n\n\n<p class=\"ls-paragraph has-text-align-center\">Das Team der Domaine Les Carrelets empf\u00e4ngt Sie mit<strong> Freude und guter Laune<\/strong> und steht Ihnen jederzeit zur Verf\u00fcgung, um Ihren Aufenthalt auf unserem Campingplatz in Soulac-sur-Mer zu einem unvergesslichen Erlebnis zu machen. Wir bieten Ihnen w\u00e4hrend Ihres gesamten Urlaubs Leistungen und Services, die einem <strong>5-Sterne-Campingplatz<\/strong> gerecht werden.<\/p>\n\n\n\n<p class=\"ls-paragraph has-text-align-center\">Die<strong> Reinigungspauschale<\/strong> wird bei der Anmietung der Unterkunft angeboten, damit Sie sich w\u00e4hrend Ihres Aufenthalts um nichts k\u00fcmmern m\u00fcssen. Wir verf\u00fcgen au\u00dferdem \u00fcber einen <strong>Waschsalon<\/strong>, der t\u00e4glich ge\u00f6ffnet ist und von allen G\u00e4sten der Einrichtung genutzt werden kann. Es ist auch m\u00f6glich, Bettw\u00e4sche und Babyausstattung zu mieten, um Ihren Komfort zu gew\u00e4hrleisten.<\/p>\n<\/div>\n<\/div>\n\n\r\n    <\/div>\r\n<\/section><section id=\"ls-section-block_f9020fdbbe0fe93382051bbe127a48be\" class=\"ls-section  page-one has-p-t p-t-14 has-p-b p-b-14\" >\r\n        <div class=\"container container--wide\">\r\n        \n\n<div class=\"wp-block-columns is-layout-flex wp-container-core-columns-is-layout-9d6595d7 wp-block-columns-is-layout-flex\">\n<div class=\"wp-block-column first is-layout-flow wp-block-column-is-layout-flow\" style=\"flex-basis:66.66%\">\n<figure class=\"wp-block-gallery has-nested-images columns-default is-cropped gallery-slider wp-block-gallery-3 is-layout-flex wp-block-gallery-is-layout-flex\">\n<figure class=\"wp-block-image size-full\"><a href=\"https:\/\/www.domainelescarrelets.com\/wp-content\/uploads\/2023\/10\/restaurant-les-carrelets.webp\"><img decoding=\"async\" width=\"2000\" height=\"1333\" data-id=\"978\" src=\"https:\/\/www.domainelescarrelets.com\/wp-content\/uploads\/2023\/10\/restaurant-les-carrelets.webp\" alt=\"restaurant les carrelets\" class=\"wp-image-978\" srcset=\"https:\/\/www.domainelescarrelets.com\/wp-content\/uploads\/2023\/10\/restaurant-les-carrelets.webp 2000w, https:\/\/www.domainelescarrelets.com\/wp-content\/uploads\/2023\/10\/restaurant-les-carrelets-300x200.webp 300w, https:\/\/www.domainelescarrelets.com\/wp-content\/uploads\/2023\/10\/restaurant-les-carrelets-1024x682.webp 1024w, https:\/\/www.domainelescarrelets.com\/wp-content\/uploads\/2023\/10\/restaurant-les-carrelets-768x512.webp 768w, https:\/\/www.domainelescarrelets.com\/wp-content\/uploads\/2023\/10\/restaurant-les-carrelets-1536x1024.webp 1536w\" sizes=\"(max-width: 2000px) 100vw, 2000px\" \/><\/a><\/figure>\n\n\n\n<figure class=\"wp-block-image size-full\"><a href=\"https:\/\/www.domainelescarrelets.com\/wp-content\/uploads\/2023\/10\/salade-de-fruits-frais-scaled.webp\"><img decoding=\"async\" width=\"1707\" height=\"2560\" data-id=\"998\" src=\"https:\/\/www.domainelescarrelets.com\/wp-content\/uploads\/2023\/10\/salade-de-fruits-frais-scaled.webp\" alt=\"frischer Obstsalat\" class=\"wp-image-998\" srcset=\"https:\/\/www.domainelescarrelets.com\/wp-content\/uploads\/2023\/10\/salade-de-fruits-frais-scaled.webp 1707w, https:\/\/www.domainelescarrelets.com\/wp-content\/uploads\/2023\/10\/salade-de-fruits-frais-200x300.webp 200w, https:\/\/www.domainelescarrelets.com\/wp-content\/uploads\/2023\/10\/salade-de-fruits-frais-683x1024.webp 683w, https:\/\/www.domainelescarrelets.com\/wp-content\/uploads\/2023\/10\/salade-de-fruits-frais-768x1152.webp 768w, https:\/\/www.domainelescarrelets.com\/wp-content\/uploads\/2023\/10\/salade-de-fruits-frais-1024x1536.webp 1024w, https:\/\/www.domainelescarrelets.com\/wp-content\/uploads\/2023\/10\/salade-de-fruits-frais-1365x2048.webp 1365w\" sizes=\"(max-width: 1707px) 100vw, 1707px\" \/><\/a><\/figure>\n<\/figure>\n<\/div>\n\n\n\n<div class=\"wp-block-column is-vertically-aligned-center second is-layout-flow wp-block-column-is-layout-flow\" style=\"flex-basis:33.33%\">\n<h2 class=\"ls__heading wp-block-heading deco\">Das Restaurant Les Carrelets in Soulac<\/h2>\n\n\n\n<p class=\"ls-paragraph\">Das <a href=\"https:\/\/www.domainelescarrelets.com\/de\/verpflegung-soulac-sur-mer\/\">Restaurant des Carrelets<\/a><strong> <\/strong>bietet Ihnen eine <strong>originelle und abwechslungsreiche Speisekarte<\/strong>, auf der Sie die kulinarischen Spezialit\u00e4ten der Region entdecken k\u00f6nnen. Unser K\u00fcchenchef und seine Brigade bereiten Ihnen liebevoll zubereitete Mahlzeiten zu, bei denen die <strong>von lokalen Erzeugern angebauten Produkte<\/strong> im Vordergrund stehen.<\/p>\n\n\n\n<p class=\"ls-paragraph\">Das Restaurant des Carrelets ist <strong>im Juli und August von 12 Uhr mittags bis Mitternacht ge\u00f6ffnet<\/strong>. Es ist m\u00f6glich, Ihre Mahlzeiten zu bestellen, die Sie dann vor Ort genie\u00dfen k\u00f6nnen.<\/p>\n<\/div>\n<\/div>\n\n\r\n    <\/div>\r\n<\/section><section id=\"ls-section-block_2d249ce773b4fd54bb4ef023dc36de82\" class=\"ls-section  page-avis has-p-t p-t-14 has-p-b p-b-14\" >\r\n        <div class=\"container container--wide\">\r\n        \n\n<div id=\"ls-heading ls-titre-div-block_012484f585164f4a9d471e9ac7574f64\" class=\"ls-titre-div aligncenter h2-like\" >\n    Was denken unsere G\u00e4ste <\/br><em>\u00fcber Luxush\u00fctten?<\/em><\/div>\n\n\n<div class=\"avis-container-pages\"><div class=\"avis\"><div class=\"avis-note-wrapper\"><span class=\"avis-note\">5\/5<\/span><\/div><div class=\"avis-user\"><div class=\"avis-content\"><p>Sehr angenehmer Aufenthalt, herzlicher und gut gepflegter Campingplatz.<br \/>\nBesondere Erw\u00e4hnung verdienen die Luxush\u00fctten. Sehr gute Leistungen.<\/p>\n<\/div><div class=\"avis-name\">Jean-Fran\u00e7ois - August 2023<\/div><\/div><\/div><div class=\"avis\"><div class=\"avis-note-wrapper\"><span class=\"avis-note\">5\/5<\/span><\/div><div class=\"avis-user\"><div class=\"avis-content\"><p>Die Luxush\u00fctte f\u00fcr 6 Personen ist gut eingerichtet und sauber. Die Terrasse ist mit ihren Liegest\u00fchlen und dem Whirlpool sehr angenehm. Es gibt zwei Fahrr\u00e4der, die mit der Vermietung verf\u00fcgbar sind und die Betten sind bei der Ankunft gemacht.<\/p>\n<\/div><div class=\"avis-name\">Sabine - August 2023<\/div><\/div><\/div><div class=\"avis\"><div class=\"avis-note-wrapper\"><span class=\"avis-note\">5\/5<\/span><\/div><div class=\"avis-user\"><div class=\"avis-content\"><p>Wir haben zum zweiten Mal einen angenehmen Familienaufenthalt in einer Luxush\u00fctte verbracht. Das Mobilheim ist gut aufgeteilt, sauber und gut ausgestattet. Die \u00e4u\u00dfere Umgebung ist ansprechend und es wird alles getan, um die Privatsph\u00e4re jedes Einzelnen zu respektieren. Fahrr\u00e4der waren in der Miete inbegriffen, top f\u00fcr Ausfl\u00fcge mit der Familie. Das Team ist top und reaktionsschnell.<\/p>\n<\/div><div class=\"avis-name\">Alexandra - August 2023<\/div><\/div><\/div><\/div>\n\n\r\n    <\/div>\r\n<\/section>","protected":false},"excerpt":{"rendered":"","protected":false},"author":1,"featured_media":6599,"parent":6779,"menu_order":0,"comment_status":"closed","ping_status":"closed","template":"searchstay.php","meta":{"_acf_changed":false,"inline_featured_image":false,"footnotes":""},"sujet":[],"class_list":["post-6795","page","type-page","status-publish","has-post-thumbnail","hentry"],"acf":[],"yoast_head":"<!-- This site is optimized with the Yoast SEO plugin v24.5 - https:\/\/yoast.com\/wordpress\/plugins\/seo\/ -->\n<title>Luxus-H\u00fctte: Vermietung einer Luxus-H\u00fctte in Soulac-sur-Mer in der Gironde<\/title>\n<meta name=\"robots\" content=\"index, follow, max-snippet:-1, max-image-preview:large, max-video-preview:-1\" \/>\n<link rel=\"canonical\" href=\"https:\/\/www.domainelescarrelets.com\/de\/vermietung-soulac-sur-mer\/vermietung-kabinen-luxus\/\" \/>\n<meta property=\"og:locale\" content=\"de_DE\" \/>\n<meta property=\"og:type\" content=\"article\" \/>\n<meta property=\"og:title\" content=\"Luxus-H\u00fctte: Vermietung einer Luxus-H\u00fctte in Soulac-sur-Mer in der Gironde\" \/>\n<meta property=\"og:url\" content=\"https:\/\/www.domainelescarrelets.com\/de\/vermietung-soulac-sur-mer\/vermietung-kabinen-luxus\/\" \/>\n<meta property=\"og:site_name\" content=\"Domaine Les Carrelets de Soulac\" \/>\n<meta property=\"article:modified_time\" content=\"2023-10-27T08:09:02+00:00\" \/>\n<meta property=\"og:image\" content=\"https:\/\/www.domainelescarrelets.com\/wp-content\/uploads\/2023\/10\/louer-cabane-luxe-soulac-sur-mer-3.webp\" \/>\n\t<meta property=\"og:image:width\" content=\"1500\" \/>\n\t<meta property=\"og:image:height\" content=\"998\" \/>\n\t<meta property=\"og:image:type\" content=\"image\/webp\" \/>\n<meta name=\"twitter:card\" content=\"summary_large_image\" \/>\n<meta name=\"twitter:label1\" content=\"Gesch\u00e4tzte Lesezeit\" \/>\n\t<meta name=\"twitter:data1\" content=\"6\u00a0Minuten\" \/>\n<script type=\"application\/ld+json\" class=\"yoast-schema-graph\">{\"@context\":\"https:\/\/schema.org\",\"@graph\":[{\"@type\":\"WebPage\",\"@id\":\"https:\/\/www.domainelescarrelets.com\/de\/vermietung-soulac-sur-mer\/vermietung-kabinen-luxus\/\",\"url\":\"https:\/\/www.domainelescarrelets.com\/de\/vermietung-soulac-sur-mer\/vermietung-kabinen-luxus\/\",\"name\":\"Luxus-H\u00fctte: Vermietung einer Luxus-H\u00fctte in Soulac-sur-Mer in der Gironde\",\"isPartOf\":{\"@id\":\"https:\/\/www.domainelescarrelets.com\/de\/#website\"},\"primaryImageOfPage\":{\"@id\":\"https:\/\/www.domainelescarrelets.com\/de\/vermietung-soulac-sur-mer\/vermietung-kabinen-luxus\/#primaryimage\"},\"image\":{\"@id\":\"https:\/\/www.domainelescarrelets.com\/de\/vermietung-soulac-sur-mer\/vermietung-kabinen-luxus\/#primaryimage\"},\"thumbnailUrl\":\"https:\/\/www.domainelescarrelets.com\/wp-content\/uploads\/2023\/10\/louer-cabane-luxe-soulac-sur-mer-3.webp\",\"datePublished\":\"2023-10-10T14:07:52+00:00\",\"dateModified\":\"2023-10-27T08:09:02+00:00\",\"breadcrumb\":{\"@id\":\"https:\/\/www.domainelescarrelets.com\/de\/vermietung-soulac-sur-mer\/vermietung-kabinen-luxus\/#breadcrumb\"},\"inLanguage\":\"de\",\"potentialAction\":[{\"@type\":\"ReadAction\",\"target\":[\"https:\/\/www.domainelescarrelets.com\/de\/vermietung-soulac-sur-mer\/vermietung-kabinen-luxus\/\"]}]},{\"@type\":\"ImageObject\",\"inLanguage\":\"de\",\"@id\":\"https:\/\/www.domainelescarrelets.com\/de\/vermietung-soulac-sur-mer\/vermietung-kabinen-luxus\/#primaryimage\",\"url\":\"https:\/\/www.domainelescarrelets.com\/wp-content\/uploads\/2023\/10\/louer-cabane-luxe-soulac-sur-mer-3.webp\",\"contentUrl\":\"https:\/\/www.domainelescarrelets.com\/wp-content\/uploads\/2023\/10\/louer-cabane-luxe-soulac-sur-mer-3.webp\",\"width\":1500,\"height\":998,\"caption\":\"mieten luxush\u00fctte soulac sur mer\"},{\"@type\":\"BreadcrumbList\",\"@id\":\"https:\/\/www.domainelescarrelets.com\/de\/vermietung-soulac-sur-mer\/vermietung-kabinen-luxus\/#breadcrumb\",\"itemListElement\":[{\"@type\":\"ListItem\",\"position\":1,\"name\":\"Camping Soulac-sur-Mer\",\"item\":\"https:\/\/www.domainelescarrelets.com\/de\/\"},{\"@type\":\"ListItem\",\"position\":2,\"name\":\"Alle unsere Unterk\u00fcnfte\",\"item\":\"https:\/\/www.domainelescarrelets.com\/de\/vermietung-soulac-sur-mer\/\"},{\"@type\":\"ListItem\",\"position\":3,\"name\":\"Premium\"}]},{\"@type\":\"WebSite\",\"@id\":\"https:\/\/www.domainelescarrelets.com\/de\/#website\",\"url\":\"https:\/\/www.domainelescarrelets.com\/de\/\",\"name\":\"Domaine Les Carrelets de Soulac\",\"description\":\"\",\"publisher\":{\"@id\":\"https:\/\/www.domainelescarrelets.com\/de\/#organization\"},\"potentialAction\":[{\"@type\":\"SearchAction\",\"target\":{\"@type\":\"EntryPoint\",\"urlTemplate\":\"https:\/\/www.domainelescarrelets.com\/de\/?s={search_term_string}\"},\"query-input\":{\"@type\":\"PropertyValueSpecification\",\"valueRequired\":true,\"valueName\":\"search_term_string\"}}],\"inLanguage\":\"de\"},{\"@type\":\"Organization\",\"@id\":\"https:\/\/www.domainelescarrelets.com\/de\/#organization\",\"name\":\"Domaine Les Carrelets de Soulac\",\"url\":\"https:\/\/www.domainelescarrelets.com\/de\/\",\"logo\":{\"@type\":\"ImageObject\",\"inLanguage\":\"de\",\"@id\":\"https:\/\/www.domainelescarrelets.com\/de\/#\/schema\/logo\/image\/\",\"url\":\"https:\/\/www.domainelescarrelets.com\/wp-content\/uploads\/2023\/10\/cropped-cropped-les-carrelets-soulac.webp\",\"contentUrl\":\"https:\/\/www.domainelescarrelets.com\/wp-content\/uploads\/2023\/10\/cropped-cropped-les-carrelets-soulac.webp\",\"width\":490,\"height\":175,\"caption\":\"Domaine Les Carrelets de Soulac\"},\"image\":{\"@id\":\"https:\/\/www.domainelescarrelets.com\/de\/#\/schema\/logo\/image\/\"}}]}<\/script>\n<!-- \/ Yoast SEO plugin. -->","yoast_head_json":{"title":"Luxus-H\u00fctte: Vermietung einer Luxus-H\u00fctte in Soulac-sur-Mer in der Gironde","robots":{"index":"index","follow":"follow","max-snippet":"max-snippet:-1","max-image-preview":"max-image-preview:large","max-video-preview":"max-video-preview:-1"},"canonical":"https:\/\/www.domainelescarrelets.com\/de\/vermietung-soulac-sur-mer\/vermietung-kabinen-luxus\/","og_locale":"de_DE","og_type":"article","og_title":"Luxus-H\u00fctte: Vermietung einer Luxus-H\u00fctte in Soulac-sur-Mer in der Gironde","og_url":"https:\/\/www.domainelescarrelets.com\/de\/vermietung-soulac-sur-mer\/vermietung-kabinen-luxus\/","og_site_name":"Domaine Les Carrelets de Soulac","article_modified_time":"2023-10-27T08:09:02+00:00","og_image":[{"width":1500,"height":998,"url":"https:\/\/www.domainelescarrelets.com\/wp-content\/uploads\/2023\/10\/louer-cabane-luxe-soulac-sur-mer-3.webp","type":"image\/webp"}],"twitter_card":"summary_large_image","twitter_misc":{"Gesch\u00e4tzte Lesezeit":"6\u00a0Minuten"},"schema":{"@context":"https:\/\/schema.org","@graph":[{"@type":"WebPage","@id":"https:\/\/www.domainelescarrelets.com\/de\/vermietung-soulac-sur-mer\/vermietung-kabinen-luxus\/","url":"https:\/\/www.domainelescarrelets.com\/de\/vermietung-soulac-sur-mer\/vermietung-kabinen-luxus\/","name":"Luxus-H\u00fctte: Vermietung einer Luxus-H\u00fctte in Soulac-sur-Mer in der Gironde","isPartOf":{"@id":"https:\/\/www.domainelescarrelets.com\/de\/#website"},"primaryImageOfPage":{"@id":"https:\/\/www.domainelescarrelets.com\/de\/vermietung-soulac-sur-mer\/vermietung-kabinen-luxus\/#primaryimage"},"image":{"@id":"https:\/\/www.domainelescarrelets.com\/de\/vermietung-soulac-sur-mer\/vermietung-kabinen-luxus\/#primaryimage"},"thumbnailUrl":"https:\/\/www.domainelescarrelets.com\/wp-content\/uploads\/2023\/10\/louer-cabane-luxe-soulac-sur-mer-3.webp","datePublished":"2023-10-10T14:07:52+00:00","dateModified":"2023-10-27T08:09:02+00:00","breadcrumb":{"@id":"https:\/\/www.domainelescarrelets.com\/de\/vermietung-soulac-sur-mer\/vermietung-kabinen-luxus\/#breadcrumb"},"inLanguage":"de","potentialAction":[{"@type":"ReadAction","target":["https:\/\/www.domainelescarrelets.com\/de\/vermietung-soulac-sur-mer\/vermietung-kabinen-luxus\/"]}]},{"@type":"ImageObject","inLanguage":"de","@id":"https:\/\/www.domainelescarrelets.com\/de\/vermietung-soulac-sur-mer\/vermietung-kabinen-luxus\/#primaryimage","url":"https:\/\/www.domainelescarrelets.com\/wp-content\/uploads\/2023\/10\/louer-cabane-luxe-soulac-sur-mer-3.webp","contentUrl":"https:\/\/www.domainelescarrelets.com\/wp-content\/uploads\/2023\/10\/louer-cabane-luxe-soulac-sur-mer-3.webp","width":1500,"height":998,"caption":"mieten luxush\u00fctte soulac sur mer"},{"@type":"BreadcrumbList","@id":"https:\/\/www.domainelescarrelets.com\/de\/vermietung-soulac-sur-mer\/vermietung-kabinen-luxus\/#breadcrumb","itemListElement":[{"@type":"ListItem","position":1,"name":"Camping Soulac-sur-Mer","item":"https:\/\/www.domainelescarrelets.com\/de\/"},{"@type":"ListItem","position":2,"name":"Alle unsere Unterk\u00fcnfte","item":"https:\/\/www.domainelescarrelets.com\/de\/vermietung-soulac-sur-mer\/"},{"@type":"ListItem","position":3,"name":"Premium"}]},{"@type":"WebSite","@id":"https:\/\/www.domainelescarrelets.com\/de\/#website","url":"https:\/\/www.domainelescarrelets.com\/de\/","name":"Domaine Les Carrelets de Soulac","description":"","publisher":{"@id":"https:\/\/www.domainelescarrelets.com\/de\/#organization"},"potentialAction":[{"@type":"SearchAction","target":{"@type":"EntryPoint","urlTemplate":"https:\/\/www.domainelescarrelets.com\/de\/?s={search_term_string}"},"query-input":{"@type":"PropertyValueSpecification","valueRequired":true,"valueName":"search_term_string"}}],"inLanguage":"de"},{"@type":"Organization","@id":"https:\/\/www.domainelescarrelets.com\/de\/#organization","name":"Domaine Les Carrelets de Soulac","url":"https:\/\/www.domainelescarrelets.com\/de\/","logo":{"@type":"ImageObject","inLanguage":"de","@id":"https:\/\/www.domainelescarrelets.com\/de\/#\/schema\/logo\/image\/","url":"https:\/\/www.domainelescarrelets.com\/wp-content\/uploads\/2023\/10\/cropped-cropped-les-carrelets-soulac.webp","contentUrl":"https:\/\/www.domainelescarrelets.com\/wp-content\/uploads\/2023\/10\/cropped-cropped-les-carrelets-soulac.webp","width":490,"height":175,"caption":"Domaine Les Carrelets de Soulac"},"image":{"@id":"https:\/\/www.domainelescarrelets.com\/de\/#\/schema\/logo\/image\/"}}]}},"_links":{"self":[{"href":"https:\/\/www.domainelescarrelets.com\/de\/wp-json\/wp\/v2\/pages\/6795","targetHints":{"allow":["GET"]}}],"collection":[{"href":"https:\/\/www.domainelescarrelets.com\/de\/wp-json\/wp\/v2\/pages"}],"about":[{"href":"https:\/\/www.domainelescarrelets.com\/de\/wp-json\/wp\/v2\/types\/page"}],"author":[{"embeddable":true,"href":"https:\/\/www.domainelescarrelets.com\/de\/wp-json\/wp\/v2\/users\/1"}],"replies":[{"embeddable":true,"href":"https:\/\/www.domainelescarrelets.com\/de\/wp-json\/wp\/v2\/comments?post=6795"}],"version-history":[{"count":12,"href":"https:\/\/www.domainelescarrelets.com\/de\/wp-json\/wp\/v2\/pages\/6795\/revisions"}],"predecessor-version":[{"id":7755,"href":"https:\/\/www.domainelescarrelets.com\/de\/wp-json\/wp\/v2\/pages\/6795\/revisions\/7755"}],"up":[{"embeddable":true,"href":"https:\/\/www.domainelescarrelets.com\/de\/wp-json\/wp\/v2\/pages\/6779"}],"wp:featuredmedia":[{"embeddable":true,"href":"https:\/\/www.domainelescarrelets.com\/de\/wp-json\/wp\/v2\/media\/6599"}],"wp:attachment":[{"href":"https:\/\/www.domainelescarrelets.com\/de\/wp-json\/wp\/v2\/media?parent=6795"}],"wp:term":[{"taxonomy":"sujet","embeddable":true,"href":"https:\/\/www.domainelescarrelets.com\/de\/wp-json\/wp\/v2\/sujet?post=6795"}],"curies":[{"name":"wp","href":"https:\/\/api.w.org\/{rel}","templated":true}]}}