{"id":6850,"date":"2023-10-10T16:07:39","date_gmt":"2023-10-10T14:07:39","guid":{"rendered":"https:\/\/www.domainelescarrelets.com\/vermietung-soulac-sur-mer\/vermietung-mobil-home-soulac-sur-mer\/"},"modified":"2023-10-24T13:51:04","modified_gmt":"2023-10-24T11:51:04","slug":"vermietung-mobil-home-soulac-sur-mer","status":"publish","type":"page","link":"https:\/\/www.domainelescarrelets.com\/de\/vermietung-soulac-sur-mer\/vermietung-mobil-home-soulac-sur-mer\/","title":{"rendered":"Mobilheime"},"content":{"rendered":"<section id=\"ls-section-block_c644aa37ea1778ffe99babc1c33a197d\" class=\"ls-section  page-intro has-p-b p-b-0\" >\r\n        <div class=\"container \">\r\n        \n\n<div class=\"wp-block-columns is-layout-flex wp-container-core-columns-is-layout-9d6595d7 wp-block-columns-is-layout-flex\">\n<div class=\"wp-block-column is-layout-flow wp-block-column-is-layout-flow\">\n<h1 class=\"ls__heading wp-block-heading has-text-align-center\">Unsere Mobilheime zur Miete in Soulac-sur-Mer<\/h1>\n\n\n\n<p class=\"ls-paragraph has-text-align-center\">Unser Campingplatz bietet Ihnen eine gro\u00dfe Auswahl an <a href=\"https:\/\/www.domainelescarrelets.com\/de\/vermietung-soulac-sur-mer\/\">Mietunterk\u00fcnften in Soulac-sur-Mer<\/a>. Insgesamt bietet es Ihnen die M\u00f6glichkeit, zwischen <strong>drei verschiedenen Arten von Mobilheimen<\/strong> <strong>zu<\/strong> w\u00e4hlen, die Sie <strong>in der Gironde mieten<\/strong> k\u00f6nnen.<\/p>\n\n\n\n<p class=\"ls-paragraph has-text-align-center\">Die <strong>Mobilheime<\/strong>, die Sie mieten k\u00f6nnen, <strong>sind alle klimatisiert<\/strong>, sodass Sie k\u00fchle N\u00e4chte haben werden.<\/p>\n<\/div>\n<\/div>\n\n\r\n    <\/div>\r\n<\/section>\n<div class=\"wp-block-columns is-layout-flex wp-container-core-columns-is-layout-9d6595d7 wp-block-columns-is-layout-flex\">\n<div class=\"wp-block-column is-layout-flow wp-block-column-is-layout-flow\" style=\"flex-basis:100%\"><section id=\"ls-section-block_b142e88b106d97f3407b5e5f0d6e52ce\" class=\"ls-section  home-hebergements page has-m-t m-t-8 has-p-t p-t-0 has-p-b p-b-0\" >\r\n        <div class=\"container container--full\">\r\n        \n\n<h2 class=\"ls__heading wp-block-heading has-text-align-center m-b-0\">Suche nach Sortiment  <br\/><em>Ihre Ferienvermietung in Soulac-sur-Mer<\/em><\/h2>\n\n\n\n<div style=\"height:50px\" aria-hidden=\"true\" class=\"wp-block-spacer\"><\/div>\n\n\n<div id=\"slider\" class=\"ls-maillage cta-style-normal\" data-rows=\"3\">\n    <div class=\"wp-block-columns\"><div class=\"wp-block-column\"><div class=\"ls-cta hebergements classiques animated fadeIn delay-100ms slow\">\n\n<a href=\"https:\/\/www.domainelescarrelets.com\/de\/vermietung-soulac-sur-mer\/bereich-3-blumen\/\" target=\"\" rel=\"noopener\" class=\"ls-cta__link\">\n\n\t<div class=\"ls-cta__image\"><img decoding=\"async\" src=\"https:\/\/www.domainelescarrelets.com\/wp-content\/uploads\/2023\/10\/location-mobil-home-soulac-1.webp\" alt=\"location mobil home soulac\"><\/div>\n\t<div class=\"ls-cta__title\">\n\t\tDie Standards\t<\/div>\n\t<div class=\"ls-button ls-button--cta\"><span>Entdecken Sie<\/span><i class='oreades-right-arrow'><\/i><\/div>\n\n\t\t\t<div class=\"ls-cta__description\">\n\t\t\t<p style=\"text-align: center;\"><strong>Die Ausr\u00fcstung :<\/strong><\/p>\n<ul>\n<li style=\"text-align: left;\">A TV<\/li>\n<li style=\"text-align: left;\">Umkehrbare Klimatisierung<\/li>\n<li style=\"text-align: left;\">1 klassische Kaffeemaschine<\/li>\n<li style=\"text-align: left;\">2 Sonnenliegen<\/li>\n<\/ul>\n<p class=\"subtitle\" style=\"text-align: center;\">Die  Standards<\/p>\n<p class=\"subtitle-image\" style=\"text-align: center;\"><img decoding=\"async\" class=\"alignnone size-medium wp-image-1811\" title=\"3-fleurs-plus\" src=\"\/wp-content\/uploads\/2023\/10\/3-fleurs-plus.svg\" alt=\"3 fleurs plus\" width=\"150\" height=\"150\" \/><\/p>\n<ul>\n<li style=\"text-align: left;\">Ein zweites Badezimmer und WC<\/li>\n<li style=\"text-align: left;\">Ein Geschirrsp\u00fcler<\/li>\n<\/ul>\n\t\t\n\t\t<\/div>\n\t\n\t\t\t<div class=\"ls-cta__price\">\n\t\t\tab <span>45 \u20ac\/Nacht<\/span>\t\t<\/div>\n\t\t\n<\/a>\n\n\n<\/div><\/div><div class=\"wp-block-column\"><div class=\"ls-cta hebergements insolites animated fadeIn delay-200ms slow\">\n\n<a href=\"https:\/\/www.domainelescarrelets.com\/de\/vermietung-soulac-sur-mer\/bereich-4-blumen\/\" target=\"\" rel=\"noopener\" class=\"ls-cta__link\">\n\n\t<div class=\"ls-cta__image\"><img decoding=\"async\" src=\"https:\/\/www.domainelescarrelets.com\/wp-content\/uploads\/2023\/10\/louer-mobil-home-soulac.webp\" alt=\"mieten mobilheim soulac\"><\/div>\n\t<div class=\"ls-cta__title\">\n\t\tDie Privilegien\t<\/div>\n\t<div class=\"ls-button ls-button--cta\"><span>Entdecken Sie<\/span><i class='oreades-right-arrow'><\/i><\/div>\n\n\t\t\t<div class=\"ls-cta__description\">\n\t\t\t<p class=\"title\" style=\"text-align: center;\"><strong>Die gesamte Ausr\u00fcstung <\/strong><img decoding=\"async\" loading=\"lazy\" class=\"alignnone size-medium wp-image-1811\" title=\"3-fleurs-plus\" src=\"\/wp-content\/uploads\/2023\/10\/3-fleurs-plus.svg\" alt=\"3 fleurs plus\" width=\"150\" height=\"150\" \/><\/p>\n<p class=\"plus\"><span style=\"color: #ffff00;\">+<\/span><\/p>\n<ul>\n<li style=\"text-align: left;\">Eine Bratpfanne und ihre Gasflasche<\/li>\n<li style=\"text-align: left;\">1 Toaster und 1 Wasserkocher<\/li>\n<li style=\"text-align: left;\">1 Nespresso-Kaffeemaschine<\/li>\n<li style=\"text-align: left;\">Bettw\u00e4sche und Handt\u00fccher werden gestellt<\/li>\n<li style=\"text-align: left;\">Bett f\u00fcr Erwachsene 160 x 200cm<\/li>\n<li style=\"text-align: left;\">Ein ger\u00e4umigeres und qualitativ hochwertigeres Mobilheim<\/li>\n<\/ul>\n\t\t\n\t\t<\/div>\n\t\n\t\t\t<div class=\"ls-cta__price\">\n\t\t\tab <span>58 \u20ac\/Nacht<\/span>\t\t<\/div>\n\t\t\n<\/a>\n\n\n<\/div><\/div><div class=\"wp-block-column\"><div class=\"ls-cta hebergements premium animated fadeIn delay-500ms slow\">\n\n<a href=\"https:\/\/www.domainelescarrelets.com\/de\/vermietung-soulac-sur-mer\/vermietung-kabinen-luxus\/\" target=\"\" rel=\"noopener\" class=\"ls-cta__link\">\n\n\t<div class=\"ls-cta__image\"><img decoding=\"async\" src=\"https:\/\/www.domainelescarrelets.com\/wp-content\/uploads\/2023\/10\/louer-mobil-home-spa-soulac.webp\" alt=\"louer mobil home spa soulac\"><\/div>\n\t<div class=\"ls-cta__title\">\n\t\tDie Luxusg\u00fcter\n\t<\/div>\n\t<div class=\"ls-button ls-button--cta\"><span>Entdecken Sie<\/span><i class='oreades-right-arrow'><\/i><\/div>\n\n\t\t\t<div class=\"ls-cta__description\">\n\t\t\t<p class=\"title\" style=\"text-align: center;\"><strong>Die gesamte Ausr\u00fcstung <\/strong><img decoding=\"async\" loading=\"lazy\" class=\"alignnone size-medium wp-image-1836\" title=\"4-etoiles\" src=\"\/wp-content\/uploads\/2023\/10\/4-etoiles.svg\" alt=\"4 fleurs\" width=\"100\" height=\"100\" \/><\/p>\n<p class=\"plus\"><span style=\"color: #ffff00;\">+<\/span><\/p>\n<ul>\n<li style=\"text-align: left;\">Atypische Dekoration<\/li>\n<li style=\"text-align: left;\">Eine Reinigungsgeb\u00fchr am Ende Ihres Aufenthalts<\/li>\n<li style=\"text-align: left;\">Kostenlose WIFI-Verbindung<\/li>\n<li style=\"text-align: left;\">Ein privater Whirlpool mit 5 Pl\u00e4tzen<\/li>\n<li style=\"text-align: left;\">In einer Fu\u00dfg\u00e4ngerzone<\/li>\n<\/ul>\t\t\n\t\t<\/div>\n\t\n\t\t\t<div class=\"ls-cta__price\">\n\t\t\tab <span>81 \u20ac\/Nacht<\/span>\t\t<\/div>\n\t\t\n<\/a>\n\n\n<\/div><\/div><\/div><\/div>\n\n\n<div class=\"wp-block-columns is-layout-flex wp-container-core-columns-is-layout-9d6595d7 wp-block-columns-is-layout-flex\" id=\"slider-text\">\n<div class=\"wp-block-column is-layout-flow wp-block-column-is-layout-flow\">\n<p class=\"ls-paragraph has-text-align-center has-color-4-background-color has-background\">Eine traditionelle Formel mit 2 oder 4 Schlafzimmern sowie 2 Badezimmern, die eine Aufnahmekapazit\u00e4t von 2 bis 8 Personen bietet.<\/p>\n<\/div>\n\n\n\n<div class=\"wp-block-column is-layout-flow wp-block-column-is-layout-flow\">\n<p class=\"ls-paragraph has-text-align-center has-color-4-background-color has-background\">Das Mobilheim Confort mit 2 bis 3 Schlafzimmern eignet sich perfekt, um eine Sippe von 4 bis 6 Personen komfortabel unterzubringen. Im Gegensatz dazu ist das Confort Twin mit seinen <a href=\"https:\/\/www.domainelescarrelets.com\/de\/vermietung-soulac-sur-mer\/mobil-home-10-persons\/\">5 Schlafzimmern<\/a> ideal f\u00fcr bis zu 10 Personen und besteht aus zwei Einheiten, die durch eine Terrasse voneinander getrennt sind.<\/p>\n<\/div>\n\n\n\n<div class=\"wp-block-column is-layout-flow wp-block-column-is-layout-flow\">\n<p class=\"ls-paragraph has-text-align-center has-color-4-background-color has-background\">Die Premium-Reihe besteht aus 2 oder 3 Schlafzimmern, diese Kategorie von Mobilheimen verspricht ein hohes Ma\u00df an Komfort und ihre Kapazit\u00e4t kann von 4 bis 6 Personen reichen.<\/p>\n<\/div>\n<\/div>\n\n\r\n    <\/div>\r\n<\/section><\/div>\n<\/div>\n<section id=\"ls-section-block_b2bf44b110b7b7934c7cfe361158e80b\" class=\"ls-section  page-one\" >\r\n        <div class=\"container container--wide\">\r\n        \n\n<div class=\"wp-block-columns is-layout-flex wp-container-core-columns-is-layout-9d6595d7 wp-block-columns-is-layout-flex\">\n<div class=\"wp-block-column first is-layout-flow wp-block-column-is-layout-flow\" style=\"flex-basis:66.66%\">\n<figure class=\"wp-block-gallery has-nested-images columns-default is-cropped gallery-slider wp-block-gallery-1 is-layout-flex wp-block-gallery-is-layout-flex\">\n<figure class=\"wp-block-image size-full\"><a href=\"https:\/\/www.domainelescarrelets.com\/wp-content\/uploads\/2023\/10\/Domaine-Les-Carrelets-de-Soulac_300523_133_0.webp\"><img decoding=\"async\" width=\"2000\" height=\"1331\" data-id=\"5474\" src=\"https:\/\/www.domainelescarrelets.com\/wp-content\/uploads\/2023\/10\/Domaine-Les-Carrelets-de-Soulac_300523_133_0.webp\" alt=\"Dom&#xE4;ne Les Carrelets de Soulac 300523 133 0\" class=\"wp-image-5474\" srcset=\"https:\/\/www.domainelescarrelets.com\/wp-content\/uploads\/2023\/10\/Domaine-Les-Carrelets-de-Soulac_300523_133_0.webp 2000w, https:\/\/www.domainelescarrelets.com\/wp-content\/uploads\/2023\/10\/Domaine-Les-Carrelets-de-Soulac_300523_133_0-300x200.webp 300w, https:\/\/www.domainelescarrelets.com\/wp-content\/uploads\/2023\/10\/Domaine-Les-Carrelets-de-Soulac_300523_133_0-1024x681.webp 1024w, https:\/\/www.domainelescarrelets.com\/wp-content\/uploads\/2023\/10\/Domaine-Les-Carrelets-de-Soulac_300523_133_0-768x511.webp 768w, https:\/\/www.domainelescarrelets.com\/wp-content\/uploads\/2023\/10\/Domaine-Les-Carrelets-de-Soulac_300523_133_0-1536x1022.webp 1536w\" sizes=\"(max-width: 2000px) 100vw, 2000px\" \/><\/a><\/figure>\n\n\n\n<figure class=\"wp-block-image size-full\"><a href=\"https:\/\/www.domainelescarrelets.com\/wp-content\/uploads\/2023\/10\/terrasse-mobil-home.webp\"><img decoding=\"async\" width=\"2000\" height=\"1333\" data-id=\"302\" src=\"https:\/\/www.domainelescarrelets.com\/wp-content\/uploads\/2023\/10\/terrasse-mobil-home.webp\" alt=\"Mobilheimterrasse\" class=\"wp-image-302\" srcset=\"https:\/\/www.domainelescarrelets.com\/wp-content\/uploads\/2023\/10\/terrasse-mobil-home.webp 2000w, https:\/\/www.domainelescarrelets.com\/wp-content\/uploads\/2023\/10\/terrasse-mobil-home-300x200.webp 300w, https:\/\/www.domainelescarrelets.com\/wp-content\/uploads\/2023\/10\/terrasse-mobil-home-1024x682.webp 1024w, https:\/\/www.domainelescarrelets.com\/wp-content\/uploads\/2023\/10\/terrasse-mobil-home-768x512.webp 768w, https:\/\/www.domainelescarrelets.com\/wp-content\/uploads\/2023\/10\/terrasse-mobil-home-1536x1024.webp 1536w\" sizes=\"(max-width: 2000px) 100vw, 2000px\" \/><\/a><\/figure>\n\n\n\n<figure class=\"wp-block-image size-full\"><a href=\"https:\/\/www.domainelescarrelets.com\/wp-content\/uploads\/2023\/10\/Domaine-Les-Carrelets-de-Soulac_300523_116_0-1.webp\"><img decoding=\"async\" width=\"2000\" height=\"1331\" data-id=\"6561\" src=\"https:\/\/www.domainelescarrelets.com\/wp-content\/uploads\/2023\/10\/Domaine-Les-Carrelets-de-Soulac_300523_116_0-1.webp\" alt=\"Dom&#xE4;ne Les Carrelets de Soulac 300523 116 0\" class=\"wp-image-6561\" srcset=\"https:\/\/www.domainelescarrelets.com\/wp-content\/uploads\/2023\/10\/Domaine-Les-Carrelets-de-Soulac_300523_116_0-1.webp 2000w, https:\/\/www.domainelescarrelets.com\/wp-content\/uploads\/2023\/10\/Domaine-Les-Carrelets-de-Soulac_300523_116_0-1-300x200.webp 300w, https:\/\/www.domainelescarrelets.com\/wp-content\/uploads\/2023\/10\/Domaine-Les-Carrelets-de-Soulac_300523_116_0-1-1024x681.webp 1024w, https:\/\/www.domainelescarrelets.com\/wp-content\/uploads\/2023\/10\/Domaine-Les-Carrelets-de-Soulac_300523_116_0-1-768x511.webp 768w, https:\/\/www.domainelescarrelets.com\/wp-content\/uploads\/2023\/10\/Domaine-Les-Carrelets-de-Soulac_300523_116_0-1-1536x1022.webp 1536w\" sizes=\"(max-width: 2000px) 100vw, 2000px\" \/><\/a><\/figure>\n\n\n\n<figure class=\"wp-block-image size-full\"><a href=\"https:\/\/www.domainelescarrelets.com\/wp-content\/uploads\/2023\/10\/location-mobil-home-famille-soulac.webp\"><img decoding=\"async\" width=\"2000\" height=\"1333\" data-id=\"773\" src=\"https:\/\/www.domainelescarrelets.com\/wp-content\/uploads\/2023\/10\/location-mobil-home-famille-soulac.webp\" alt=\"vermietung mobilheim familie soulac\" class=\"wp-image-773\" srcset=\"https:\/\/www.domainelescarrelets.com\/wp-content\/uploads\/2023\/10\/location-mobil-home-famille-soulac.webp 2000w, https:\/\/www.domainelescarrelets.com\/wp-content\/uploads\/2023\/10\/location-mobil-home-famille-soulac-300x200.webp 300w, https:\/\/www.domainelescarrelets.com\/wp-content\/uploads\/2023\/10\/location-mobil-home-famille-soulac-1024x682.webp 1024w, https:\/\/www.domainelescarrelets.com\/wp-content\/uploads\/2023\/10\/location-mobil-home-famille-soulac-768x512.webp 768w, https:\/\/www.domainelescarrelets.com\/wp-content\/uploads\/2023\/10\/location-mobil-home-famille-soulac-1536x1024.webp 1536w\" sizes=\"(max-width: 2000px) 100vw, 2000px\" \/><\/a><\/figure>\n<\/figure>\n<\/div>\n\n\n\n<div class=\"wp-block-column is-vertically-aligned-center second is-layout-flow wp-block-column-is-layout-flow\" style=\"flex-basis:33.33%\">\n<h2 class=\"ls__heading wp-block-heading deco\">Unsere Mobilheime f\u00fcr 10 Personen in Soulac<\/h2>\n\n\n\n<p class=\"ls-paragraph\">Der <a href=\"https:\/\/www.domainelescarrelets.com\/de\/\">Campingplatz in der Gironde<\/a> bietet die <strong>Vermietung von Mobilheimen in Soulac-sur-Mer<\/strong> mit gro\u00dfer Kapazit\u00e4t f\u00fcr <strong>10 Personen<\/strong>. Mit <strong>5 Schlafzimmern und 2 Badezimmern<\/strong>, verlieben Sie sich in diesen gro\u00dfen Komplex von <strong>59 m\u00b2<\/strong>, in dem <strong>Haustiere erlaubt sind<\/strong>.<\/p>\n\n\n\n<p class=\"ls-paragraph\">Es enth\u00e4lt alles, was man f\u00fcr einen gelungenen Urlaub braucht: vom Wohnbereich mit Fernseher bis hin zu Schlafbereichen mit separaten Schlafzimmern. Unter anderem stellt Ihnen diese <strong>Unterkunft 2 separate Unterk\u00fcnfte<\/strong> mit jeweils einer K\u00fcche zur Verf\u00fcgung: <strong>praktisch, wenn mehrere Familien zusammenkommen<\/strong>.<\/p>\n\n\n\n<p class=\"ls-paragraph\">  Wenn es Zeit zum Essen ist, versammeln Sie sich um den Tisch auf der <strong>gro\u00dfen Gemeinschaftsterrasse<\/strong> und genie\u00dfen Sie alle zusammen Ihren Urlaub in einem Mobilheim in der Gironde.<\/p>\n<\/div>\n<\/div>\n\n\r\n    <\/div>\r\n<\/section><section id=\"ls-section-block_909e15ecb421e177f3c5a2a9d36b6110\" class=\"ls-section  page-three has-background-image has-background has-color-black-background-color has-p-t p-t-20 has-p-b p-b-20\" >\r\n    <div class=\"ls-section__background-image opacity-40\"><img decoding=\"async\" src=\"https:\/\/www.domainelescarrelets.com\/wp-content\/uploads\/2023\/10\/louer-mobil-home-spa-soulac.webp\" alt=\"louer mobil home spa soulac\"><\/div>    <div class=\"container container--wide\">\r\n        \n\n<div class=\"wp-block-columns is-layout-flex wp-container-core-columns-is-layout-9d6595d7 wp-block-columns-is-layout-flex\">\n<div class=\"wp-block-column is-layout-flow wp-block-column-is-layout-flow\">\n<h2 class=\"ls__heading wp-block-heading has-text-align-center deco-top-center o-typing-delay-100ms has-color-white-color has-text-color\"><o-anim-typing>Unsere Luxus-Mobilheime: die H\u00fctten<\/o-anim-typing><\/h2>\n\n\n\n<p class=\"ls-paragraph has-text-align-center has-color-white-color has-text-color\">Sie k\u00f6nnen auch ein <a href=\"https:\/\/www.domainelescarrelets.com\/de\/vermietung-soulac-sur-mer\/vermietung-kabinen-luxus\/\">\n  <strong>Luxus-Mobilheim <\/strong>\n<\/a><strong>in Soulac: unsere H\u00fctten<\/strong>! Genie\u00dfen Sie so den <strong>Komfort eines Hotels in einer gr\u00fcnen Umgebung<\/strong> in diesen Holzh\u00fctten, die mit allen notwendigen Annehmlichkeiten ausgestattet sind und \u00fcber ein eigenes Spa \/ Jacuzzi verf\u00fcgen.  <\/p>\n\n\n\n<p class=\"ls-paragraph has-text-align-center has-color-white-color has-text-color\">F\u00fcr einen Urlaub mit einer gro\u00dfen Familie oder mehreren Paaren in einer Mobilheimvermietung Soulac sur Mer buchen Sie einfach eine <strong>unserer Twin-H\u00fctten<\/strong>, die Platz f\u00fcr <strong>10 Personen<\/strong> bietet. Genie\u00dfen Sie so den Komfort eines <strong>68 m\u00b2<\/strong> gro\u00dfen Komplexes <strong>mit zwei Unterk\u00fcnften, die durch eine sch\u00f6ne Terrasse miteinander verbunden sind<\/strong>. Sie werden von <strong>5 Schlafzimmern<\/strong> und <strong>3 Badezimmer<\/strong> n profitieren, die auf 2 H\u00fctten verteilt sind. Es stehen Ihnen also <strong>2 K\u00fcchen<\/strong> zur Verf\u00fcgung und mehr Privatsph\u00e4re dank der 2 getrennten Orte.<\/p>\n<\/div>\n<\/div>\n\n\r\n    <\/div>\r\n<\/section><section id=\"ls-section-block_b2bf44b110b7b7934c7cfe361158e80b\" class=\"ls-section  page-one\" >\r\n        <div class=\"container container--wide\">\r\n        \n\n<div class=\"wp-block-columns is-layout-flex wp-container-core-columns-is-layout-9d6595d7 wp-block-columns-is-layout-flex\">\n<div class=\"wp-block-column is-vertically-aligned-center is-layout-flow wp-block-column-is-layout-flow\" style=\"flex-basis:33.33%\">\n<h2 class=\"ls__heading wp-block-heading deco\">Unser Campingplatz in Soulac-sur-Mer<\/h2>\n\n\n\n<p class=\"ls-paragraph\">Der Campingplatz Domaine les Carrelets de Soulac hat eine ideale Lage im Badeort <strong>Soulac-sur-Mer<\/strong> im M\u00e9doc in der Gironde. Zwischen D\u00fcnen, weiten Str\u00e4nden des Atlantischen Ozeans und Natur werden Sie einen <strong>traumhaften Aufenthalt<\/strong> umgeben von Natur verbringen.  <\/p>\n\n\n\n<p class=\"ls-paragraph\">Wenn Sie Ihr <strong>Mobilheim in Soulac-sur-Mer<\/strong> buchen, k\u00f6nnen Sie jederzeit mit dem Boot die Stadt Royan von der Stadt Le Verdon-sur-Mer aus erreichen (15 Minuten von <a href=\"https:\/\/www.domainelescarrelets.com\/de\/campingplatz-yelloh\/\">Campingplatz Yelloh! Village <\/a>).<\/p>\n<\/div>\n\n\n\n<div class=\"wp-block-column is-layout-flow wp-block-column-is-layout-flow\" style=\"flex-basis:66.66%\">\n<figure class=\"wp-block-image size-full\"><img decoding=\"async\" width=\"2000\" height=\"1332\" src=\"https:\/\/www.domainelescarrelets.com\/wp-content\/uploads\/2023\/10\/camping-soulac-gironde-edited-1.webp\" alt=\"campingplatz soulac gironde\" class=\"wp-image-1256\" srcset=\"https:\/\/www.domainelescarrelets.com\/wp-content\/uploads\/2023\/10\/camping-soulac-gironde-edited-1.webp 2000w, https:\/\/www.domainelescarrelets.com\/wp-content\/uploads\/2023\/10\/camping-soulac-gironde-edited-1-300x200.webp 300w, https:\/\/www.domainelescarrelets.com\/wp-content\/uploads\/2023\/10\/camping-soulac-gironde-edited-1-1024x682.webp 1024w, https:\/\/www.domainelescarrelets.com\/wp-content\/uploads\/2023\/10\/camping-soulac-gironde-edited-1-768x511.webp 768w, https:\/\/www.domainelescarrelets.com\/wp-content\/uploads\/2023\/10\/camping-soulac-gironde-edited-1-1536x1023.webp 1536w\" sizes=\"(max-width: 2000px) 100vw, 2000px\" \/><\/figure>\n<\/div>\n<\/div>\n\n\r\n    <\/div>\r\n<\/section><section id=\"ls-section-block_856697b0f754b4f406e1f1573a6ef464\" class=\"ls-section  page-one has-background has-color-4-background-color\" >\r\n        <div class=\"container container--wide\">\r\n        \n\n<div class=\"wp-block-columns has-color-4-background-color has-background is-layout-flex wp-container-core-columns-is-layout-9d6595d7 wp-block-columns-is-layout-flex\">\n<div class=\"wp-block-column is-layout-flow wp-block-column-is-layout-flow\" style=\"flex-basis:66.66%\">\n<figure class=\"wp-block-image size-full\"><img decoding=\"async\" width=\"2000\" height=\"1333\" src=\"https:\/\/www.domainelescarrelets.com\/wp-content\/uploads\/2023\/10\/piscine-interieure-chauffee-soulac.webp\" alt=\"beheizter Innenpool Soulac\" class=\"wp-image-903\" srcset=\"https:\/\/www.domainelescarrelets.com\/wp-content\/uploads\/2023\/10\/piscine-interieure-chauffee-soulac.webp 2000w, https:\/\/www.domainelescarrelets.com\/wp-content\/uploads\/2023\/10\/piscine-interieure-chauffee-soulac-300x200.webp 300w, https:\/\/www.domainelescarrelets.com\/wp-content\/uploads\/2023\/10\/piscine-interieure-chauffee-soulac-1024x682.webp 1024w, https:\/\/www.domainelescarrelets.com\/wp-content\/uploads\/2023\/10\/piscine-interieure-chauffee-soulac-768x512.webp 768w, https:\/\/www.domainelescarrelets.com\/wp-content\/uploads\/2023\/10\/piscine-interieure-chauffee-soulac-1536x1024.webp 1536w\" sizes=\"(max-width: 2000px) 100vw, 2000px\" \/><\/figure>\n<\/div>\n\n\n\n<div class=\"wp-block-column is-vertically-aligned-center is-layout-flow wp-block-column-is-layout-flow\" style=\"flex-basis:33.33%\">\n<h2 class=\"ls__heading wp-block-heading\">2 Pools in der N\u00e4he der Mobilheime<\/h2>\n\n\n\n<p class=\"ls-paragraph\">Wenn Sie ein <strong>Mobilheim in der Gironde in Les Carrelets de Soulac mieten<\/strong>, k\u00f6nnen Sie nicht nur erholsame N\u00e4chte verbringen, sondern auch den <a href=\"https:\/\/www.domainelescarrelets.com\/de\/schwimmbaedern-campsite-soulac\/\">Wasserbereich des Campingplatzes<\/a> in vollen Z\u00fcgen genie\u00dfen. An sonnigen Tagen k\u00f6nnen Sie sich im <strong>500 m\u00b2<\/strong> gro\u00dfen <strong>Au\u00dfenpool<\/strong> abk\u00fchlen.  <\/p>\n\n\n\n<p class=\"ls-paragraph\">Sie k\u00f6nnen auch das <strong>200 m\u00b2 gro\u00dfe beheizte Hallenbad<\/strong> nutzen. Andererseits wird das <strong>Planschbecken<\/strong> zum Spielplatz f\u00fcr Ihre Kinder. Sie k\u00f6nnen sich in Sicherheit am\u00fcsieren.  <\/p>\n\n\n\n<p class=\"ls-paragraph\">Rund um den Hauptpool warten Liegest\u00fchle auf Sie, damit Sie sich am Wasser entspannen k\u00f6nnen.<\/p>\n<\/div>\n<\/div>\n\n\r\n    <\/div>\r\n<\/section><section id=\"ls-section-block_d78c062f3fb64c6ffcc08d530e605997\" class=\"ls-section  page-one has-p-t p-t-14 has-p-b p-b-14\" >\r\n        <div class=\"container container--wide\">\r\n        \n\n<div class=\"wp-block-columns is-layout-flex wp-container-core-columns-is-layout-9d6595d7 wp-block-columns-is-layout-flex\">\n<div class=\"wp-block-column first is-layout-flow wp-block-column-is-layout-flow\" style=\"flex-basis:66.66%\">\n<figure class=\"wp-block-gallery has-nested-images columns-default is-cropped gallery-slider wp-block-gallery-2 is-layout-flex wp-block-gallery-is-layout-flex\">\n<figure class=\"wp-block-image size-full\"><a href=\"https:\/\/www.domainelescarrelets.com\/wp-content\/uploads\/2023\/10\/mini-golf-camping-soulac.webp\"><img decoding=\"async\" width=\"2000\" height=\"1333\" data-id=\"843\" src=\"https:\/\/www.domainelescarrelets.com\/wp-content\/uploads\/2023\/10\/mini-golf-camping-soulac.webp\" alt=\"mini golf camping soulac\" class=\"wp-image-843\" srcset=\"https:\/\/www.domainelescarrelets.com\/wp-content\/uploads\/2023\/10\/mini-golf-camping-soulac.webp 2000w, https:\/\/www.domainelescarrelets.com\/wp-content\/uploads\/2023\/10\/mini-golf-camping-soulac-300x200.webp 300w, https:\/\/www.domainelescarrelets.com\/wp-content\/uploads\/2023\/10\/mini-golf-camping-soulac-1024x682.webp 1024w, https:\/\/www.domainelescarrelets.com\/wp-content\/uploads\/2023\/10\/mini-golf-camping-soulac-768x512.webp 768w, https:\/\/www.domainelescarrelets.com\/wp-content\/uploads\/2023\/10\/mini-golf-camping-soulac-1536x1024.webp 1536w\" sizes=\"(max-width: 2000px) 100vw, 2000px\" \/><\/a><\/figure>\n\n\n\n<figure class=\"wp-block-image size-full\"><a href=\"https:\/\/www.domainelescarrelets.com\/wp-content\/uploads\/2023\/10\/location-de-karts.webp\"><img decoding=\"async\" width=\"2000\" height=\"1333\" data-id=\"793\" src=\"https:\/\/www.domainelescarrelets.com\/wp-content\/uploads\/2023\/10\/location-de-karts.webp\" alt=\"Kartverleih\" class=\"wp-image-793\" srcset=\"https:\/\/www.domainelescarrelets.com\/wp-content\/uploads\/2023\/10\/location-de-karts.webp 2000w, https:\/\/www.domainelescarrelets.com\/wp-content\/uploads\/2023\/10\/location-de-karts-300x200.webp 300w, https:\/\/www.domainelescarrelets.com\/wp-content\/uploads\/2023\/10\/location-de-karts-1024x682.webp 1024w, https:\/\/www.domainelescarrelets.com\/wp-content\/uploads\/2023\/10\/location-de-karts-768x512.webp 768w, https:\/\/www.domainelescarrelets.com\/wp-content\/uploads\/2023\/10\/location-de-karts-1536x1024.webp 1536w\" sizes=\"(max-width: 2000px) 100vw, 2000px\" \/><\/a><\/figure>\n<\/figure>\n<\/div>\n\n\n\n<div class=\"wp-block-column is-vertically-aligned-center second is-layout-flow wp-block-column-is-layout-flow\" style=\"flex-basis:33.33%\">\n<h2 class=\"ls__heading wp-block-heading deco\">Aktivit\u00e4ten rund um Ihr Mobilheim<\/h2>\n\n\n\n<p class=\"ls-paragraph\">Wenn Sie ein <strong>Mobilheim in Soulac-sur-Mer<\/strong> auf unserem Campingplatz Les Carrelets mieten, haben Sie auch die M\u00f6glichkeit, aus einer Vielzahl von Unterk\u00fcnften zu w\u00e4hlen.<strong>Entspannungs- und Sportaktivit\u00e4ten. Minigolf, Fu\u00dfball, Wassergymnastik, Fitnessraum in der Hochsaison, Basketball<\/strong>&#8230; Sie haben die Wahl! Profitieren Sie unter den Entspannungsaktivit\u00e4ten von der <strong>Neuheit 2023<\/strong>: Der<strong>Wellnessbereich mit Hammam, Sauna und Kr\u00e4utertee sowie der Massagebereich<\/strong> (in der Hochsaison) sind ge\u00f6ffnet. Ideal zum Entspannen nach einem Tag voller Entdeckungen. Der Campingplatz bietet Ihnen eine <strong>umfassende Infrastruktur<\/strong>, damit Sie sich mit Ihrer Familie sch\u00f6ne Erinnerungen schaffen k\u00f6nnen.<\/p>\n\n\n\n<p class=\"ls-paragraph\">Die <strong>geografische Lage<\/strong> des Campingplatzes in der Gironde und gleichzeitig in der N\u00e4he der Landes und der Charente Maritime erm\u00f6glicht es Ihnen, alle Vorteile der Region zu nutzen: sehr sch\u00f6ne und weite Str\u00e4nde, W\u00e4lder, lokale M\u00e4rkte, Weinberge, Zugang mit dem Boot zur Stadt Royan&#8230;<\/p>\n<\/div>\n<\/div>\n\n\r\n    <\/div>\r\n<\/section><section id=\"ls-section-block_0c9aa190fcc2b83b2fad52390e1707a9\" class=\"ls-section  page-three has-background-image has-background has-color-black-background-color has-p-t p-t-20 has-p-b p-b-20\" >\r\n    <div class=\"ls-section__background-image opacity-40\"><img decoding=\"async\" src=\"https:\/\/www.domainelescarrelets.com\/wp-content\/uploads\/2023\/10\/terrain-de-basket.webp\" alt=\"Basketballplatz\"><\/div>    <div class=\"container container--full\">\r\n        \n\n<div class=\"wp-block-columns is-layout-flex wp-container-core-columns-is-layout-9d6595d7 wp-block-columns-is-layout-flex\">\n<div class=\"wp-block-column is-layout-flow wp-block-column-is-layout-flow\">\n<h2 class=\"ls__heading wp-block-heading has-text-align-center deco-top-center o-typing-delay-100ms has-color-white-color has-text-color\"><o-anim-typing>Club f\u00fcr Kinder<\/o-anim-typing><\/h2>\n\n\n\n<p class=\"ls-paragraph has-text-align-center has-color-white-color has-text-color\">Auf unserem <a href=\"https:\/\/www.domainelescarrelets.com\/de\/familienfreundlicher-campingplatz-soulac-sur-mer\/\">Familiencampingplatz in der Gironde<\/a>, der Domaine Les Carrelets de Soulac, k\u00f6nnen Sie die <strong>Clubs f\u00fcr Kinder und Jugendliche<\/strong> entdecken und ihnen die M\u00f6glichkeit geben, andere Kinder ihres Alters zu treffen. Mit Hilfe der <strong>qualifizierten Betreuer des Mizzy-Clubs<\/strong> k\u00f6nnen Ihre kleinen Sch\u00e4tze neue <strong>sportliche und kreative Aktivit\u00e4ten<\/strong> entdecken <strong>(4 bis 12 Jahre)<\/strong>.  <\/p>\n\n\n\n<p class=\"ls-paragraph has-text-align-center has-color-white-color has-text-color\">Auch f\u00fcr die Teenager haben die Betreuer ein ganzes <strong>Programm an Aktivit\u00e4ten (angepasst an eine Altersgruppe von 13 bis 17 Jahren)<\/strong> f\u00fcr einen ebenso unvergesslichen Aufenthalt vorgesehen.<\/p>\n<\/div>\n<\/div>\n\n\r\n    <\/div>\r\n<\/section><section id=\"ls-section-block_d78c062f3fb64c6ffcc08d530e605997\" class=\"ls-section  page-one has-p-t p-t-14 has-p-b p-b-14\" >\r\n        <div class=\"container container--wide\">\r\n        \n\n<div class=\"wp-block-columns is-layout-flex wp-container-core-columns-is-layout-9d6595d7 wp-block-columns-is-layout-flex\">\n<div class=\"wp-block-column is-layout-flow wp-block-column-is-layout-flow\" style=\"flex-basis:66.66%\">\n<figure class=\"wp-block-image size-full\"><img decoding=\"async\" width=\"2000\" height=\"1333\" src=\"https:\/\/www.domainelescarrelets.com\/wp-content\/uploads\/2023\/10\/magasin-epicerie-camping.webp\" alt=\"Lebensmittelgesch&#xE4;ft Camping\" class=\"wp-image-778\" srcset=\"https:\/\/www.domainelescarrelets.com\/wp-content\/uploads\/2023\/10\/magasin-epicerie-camping.webp 2000w, https:\/\/www.domainelescarrelets.com\/wp-content\/uploads\/2023\/10\/magasin-epicerie-camping-300x200.webp 300w, https:\/\/www.domainelescarrelets.com\/wp-content\/uploads\/2023\/10\/magasin-epicerie-camping-1024x682.webp 1024w, https:\/\/www.domainelescarrelets.com\/wp-content\/uploads\/2023\/10\/magasin-epicerie-camping-768x512.webp 768w, https:\/\/www.domainelescarrelets.com\/wp-content\/uploads\/2023\/10\/magasin-epicerie-camping-1536x1024.webp 1536w\" sizes=\"(max-width: 2000px) 100vw, 2000px\" \/><\/figure>\n<\/div>\n\n\n\n<div class=\"wp-block-column is-vertically-aligned-center is-layout-flow wp-block-column-is-layout-flow\" style=\"flex-basis:33.33%\">\n<h2 class=\"ls__heading wp-block-heading deco\">Dienstleistungen f\u00fcr Ferienvermietungen<\/h2>\n\n\n\n<p class=\"ls-paragraph\">Wenn Sie ein <strong>Mobilheim in Soulac-sur-Mer mieten<\/strong>, bedeutet das einen <strong>unbeschwerten Urlaub<\/strong> in der N\u00e4he von Str\u00e4nden und Natur.  <\/p>\n\n\n\n<p class=\"ls-paragraph\">Das Team k\u00fcmmert sich r\u00fchrend um Sie, nutzen Sie die Gelegenheit, Ihren Aufenthalt wirklich zu genie\u00dfen. Verschiedene Dienstleistungen stehen Ihnen zur Verf\u00fcgung, um <strong>Ihren Urlaub zu erleichtern:<\/strong> Vermietung von Bettw\u00e4sche, Babyzubeh\u00f6r, Verpflegung vor Ort oder zum Mitnehmen, Lebensmittelgesch\u00e4ft vor Ort, Waschsalon, Fahrradverleih&#8230;<\/p>\n\n\n\n<p class=\"ls-paragraph\">Es wird an alles gedacht, damit Ihr Aufenthalt unter den besten Bedingungen verl\u00e4uft.<\/p>\n<\/div>\n<\/div>\n\n\r\n    <\/div>\r\n<\/section><section id=\"ls-section-block_a36001175ed7b32680ad0effcb06ea97\" class=\"ls-section  page-one has-background has-color-4-background-color has-p-t p-t-14 has-p-b p-b-14\" >\r\n        <div class=\"container container--wide\">\r\n        \n\n<div class=\"wp-block-columns is-layout-flex wp-container-core-columns-is-layout-9d6595d7 wp-block-columns-is-layout-flex\">\n<div class=\"wp-block-column is-vertically-aligned-center is-layout-flow wp-block-column-is-layout-flow\" style=\"flex-basis:33.33%\">\n<h2 class=\"ls__heading wp-block-heading deco\">Das Restaurant Les Carrelets in Soulac<\/h2>\n\n\n\n<p class=\"ls-paragraph\">Auf der Domaine des Carrelets, in der N\u00e4he Ihres Mobilheims, profitieren Sie von<strong><s> <\/s><\/strong>eines <a href=\"https:\/\/www.domainelescarrelets.com\/de\/verpflegung-soulac-sur-mer\/\">Restaurants in Soulac sur Mer<\/a>. Schlie\u00dflich ist es eine gute Gelegenheit, die <strong>lokalen gastronomischen Spezialit\u00e4ten<\/strong> zu entdecken.<\/p>\n\n\n\n<p class=\"ls-paragraph\">  Der Chefkoch vor Ort bereitet gerne <strong>typische Gerichte aus dem S\u00fcdwesten Frankreichs<\/strong> zu und achtet dabei darauf, dass die <strong>lokalen Produkte<\/strong> im Vordergrund stehen. Es spricht aber auch nichts dagegen, dass Sie verschiedene <strong>Speisen und Getr\u00e4nke zum Mit <\/strong>nehmen bestellen.<\/p>\n\n\n\n<p class=\"ls-paragraph\">  Im Juli und August steht Ihnen das Restaurantteam des Campingplatzes von 12:00 bis 00:00 Uhr zur Verf\u00fcgung.<\/p>\n<\/div>\n\n\n\n<div class=\"wp-block-column is-layout-flow wp-block-column-is-layout-flow\" style=\"flex-basis:66.66%\">\n<figure class=\"wp-block-image size-full\"><img decoding=\"async\" width=\"2000\" height=\"1333\" src=\"https:\/\/www.domainelescarrelets.com\/wp-content\/uploads\/2023\/10\/restaurant-soulac.webp\" alt=\"restaurant soulac\" class=\"wp-image-948\" srcset=\"https:\/\/www.domainelescarrelets.com\/wp-content\/uploads\/2023\/10\/restaurant-soulac.webp 2000w, https:\/\/www.domainelescarrelets.com\/wp-content\/uploads\/2023\/10\/restaurant-soulac-300x200.webp 300w, https:\/\/www.domainelescarrelets.com\/wp-content\/uploads\/2023\/10\/restaurant-soulac-1024x682.webp 1024w, https:\/\/www.domainelescarrelets.com\/wp-content\/uploads\/2023\/10\/restaurant-soulac-768x512.webp 768w, https:\/\/www.domainelescarrelets.com\/wp-content\/uploads\/2023\/10\/restaurant-soulac-1536x1024.webp 1536w\" sizes=\"(max-width: 2000px) 100vw, 2000px\" \/><\/figure>\n<\/div>\n<\/div>\n\n\r\n    <\/div>\r\n<\/section><section id=\"ls-section-block_339824c388e8fd966ff92392770a75b8\" class=\"ls-section  page-avis has-p-t p-t-14 has-p-b p-b-14\" >\r\n        <div class=\"container container--wide\">\r\n        \n\n<div id=\"ls-heading ls-titre-div-block_8de20b3a8ebfe0a2eb05d912ab83c3d7\" class=\"ls-titre-div deco-top-center aligncenter h2-like\" >\n    Was denken unsere G\u00e4ste <\/br><em>\u00fcber unsere Unterk\u00fcnfte?<\/em><\/div>\n\n\n<div class=\"avis-container-pages\"><div class=\"avis\"><div class=\"avis-note-wrapper\"><span class=\"avis-note\">5\/5<\/span><\/div><div class=\"avis-user\"><div class=\"avis-content\"><p>Das Personal an der Rezeption war sehr freundlich und hatte ein offenes Ohr f\u00fcr die G\u00e4ste. Uns gefielen das Animationsteam und seine App anim live. Die Kinder waren von den Animationen und den Betreuern begeistert. Auch Animationen f\u00fcr Erwachsene waren im Angebot. Wir haben uns sehr wohl gef\u00fchlt. Wir haben auch die Ruhe und die Natur genossen. Wir haben einen tollen Aufenthalt mit vielen Erinnerungen im Kopf verbracht. Wir werden wiederkommen. Es lebe das Team Les Carrelets!<\/p>\n<\/div><div class=\"avis-name\">Th\u00e9r\u00e8se D - August 2023<\/div><\/div><\/div><div class=\"avis\"><div class=\"avis-note-wrapper\"><span class=\"avis-note\">5\/5<\/span><\/div><div class=\"avis-user\"><div class=\"avis-content\"><p>Wir haben zum zweiten Mal einen angenehmen Familienaufenthalt in einer Luxush\u00fctte verbracht. Das Mobilheim ist gut aufgeteilt, sauber und gut ausgestattet. Die \u00e4u\u00dfere Umgebung ist ansprechend und es wird alles getan, um die Privatsph\u00e4re jedes Einzelnen zu respektieren. Fahrr\u00e4der waren in der Miete inbegriffen, top f\u00fcr Ausfl\u00fcge mit der Familie. Das Team ist top und reaktionsschnell.<br \/>\nEin ausreichender Au\u00dfenpool, die Kinder waren gl\u00fccklich, darin zu baden.<br \/>\nOrganisierte Aktivit\u00e4ten w\u00e4hrend des gesamten Aufenthalts und f\u00fcr alle.<\/p>\n<\/div><div class=\"avis-name\">Alexandra M - August 2023<\/div><\/div><\/div><div class=\"avis\"><div class=\"avis-note-wrapper\"><span class=\"avis-note\">5\/5<\/span><\/div><div class=\"avis-user\"><div class=\"avis-content\"><p>Die Luxush\u00fctte f\u00fcr 6 Personen ist gut eingerichtet und sauber. Die Terrasse ist mit ihren Liegest\u00fchlen und dem Whirlpool sehr angenehm. Es gibt zwei Fahrr\u00e4der, die mit der Vermietung verf\u00fcgbar sind und die Betten sind bei der Ankunft gemacht. Das Restaurant ist sehr gut, das Personal ist sehr nett. Die Cocktails sind ausgezeichnet Bravo Jeremy \ud83d\udc4f Die App mit den Aktivit\u00e4ten ist praktisch, um sich f\u00fcr den Kurs anzumelden und die vom Campingplatz angebotenen Animationen zu sehen. Die Animateure und die Sportkurse sind top. Der Campingplatz ist sauber und gut eingerichtet. Es gibt einen sehr sch\u00f6nen klimatisierten Fitnessraum.<\/p>\n<\/div><div class=\"avis-name\">Sabine F - August 2023<\/div><\/div><\/div><\/div>\n\n\r\n    <\/div>\r\n<\/section>","protected":false},"excerpt":{"rendered":"","protected":false},"author":1,"featured_media":496,"parent":6779,"menu_order":0,"comment_status":"closed","ping_status":"closed","template":"searchstay.php","meta":{"_acf_changed":false,"inline_featured_image":false,"footnotes":""},"sujet":[],"class_list":["post-6850","page","type-page","status-publish","has-post-thumbnail","hentry"],"acf":[],"yoast_head":"<!-- This site is optimized with the Yoast SEO plugin v24.5 - https:\/\/yoast.com\/wordpress\/plugins\/seo\/ -->\n<title>Vermietung Mobilheim Soulac-sur-Mer: 7 Mobilheime in der Gironde ab 20\u20ac pro Nacht<\/title>\n<meta name=\"description\" content=\"Entdecken Sie unsere Mobilheime in Soulac-sur-Mer in der N\u00e4he des Meeres. Auf diesem Campingplatz mit zwei Swimmingpools k\u00f6nnen Sie Ihren Urlaub genie\u00dfen.\" \/>\n<meta name=\"robots\" content=\"index, follow, max-snippet:-1, max-image-preview:large, max-video-preview:-1\" \/>\n<link rel=\"canonical\" href=\"https:\/\/www.domainelescarrelets.com\/de\/vermietung-soulac-sur-mer\/vermietung-mobil-home-soulac-sur-mer\/\" \/>\n<meta property=\"og:locale\" content=\"de_DE\" \/>\n<meta property=\"og:type\" content=\"article\" \/>\n<meta property=\"og:title\" content=\"Vermietung Mobilheim Soulac-sur-Mer: 7 Mobilheime in der Gironde ab 20\u20ac pro Nacht\" \/>\n<meta property=\"og:description\" content=\"Entdecken Sie unsere Mobilheime in Soulac-sur-Mer in der N\u00e4he des Meeres. Auf diesem Campingplatz mit zwei Swimmingpools k\u00f6nnen Sie Ihren Urlaub genie\u00dfen.\" \/>\n<meta property=\"og:url\" content=\"https:\/\/www.domainelescarrelets.com\/de\/vermietung-soulac-sur-mer\/vermietung-mobil-home-soulac-sur-mer\/\" \/>\n<meta property=\"og:site_name\" content=\"Domaine Les Carrelets de Soulac\" \/>\n<meta property=\"article:modified_time\" content=\"2023-10-24T11:51:04+00:00\" \/>\n<meta property=\"og:image\" content=\"https:\/\/www.domainelescarrelets.com\/wp-content\/uploads\/2023\/10\/camping-allees.webp\" \/>\n\t<meta property=\"og:image:width\" content=\"2000\" \/>\n\t<meta property=\"og:image:height\" content=\"1332\" \/>\n\t<meta property=\"og:image:type\" content=\"image\/webp\" \/>\n<meta name=\"twitter:card\" content=\"summary_large_image\" \/>\n<meta name=\"twitter:label1\" content=\"Gesch\u00e4tzte Lesezeit\" \/>\n\t<meta name=\"twitter:data1\" content=\"5\u00a0Minuten\" \/>\n<script type=\"application\/ld+json\" class=\"yoast-schema-graph\">{\"@context\":\"https:\/\/schema.org\",\"@graph\":[{\"@type\":\"WebPage\",\"@id\":\"https:\/\/www.domainelescarrelets.com\/de\/vermietung-soulac-sur-mer\/vermietung-mobil-home-soulac-sur-mer\/\",\"url\":\"https:\/\/www.domainelescarrelets.com\/de\/vermietung-soulac-sur-mer\/vermietung-mobil-home-soulac-sur-mer\/\",\"name\":\"Vermietung Mobilheim Soulac-sur-Mer: 7 Mobilheime in der Gironde ab 20\u20ac pro Nacht\",\"isPartOf\":{\"@id\":\"https:\/\/www.domainelescarrelets.com\/de\/#website\"},\"primaryImageOfPage\":{\"@id\":\"https:\/\/www.domainelescarrelets.com\/de\/vermietung-soulac-sur-mer\/vermietung-mobil-home-soulac-sur-mer\/#primaryimage\"},\"image\":{\"@id\":\"https:\/\/www.domainelescarrelets.com\/de\/vermietung-soulac-sur-mer\/vermietung-mobil-home-soulac-sur-mer\/#primaryimage\"},\"thumbnailUrl\":\"https:\/\/www.domainelescarrelets.com\/wp-content\/uploads\/2023\/10\/camping-allees.webp\",\"datePublished\":\"2023-10-10T14:07:39+00:00\",\"dateModified\":\"2023-10-24T11:51:04+00:00\",\"description\":\"Entdecken Sie unsere Mobilheime in Soulac-sur-Mer in der N\u00e4he des Meeres. Auf diesem Campingplatz mit zwei Swimmingpools k\u00f6nnen Sie Ihren Urlaub genie\u00dfen.\",\"breadcrumb\":{\"@id\":\"https:\/\/www.domainelescarrelets.com\/de\/vermietung-soulac-sur-mer\/vermietung-mobil-home-soulac-sur-mer\/#breadcrumb\"},\"inLanguage\":\"de\",\"potentialAction\":[{\"@type\":\"ReadAction\",\"target\":[\"https:\/\/www.domainelescarrelets.com\/de\/vermietung-soulac-sur-mer\/vermietung-mobil-home-soulac-sur-mer\/\"]}]},{\"@type\":\"ImageObject\",\"inLanguage\":\"de\",\"@id\":\"https:\/\/www.domainelescarrelets.com\/de\/vermietung-soulac-sur-mer\/vermietung-mobil-home-soulac-sur-mer\/#primaryimage\",\"url\":\"https:\/\/www.domainelescarrelets.com\/wp-content\/uploads\/2023\/10\/camping-allees.webp\",\"contentUrl\":\"https:\/\/www.domainelescarrelets.com\/wp-content\/uploads\/2023\/10\/camping-allees.webp\",\"width\":2000,\"height\":1332,\"caption\":\"camping allees\"},{\"@type\":\"BreadcrumbList\",\"@id\":\"https:\/\/www.domainelescarrelets.com\/de\/vermietung-soulac-sur-mer\/vermietung-mobil-home-soulac-sur-mer\/#breadcrumb\",\"itemListElement\":[{\"@type\":\"ListItem\",\"position\":1,\"name\":\"Camping Soulac-sur-Mer\",\"item\":\"https:\/\/www.domainelescarrelets.com\/de\/\"},{\"@type\":\"ListItem\",\"position\":2,\"name\":\"Alle unsere Unterk\u00fcnfte\",\"item\":\"https:\/\/www.domainelescarrelets.com\/de\/vermietung-soulac-sur-mer\/\"},{\"@type\":\"ListItem\",\"position\":3,\"name\":\"Vermietung Mobilheim Soulac-sur-Mer\"}]},{\"@type\":\"WebSite\",\"@id\":\"https:\/\/www.domainelescarrelets.com\/de\/#website\",\"url\":\"https:\/\/www.domainelescarrelets.com\/de\/\",\"name\":\"Domaine Les Carrelets de Soulac\",\"description\":\"\",\"publisher\":{\"@id\":\"https:\/\/www.domainelescarrelets.com\/de\/#organization\"},\"potentialAction\":[{\"@type\":\"SearchAction\",\"target\":{\"@type\":\"EntryPoint\",\"urlTemplate\":\"https:\/\/www.domainelescarrelets.com\/de\/?s={search_term_string}\"},\"query-input\":{\"@type\":\"PropertyValueSpecification\",\"valueRequired\":true,\"valueName\":\"search_term_string\"}}],\"inLanguage\":\"de\"},{\"@type\":\"Organization\",\"@id\":\"https:\/\/www.domainelescarrelets.com\/de\/#organization\",\"name\":\"Domaine Les Carrelets de Soulac\",\"url\":\"https:\/\/www.domainelescarrelets.com\/de\/\",\"logo\":{\"@type\":\"ImageObject\",\"inLanguage\":\"de\",\"@id\":\"https:\/\/www.domainelescarrelets.com\/de\/#\/schema\/logo\/image\/\",\"url\":\"https:\/\/www.domainelescarrelets.com\/wp-content\/uploads\/2023\/10\/cropped-cropped-les-carrelets-soulac.webp\",\"contentUrl\":\"https:\/\/www.domainelescarrelets.com\/wp-content\/uploads\/2023\/10\/cropped-cropped-les-carrelets-soulac.webp\",\"width\":490,\"height\":175,\"caption\":\"Domaine Les Carrelets de Soulac\"},\"image\":{\"@id\":\"https:\/\/www.domainelescarrelets.com\/de\/#\/schema\/logo\/image\/\"}}]}<\/script>\n<!-- \/ Yoast SEO plugin. -->","yoast_head_json":{"title":"Vermietung Mobilheim Soulac-sur-Mer: 7 Mobilheime in der Gironde ab 20\u20ac pro Nacht","description":"Entdecken Sie unsere Mobilheime in Soulac-sur-Mer in der N\u00e4he des Meeres. Auf diesem Campingplatz mit zwei Swimmingpools k\u00f6nnen Sie Ihren Urlaub genie\u00dfen.","robots":{"index":"index","follow":"follow","max-snippet":"max-snippet:-1","max-image-preview":"max-image-preview:large","max-video-preview":"max-video-preview:-1"},"canonical":"https:\/\/www.domainelescarrelets.com\/de\/vermietung-soulac-sur-mer\/vermietung-mobil-home-soulac-sur-mer\/","og_locale":"de_DE","og_type":"article","og_title":"Vermietung Mobilheim Soulac-sur-Mer: 7 Mobilheime in der Gironde ab 20\u20ac pro Nacht","og_description":"Entdecken Sie unsere Mobilheime in Soulac-sur-Mer in der N\u00e4he des Meeres. Auf diesem Campingplatz mit zwei Swimmingpools k\u00f6nnen Sie Ihren Urlaub genie\u00dfen.","og_url":"https:\/\/www.domainelescarrelets.com\/de\/vermietung-soulac-sur-mer\/vermietung-mobil-home-soulac-sur-mer\/","og_site_name":"Domaine Les Carrelets de Soulac","article_modified_time":"2023-10-24T11:51:04+00:00","og_image":[{"width":2000,"height":1332,"url":"https:\/\/www.domainelescarrelets.com\/wp-content\/uploads\/2023\/10\/camping-allees.webp","type":"image\/webp"}],"twitter_card":"summary_large_image","twitter_misc":{"Gesch\u00e4tzte Lesezeit":"5\u00a0Minuten"},"schema":{"@context":"https:\/\/schema.org","@graph":[{"@type":"WebPage","@id":"https:\/\/www.domainelescarrelets.com\/de\/vermietung-soulac-sur-mer\/vermietung-mobil-home-soulac-sur-mer\/","url":"https:\/\/www.domainelescarrelets.com\/de\/vermietung-soulac-sur-mer\/vermietung-mobil-home-soulac-sur-mer\/","name":"Vermietung Mobilheim Soulac-sur-Mer: 7 Mobilheime in der Gironde ab 20\u20ac pro Nacht","isPartOf":{"@id":"https:\/\/www.domainelescarrelets.com\/de\/#website"},"primaryImageOfPage":{"@id":"https:\/\/www.domainelescarrelets.com\/de\/vermietung-soulac-sur-mer\/vermietung-mobil-home-soulac-sur-mer\/#primaryimage"},"image":{"@id":"https:\/\/www.domainelescarrelets.com\/de\/vermietung-soulac-sur-mer\/vermietung-mobil-home-soulac-sur-mer\/#primaryimage"},"thumbnailUrl":"https:\/\/www.domainelescarrelets.com\/wp-content\/uploads\/2023\/10\/camping-allees.webp","datePublished":"2023-10-10T14:07:39+00:00","dateModified":"2023-10-24T11:51:04+00:00","description":"Entdecken Sie unsere Mobilheime in Soulac-sur-Mer in der N\u00e4he des Meeres. Auf diesem Campingplatz mit zwei Swimmingpools k\u00f6nnen Sie Ihren Urlaub genie\u00dfen.","breadcrumb":{"@id":"https:\/\/www.domainelescarrelets.com\/de\/vermietung-soulac-sur-mer\/vermietung-mobil-home-soulac-sur-mer\/#breadcrumb"},"inLanguage":"de","potentialAction":[{"@type":"ReadAction","target":["https:\/\/www.domainelescarrelets.com\/de\/vermietung-soulac-sur-mer\/vermietung-mobil-home-soulac-sur-mer\/"]}]},{"@type":"ImageObject","inLanguage":"de","@id":"https:\/\/www.domainelescarrelets.com\/de\/vermietung-soulac-sur-mer\/vermietung-mobil-home-soulac-sur-mer\/#primaryimage","url":"https:\/\/www.domainelescarrelets.com\/wp-content\/uploads\/2023\/10\/camping-allees.webp","contentUrl":"https:\/\/www.domainelescarrelets.com\/wp-content\/uploads\/2023\/10\/camping-allees.webp","width":2000,"height":1332,"caption":"camping allees"},{"@type":"BreadcrumbList","@id":"https:\/\/www.domainelescarrelets.com\/de\/vermietung-soulac-sur-mer\/vermietung-mobil-home-soulac-sur-mer\/#breadcrumb","itemListElement":[{"@type":"ListItem","position":1,"name":"Camping Soulac-sur-Mer","item":"https:\/\/www.domainelescarrelets.com\/de\/"},{"@type":"ListItem","position":2,"name":"Alle unsere Unterk\u00fcnfte","item":"https:\/\/www.domainelescarrelets.com\/de\/vermietung-soulac-sur-mer\/"},{"@type":"ListItem","position":3,"name":"Vermietung Mobilheim Soulac-sur-Mer"}]},{"@type":"WebSite","@id":"https:\/\/www.domainelescarrelets.com\/de\/#website","url":"https:\/\/www.domainelescarrelets.com\/de\/","name":"Domaine Les Carrelets de Soulac","description":"","publisher":{"@id":"https:\/\/www.domainelescarrelets.com\/de\/#organization"},"potentialAction":[{"@type":"SearchAction","target":{"@type":"EntryPoint","urlTemplate":"https:\/\/www.domainelescarrelets.com\/de\/?s={search_term_string}"},"query-input":{"@type":"PropertyValueSpecification","valueRequired":true,"valueName":"search_term_string"}}],"inLanguage":"de"},{"@type":"Organization","@id":"https:\/\/www.domainelescarrelets.com\/de\/#organization","name":"Domaine Les Carrelets de Soulac","url":"https:\/\/www.domainelescarrelets.com\/de\/","logo":{"@type":"ImageObject","inLanguage":"de","@id":"https:\/\/www.domainelescarrelets.com\/de\/#\/schema\/logo\/image\/","url":"https:\/\/www.domainelescarrelets.com\/wp-content\/uploads\/2023\/10\/cropped-cropped-les-carrelets-soulac.webp","contentUrl":"https:\/\/www.domainelescarrelets.com\/wp-content\/uploads\/2023\/10\/cropped-cropped-les-carrelets-soulac.webp","width":490,"height":175,"caption":"Domaine Les Carrelets de Soulac"},"image":{"@id":"https:\/\/www.domainelescarrelets.com\/de\/#\/schema\/logo\/image\/"}}]}},"_links":{"self":[{"href":"https:\/\/www.domainelescarrelets.com\/de\/wp-json\/wp\/v2\/pages\/6850","targetHints":{"allow":["GET"]}}],"collection":[{"href":"https:\/\/www.domainelescarrelets.com\/de\/wp-json\/wp\/v2\/pages"}],"about":[{"href":"https:\/\/www.domainelescarrelets.com\/de\/wp-json\/wp\/v2\/types\/page"}],"author":[{"embeddable":true,"href":"https:\/\/www.domainelescarrelets.com\/de\/wp-json\/wp\/v2\/users\/1"}],"replies":[{"embeddable":true,"href":"https:\/\/www.domainelescarrelets.com\/de\/wp-json\/wp\/v2\/comments?post=6850"}],"version-history":[{"count":10,"href":"https:\/\/www.domainelescarrelets.com\/de\/wp-json\/wp\/v2\/pages\/6850\/revisions"}],"predecessor-version":[{"id":7362,"href":"https:\/\/www.domainelescarrelets.com\/de\/wp-json\/wp\/v2\/pages\/6850\/revisions\/7362"}],"up":[{"embeddable":true,"href":"https:\/\/www.domainelescarrelets.com\/de\/wp-json\/wp\/v2\/pages\/6779"}],"wp:featuredmedia":[{"embeddable":true,"href":"https:\/\/www.domainelescarrelets.com\/de\/wp-json\/wp\/v2\/media\/496"}],"wp:attachment":[{"href":"https:\/\/www.domainelescarrelets.com\/de\/wp-json\/wp\/v2\/media?parent=6850"}],"wp:term":[{"taxonomy":"sujet","embeddable":true,"href":"https:\/\/www.domainelescarrelets.com\/de\/wp-json\/wp\/v2\/sujet?post=6850"}],"curies":[{"name":"wp","href":"https:\/\/api.w.org\/{rel}","templated":true}]}}