{"id":6996,"date":"2023-10-10T16:09:12","date_gmt":"2023-10-10T14:09:12","guid":{"rendered":"https:\/\/www.domainelescarrelets.com\/kontakt\/"},"modified":"2024-05-16T11:38:36","modified_gmt":"2024-05-16T09:38:36","slug":"kontakt","status":"publish","type":"page","link":"https:\/\/www.domainelescarrelets.com\/de\/kontakt\/","title":{"rendered":"Kontakt und praktische Infos"},"content":{"rendered":"<section id=\"ls-section-block_abc5a3617d75335fa3e515b0c82a3c97\" class=\"ls-section  page-intro\" >\r\n        <div class=\"container \">\r\n        \n\n<h1 class=\"ls__heading wp-block-heading has-text-align-center\">Kontakt zur Domaine Les Carrelets<\/h1>\n\n\n\n<p class=\"ls-paragraph has-text-align-center\">Yelloh! Dorf domaine Les Carrelets empf\u00e4ngt Sie vom <strong>27. M\u00e4rz bis 07. September 2024.<\/strong><\/p>\n\n\r\n    <\/div>\r\n<\/section>\n\n<section id=\"ls-section-block_cf06d8bcd2ff5bd3e00111e10fc0e5c0\" class=\"ls-section  page-one has-m-t m-t-0 has-p-t p-t-0\" >\r\n        <div class=\"container container--wide\">\r\n        \n\n<div class=\"wp-block-columns page-one is-layout-flex wp-container-core-columns-is-layout-9d6595d7 wp-block-columns-is-layout-flex\">\n<div class=\"wp-block-column is-layout-flow wp-block-column-is-layout-flow\">\n<h2 class=\"ls__heading wp-block-heading deco\">Kontaktdaten<\/h2>\n\n\n\n<div id=\"ls-infos-block_b7aaafbc682be0da4dcb164b8759d7dd\" class=\"ls-infos has-m-b m-b-7\">\n    \n    <div class=\"ls-infos__content\">\n\n        <div class=\"ls-infos__phone\">\n                        \n                        <i class=\"oreades-phone-call-02\"><\/i> +33 5 56 09 76 63            \n        <\/div>\n        <div class=\"ls-infos__mail\">\n            <i class=\"fas fa-envelope\"><\/i> contact@domainelescarrelets.com        <\/div>\n\n        <div class=\"ls-infos__adresse\">\n            <i class='fas fa-map-marker-alt'><\/i>\n            <div class=\"ls-infos__adresse--content\">\n                126, Route des Lacs <br \/>\n                33780                Soulac sur Mer            <\/div>\n        <\/div>\n    <\/div>\n<\/div>\n\n\n<h2 class=\"ls__heading wp-block-heading has-text-align-left deco\">\u00d6ffnungszeiten Empfang<\/h2>\n\n\n\n<p class=\"ls-paragraph has-text-align-left\"><strong>In der Nebensaison :<\/strong><br>Sonntag bis Freitag: 09h &#8211; 12h \/ 14h &#8211; 18h<br>Samstag: 08h &#8211; 20h<\/p>\n\n\n\n<p class=\"ls-paragraph has-text-align-left\"><strong>In der Hochsaison (Juli \/ August) :<\/strong><br>08:00 &#8211; 20:00 Uhr t\u00e4glich<\/p>\n<\/div>\n\n\n\n<div class=\"wp-block-column is-layout-flow wp-block-column-is-layout-flow\">\n<div class=\"wp-block-contact-form-7-contact-form-selector\">\n<div class=\"wpcf7 no-js\" id=\"wpcf7-f6767-o1\" lang=\"de-DE\" dir=\"ltr\" data-wpcf7-id=\"6767\">\n<div class=\"screen-reader-response\"><p role=\"status\" aria-live=\"polite\" aria-atomic=\"true\"><\/p> <ul><\/ul><\/div>\n<form action=\"\/de\/wp-json\/wp\/v2\/pages\/6996#wpcf7-f6767-o1\" method=\"post\" class=\"wpcf7-form init\" aria-label=\"Kontaktformular\" novalidate=\"novalidate\" data-status=\"init\">\n<fieldset class=\"hidden-fields-container\"><input type=\"hidden\" name=\"_wpcf7\" value=\"6767\" \/><input type=\"hidden\" name=\"_wpcf7_version\" value=\"6.1.2\" \/><input type=\"hidden\" name=\"_wpcf7_locale\" value=\"de_DE\" \/><input type=\"hidden\" name=\"_wpcf7_unit_tag\" value=\"wpcf7-f6767-o1\" \/><input type=\"hidden\" name=\"_wpcf7_container_post\" value=\"0\" \/><input type=\"hidden\" name=\"_wpcf7_posted_data_hash\" value=\"\" \/><input type=\"hidden\" name=\"_wpcf7_recaptcha_response\" value=\"\" \/>\n<\/fieldset>\n<p><label> Ihr Name<br \/>\n<span class=\"wpcf7-form-control-wrap\" data-name=\"your-name\"><input size=\"40\" maxlength=\"400\" class=\"wpcf7-form-control wpcf7-text wpcf7-validates-as-required\" aria-required=\"true\" aria-invalid=\"false\" value=\"\" type=\"text\" name=\"your-name\" \/><\/span> <\/label>\n<\/p>\n<p><label> Deine E-Mail<br \/>\n<span class=\"wpcf7-form-control-wrap\" data-name=\"your-email\"><input size=\"40\" maxlength=\"400\" class=\"wpcf7-form-control wpcf7-email wpcf7-validates-as-required wpcf7-text wpcf7-validates-as-email\" aria-required=\"true\" aria-invalid=\"false\" value=\"\" type=\"email\" name=\"your-email\" \/><\/span> <\/label>\n<\/p>\n<p><label> Thema<br \/>\n<span class=\"wpcf7-form-control-wrap\" data-name=\"your-subject\"><input size=\"40\" maxlength=\"400\" class=\"wpcf7-form-control wpcf7-text wpcf7-validates-as-required\" aria-required=\"true\" aria-invalid=\"false\" value=\"\" type=\"text\" name=\"your-subject\" \/><\/span> <\/label>\n<\/p>\n<p><label> Nachricht<br \/>\n<span class=\"wpcf7-form-control-wrap\" data-name=\"your-message\"><textarea cols=\"40\" rows=\"10\" maxlength=\"2000\" class=\"wpcf7-form-control wpcf7-textarea\" aria-invalid=\"false\" name=\"your-message\"><\/textarea><\/span> <\/label>\n<\/p>\n<p><span class=\"wpcf7-form-control-wrap\" data-name=\"acceptance-553\"><span class=\"wpcf7-form-control wpcf7-acceptance\"><span class=\"wpcf7-list-item\"><label><input type=\"checkbox\" name=\"acceptance-553\" value=\"1\" aria-invalid=\"false\" \/><span class=\"wpcf7-list-item-label\">Indem ich dieses K\u00e4stchen ankreuze, stimme ich der <a href=\"\/de\/datenschutzrichtlinie\/\" rel=\"nofollow\" target=\"_blank\">Datenschutzrichtlinie<\/a> dieser Website zu.<\/span><\/label><\/span><\/span><\/span><br \/>\n<input class=\"wpcf7-form-control wpcf7-submit has-spinner\" type=\"submit\" value=\"Senden Sie\" \/>\n<\/p><div class=\"wpcf7-response-output\" aria-hidden=\"true\"><\/div>\n<\/form>\n<\/div>\n<\/div>\n<\/div>\n<\/div>\n\n\r\n    <\/div>\r\n<\/section>\n\n<section id=\"ls-section-block_ff7264c1c5c5230d0a2d1b25724af6c1\" class=\"ls-section  page-three has-background has-color-4-background-color has-p-t p-t-14 has-p-b p-b-5\" >\r\n        <div class=\"container container--wide\">\r\n        \n\n<div class=\"wp-block-columns page-one is-layout-flex wp-container-core-columns-is-layout-9d6595d7 wp-block-columns-is-layout-flex\">\n<div class=\"wp-block-column is-layout-flow wp-block-column-is-layout-flow\">\n<h2 class=\"ls__heading wp-block-heading deco\">Wie kann ich <em>kommen <\/em>?<\/h2>\n\n\n\n<p class=\"ls-paragraph\"><strong>Campingplatz Yelloh! Dorf<\/strong> <strong>Dom\u00e4ne Les Carrelets de Soulac<\/strong><br>126, Route des Lacs<br>33780 Soulac sur Mer<br>05.56.09.76.63<\/p>\n<\/div>\n\n\n\n<div class=\"wp-block-column is-layout-flow wp-block-column-is-layout-flow\">\n<h2 class=\"ls__heading wp-block-heading deco\">Zugang<\/h2>\n\n\n\n<p class=\"ls-paragraph\"><strong>Mit dem Auto zum <a href=\"https:\/\/www.domainelescarrelets.com\/de\/\">Campingplatz von Soulac-sur-Mer<\/a> kommen:<\/strong> 2 M\u00f6glichkeiten<\/p>\n\n\n\n<ul class=\"ls-list wp-block-list\">\n<li>\u00dcber die Autobahn A10 bis Bordeaux (Bordeaux \/ Merdrignac),<br>dann die Umgehungsstra\u00dfe Ausfahrt Nr. 8 nach Le Verdon \u00fcber die D1215 bis Soulac, dann Route des Lacs.<\/li>\n\n\n\n<li>\u00dcber La Rochelle, Rochefort und Royan, dann die F\u00e4hre nehmen<br>um die gironde bis Le Verdon zu \u00fcberqueren, Soulac, dann route des Lacs.<\/li>\n<\/ul>\n\n\n\n<p class=\"ls-paragraph\"><strong>Mit dem Zug:<\/strong> Der Bahnhof von Soulac-sur-Mer, 3 km vom Campingplatz entfernt, ist<br>die von den Z\u00fcgen direkt aus Bordeaux bedient wird.<\/p>\n\n\n\n<p class=\"ls-paragraph\"><strong>Mit dem Flugzeug:<\/strong> Der n\u00e4chstgelegene Flughafen ist Bordeaux-M\u00e9rignac.<\/p>\n\n\n\n<p class=\"ls-paragraph\">GPS-Koordinaten:<br>45.48351090 \/ -1.11847660<\/p>\n<\/div>\n<\/div>\n\n\r\n    <\/div>\r\n<\/section>\n\n\n<iframe src=\"https:\/\/www.google.com\/maps\/embed?pb=!1m18!1m12!1m3!1d2797.3194806127867!2d-1.1184766!3d45.4835109!2m3!1f0!2f0!3f0!3m2!1i1024!2i768!4f13.1!3m3!1m2!1s0x48018454e1502aa1%3A0xe848ffeca5732001!2s126%20Rte%20des%20Lacs%2C%2033780%20Soulac-sur-Mer!5e0!3m2!1sfr!2sfr!4v1697550295683!5m2!1sfr!2sfr\" width=\"100%\" height=\"550\" style=\"border:0;\" allowfullscreen=\"\" loading=\"lazy\" referrerpolicy=\"no-referrer-when-downgrade\"><\/iframe>\n\n\n<section id=\"ls-section-block_f58dff68ce1969c1bf95cfe73d8de9bc\" class=\"ls-section  page-one has-p-t p-t-14 has-p-b p-b-14\" >\r\n        <div class=\"container container--wide\">\r\n        \n\n<div class=\"wp-block-columns is-layout-flex wp-container-core-columns-is-layout-9d6595d7 wp-block-columns-is-layout-flex\">\n<div class=\"wp-block-column is-layout-flow wp-block-column-is-layout-flow\" style=\"flex-basis:66.66%\">\n<figure class=\"wp-block-image size-large\"><img decoding=\"async\" width=\"1024\" height=\"682\" src=\"https:\/\/www.domainelescarrelets.com\/wp-content\/uploads\/2023\/10\/reception-camping-les-carrelets-1024x682.webp\" alt=\"rezeption camping les carrelets\" class=\"wp-image-973\" srcset=\"https:\/\/www.domainelescarrelets.com\/wp-content\/uploads\/2023\/10\/reception-camping-les-carrelets-1024x682.webp 1024w, https:\/\/www.domainelescarrelets.com\/wp-content\/uploads\/2023\/10\/reception-camping-les-carrelets-300x200.webp 300w, https:\/\/www.domainelescarrelets.com\/wp-content\/uploads\/2023\/10\/reception-camping-les-carrelets-768x512.webp 768w, https:\/\/www.domainelescarrelets.com\/wp-content\/uploads\/2023\/10\/reception-camping-les-carrelets-1536x1024.webp 1536w, https:\/\/www.domainelescarrelets.com\/wp-content\/uploads\/2023\/10\/reception-camping-les-carrelets.webp 2000w\" sizes=\"(max-width: 1024px) 100vw, 1024px\" \/><\/figure>\n<\/div>\n\n\n\n<div class=\"wp-block-column is-vertically-aligned-center is-layout-flow wp-block-column-is-layout-flow\" style=\"flex-basis:33.33%\">\n<h2 class=\"ls__heading wp-block-heading deco\">Ihre Ankunft, Ihre Abreise und die <em>Schl\u00fcssel\u00fcbergabe<\/em><\/h2>\n\n\n\n<p class=\"ls-paragraph\"><strong>Um am Tag Ihrer Ankunft Zeit zu sparen, denken Sie bitte daran, zu \u00fcberpr\u00fcfen, ob Ihre Unterlagen vollst\u00e4ndig sind und ob der Restbetrag vollst\u00e4ndig beglichen wurde.<\/strong><\/p>\n\n\n\n<p class=\"ls-paragraph\">Die Unterk\u00fcnfte sind ab 17 Uhr garantiert und m\u00fcssen am Abreisetag vor 10 Uhr ger\u00e4umt werden.<\/p>\n\n\n\n<p class=\"ls-paragraph\">Im Falle einer Anreise nach Schlie\u00dfung der Rezeption kontaktieren Sie uns bitte.<\/p>\n\n\n\n<p class=\"ls-paragraph\">Die Unterk\u00fcnfte werden 24 Stunden lang nach dem geplanten Ankunftsdatum aufbewahrt.<\/p>\n\n\n\n<p class=\"ls-paragraph\">Nach Ablauf dieser Frist werden sie nicht mehr f\u00fcr Sie reserviert und die gesamten Kosten f\u00fcr Ihren Aufenthalt werden einbehalten.<\/p>\n<\/div>\n<\/div>\n\n\r\n    <\/div>\r\n<\/section>\n\n<section id=\"ls-section-block_2f0126d53643a5de6370e264317a99d4\" class=\"ls-section  home-hebergements page has-background has-color-4-background-color\" >\r\n        <div class=\"container container--wide\">\r\n        \n\n<div class=\"wp-block-columns is-layout-flex wp-container-core-columns-is-layout-9d6595d7 wp-block-columns-is-layout-flex\">\n<div class=\"wp-block-column is-vertically-aligned-center is-layout-flow wp-block-column-is-layout-flow\" style=\"flex-basis:33.33%\">\n<h2 class=\"ls__heading wp-block-heading deco\">Optionen<\/h2>\n\n\n\n<p class=\"ls-paragraph\"><strong>Kaution (vor Ort oder online zu zahlen):<\/strong> Bei Ihrer Ankunft wird eine Kaution von 100\u20ac\/Unterkunft verlangt. Sie wird nach Ihrer Abreise und nach der \u00dcberpr\u00fcfung der Unterkunft durch unser Reinigungsteam zur\u00fcckerstattet. Die Reinigung muss von Ihnen selbst vorgenommen werden (au\u00dfer bei den Unterk\u00fcnften &#8222;Cabane luxe&#8220;, bei denen die Reinigungspauschale inbegriffen ist). Die Unterkunft muss am Tag der Abreise in perfektem Sauberkeitszustand hinterlassen werden, andernfalls wird eine vollst\u00e4ndige Reinigung mit 95\u20ac berechnet.<\/p>\n\n\n\n<p class=\"ls-paragraph\"><strong>Kurtaxe (vor Ort zu zahlen)<\/strong>: 0.80\u20ac\/Tag\/Person + 18 Jahre<\/p>\n\n\n\n<p class=\"ls-paragraph\"><strong>Tiere (vor Ort zu bezahlen):<\/strong> Wie auf unserer Domaine Les Or\u00e9ades ist in den Mietunterk\u00fcnften nur ein Tier (Impfpass erforderlich) gegen eine Geb\u00fchr von 6\u20ac pro Nacht, d.h. 42\u20ac pro Woche, erlaubt. Es muss an der Leine gehalten werden und darf niemals allein, auch nicht angebunden, auf dem Stellplatz oder in der Unterkunft zur\u00fcckgelassen werden. Tiere sind in den Luxush\u00fctten mit SPA verboten.<br>Hunde der 1. und 2. Kategorie sind auf dem Campingplatz verboten.<\/p>\n<\/div>\n\n\n\n<div class=\"wp-block-column is-layout-flow wp-block-column-is-layout-flow\" style=\"flex-basis:66.66%\">\n<figure class=\"wp-block-image size-full\"><img decoding=\"async\" width=\"2000\" height=\"1332\" src=\"https:\/\/www.domainelescarrelets.com\/wp-content\/uploads\/2023\/10\/camping-soulac-gironde-edited-1.webp\" alt=\"campingplatz soulac gironde\" class=\"wp-image-1256\" srcset=\"https:\/\/www.domainelescarrelets.com\/wp-content\/uploads\/2023\/10\/camping-soulac-gironde-edited-1.webp 2000w, https:\/\/www.domainelescarrelets.com\/wp-content\/uploads\/2023\/10\/camping-soulac-gironde-edited-1-300x200.webp 300w, https:\/\/www.domainelescarrelets.com\/wp-content\/uploads\/2023\/10\/camping-soulac-gironde-edited-1-1024x682.webp 1024w, https:\/\/www.domainelescarrelets.com\/wp-content\/uploads\/2023\/10\/camping-soulac-gironde-edited-1-768x511.webp 768w, https:\/\/www.domainelescarrelets.com\/wp-content\/uploads\/2023\/10\/camping-soulac-gironde-edited-1-1536x1023.webp 1536w\" sizes=\"(max-width: 2000px) 100vw, 2000px\" \/><\/figure>\n<\/div>\n<\/div>\n\n\r\n    <\/div>\r\n<\/section>\n\n<section id=\"ls-section-block_cef4041e4ef395a701d8dc3ac9c4470c\" class=\"ls-section  page-one\" >\r\n        <div class=\"container container--wide\">\r\n        \n\n<div class=\"wp-block-columns is-layout-flex wp-container-core-columns-is-layout-9d6595d7 wp-block-columns-is-layout-flex\">\n<div class=\"wp-block-column is-layout-flow wp-block-column-is-layout-flow\" style=\"flex-basis:66.66%\">\n<figure class=\"wp-block-image size-large\"><img decoding=\"async\" src=\"https:\/\/www.domainelescarrelets.com\/wp-content\/uploads\/2023\/10\/reception-soulac-sur-mer-2-1024x681.webp\" alt=\"rezeption soulac sur mer\" class=\"wp-image-6504\"\/><\/figure>\n<\/div>\n\n\n\n<div class=\"wp-block-column is-vertically-aligned-center is-layout-flow wp-block-column-is-layout-flow\" style=\"flex-basis:33.33%\">\n<p class=\"ls-paragraph\"><strong>Minderj\u00e4hrige, die nicht<\/strong> von ihren Eltern <strong>begleitet<\/strong> werden, d\u00fcrfen nicht auf den Campingplatz.<\/p>\n\n\n\n<ul class=\"ls-list wp-block-list\">\n<li>Eine Mietstruktur wird namentlich vermietet und darf unter keinen Umst\u00e4nden untervermietet werden. Jede Person, die nicht auf dem Mietvertrag eingetragen ist, wird als Zuschlag zum Pauschalpreis betrachtet (siehe g\u00fcltiger Campingplatztarif).<\/li>\n\n\n\n<li>Badeshorts sind im gesamten Wasserbereich verboten. Es sind nur Badeslips (oder Shortys) erlaubt.<\/li>\n\n\n\n<li>Alle Kinder unter 8 Jahren und Kinder, die nicht schwimmen k\u00f6nnen, m\u00fcssen zwingend von einem Erwachsenen begleitet werden, um Zugang zum Wasserbereich zu erhalten.<\/li>\n\n\n\n<li>Traditionelle Grills sind verboten. Gasplanchas k\u00f6nnen an der Rezeption ausgeliehen werden.<\/li>\n\n\n\n<li>Alle Personen, die sich auf dem Campingplatz Les Lacs aufhalten, m\u00fcssen sich an die Regeln und Pflichten des Campingplatzes halten (Hausordnung auf Anfrage erh\u00e4ltlich und am Eingang des Anwesens ausgeh\u00e4ngt).<\/li>\n<\/ul>\n<\/div>\n<\/div>\n\n\r\n    <\/div>\r\n<\/section>\n\n<section id=\"ls-section-block_ff7264c1c5c5230d0a2d1b25724af6c1\" class=\"ls-section  page-three has-background has-color-4-background-color has-p-t p-t-14 has-p-b p-b-5\" >\r\n        <div class=\"container container--wide\">\r\n        \n\n<div class=\"wp-block-columns page-one is-layout-flex wp-container-core-columns-is-layout-9d6595d7 wp-block-columns-is-layout-flex\">\n<div class=\"wp-block-column is-layout-flow wp-block-column-is-layout-flow\">\n<h2 class=\"ls__heading wp-block-heading deco\">Leistungen der Einrichtung<br>in der Miete enthalten :<\/h2>\n\n\n\n<ul class=\"ls-list wp-block-list\">\n<li>Spielplatz f\u00fcr Kinder<\/li>\n\n\n\n<li>Kinderanimation: Kinderclub (4\/8 und 9\/12 Jahre) &#8211; im Juli\/August<\/li>\n\n\n\n<li>Teenager-Animation: Teenager-Club (13\/17 Jahre) &#8211; im Juli\/August &#8211; Familienanimation: tags\u00fcber und abends &#8211; im Juli\/August<\/li>\n\n\n\n<li>Sportliche Animationen: tags\u00fcber und abends &#8211; im Juli\/August<\/li>\n\n\n\n<li>Klimaanlage in den Unterk\u00fcnften inbegriffen<\/li>\n\n\n\n<li>Au\u00dfenpool mit Planschbecken &#8211; freier Zugang zu den \u00d6ffnungszeiten (vor Ort zu erfragen)<\/li>\n\n\n\n<li>Beheiztes Hallenbad &#8211; freier Zugang zu den \u00d6ffnungszeiten (vor Ort zu erfragen)<\/li>\n\n\n\n<li>Parkplatz: 1 Platz\/Miete<\/li>\n\n\n\n<li>Tischtennis<\/li>\n\n\n\n<li>P\u00e9tanque<\/li>\n\n\n\n<li>Multisportplatz<\/li>\n\n\n\n<li>Fernsehen<\/li>\n<\/ul>\n<\/div>\n\n\n\n<div class=\"wp-block-column is-layout-flow wp-block-column-is-layout-flow\">\n<h2 class=\"ls__heading wp-block-heading deco\">Kostenpflichtige Leistung<br>(vor Ort zu zahlen) :<\/h2>\n\n\n\n<ul class=\"ls-list wp-block-list\">\n<li>Wifi-Zugang: auf dem gesamten Gel\u00e4nde &#8211; gegen Aufpreis &#8211; 2\u20ac\/Tag\/Ger\u00e4t.<\/li>\n\n\n\n<li>Babyset (Babybett &#8211; ohne Matratze + Stuhl + Babybadewanne): 6\u20ac\/Nacht, d.h. 42\u20ac pro Woche &#8211; auf Reservierung und je nach Verf\u00fcgbarkeit.<\/li>\n\n\n\n<li>Endreinigungspauschale: optional: 95\u20ac f\u00fcr einen Aufenthalt im Mobilheim &#8211; 190\u20ac f\u00fcr einen Aufenthalt im Twin.<\/li>\n\n\n\n<li>W\u00e4scherei: zus\u00e4tzlich &#8211; siehe Preisliste und Bezahlung vor Ort.<\/li>\n\n\n\n<li>Bettw\u00e4sche : 18\u20ac\/Einzelbett &#8211; 18\u20ac\/Doppelbett &#8211; auf Vorbestellung und je nach Verf\u00fcgbarkeit.<\/li>\n\n\n\n<li>Handt\u00fccher: 12\u20ac\/Set (2 Handt\u00fccher) &#8211; auf Vorbestellung und je nach Verf\u00fcgbarkeit.<\/li>\n\n\n\n<li>Gasplancha: 10\u20ac\/Tag oder 50\u20ac\/Woche.<\/li>\n\n\n\n<li>Restaurant &#8211; Snack &#8211; Gerichte zum Mitnehmen &#8211; die ganze Saison \u00fcber ge\u00f6ffnet<\/li>\n<\/ul>\n<\/div>\n<\/div>\n\n\r\n    <\/div>\r\n<\/section>\n\n<section id=\"ls-section-block_285dd61fcad7a486efab7ffb5d46712b\" class=\"ls-section  page-three has-background has-color-white-background-color has-p-t p-t-14 has-p-b p-b-14\" >\r\n        <div class=\"container container--wide\">\r\n        \n\n<div class=\"wp-block-columns is-layout-flex wp-container-core-columns-is-layout-9d6595d7 wp-block-columns-is-layout-flex\">\n<div class=\"wp-block-column is-layout-flow wp-block-column-is-layout-flow\">\n<h2 class=\"ls__heading wp-block-heading has-text-align-center deco-top-center\"><strong>Zu beachten:<\/strong><\/h2>\n\n\n\n<p class=\"ls-paragraph has-text-align-center\">bestimmte Dienstleistungen, Animationen oder Gesch\u00e4fte au\u00dferhalb von Juli\/August nicht garantiert werden k\u00f6nnen.<\/p>\n\n\n\n<p class=\"ls-paragraph has-text-align-center\">Die angegebenen Zeiten und Preise sind unverbindlich, \u00c4nderungen vorbehalten.<\/p>\n<\/div>\n<\/div>\n\n\r\n    <\/div>\r\n<\/section>","protected":false},"excerpt":{"rendered":"","protected":false},"author":1,"featured_media":976,"parent":0,"menu_order":0,"comment_status":"closed","ping_status":"closed","template":"","meta":{"_acf_changed":false,"inline_featured_image":false,"footnotes":""},"sujet":[],"class_list":["post-6996","page","type-page","status-publish","has-post-thumbnail","hentry"],"acf":[],"yoast_head":"<!-- This site is optimized with the Yoast SEO plugin v24.5 - https:\/\/yoast.com\/wordpress\/plugins\/seo\/ -->\n<title>Kontakt Domaine les Carrelets: Kontaktieren Sie unseren Campingplatz in Soulac in der Gironde<\/title>\n<meta name=\"robots\" content=\"index, follow, max-snippet:-1, max-image-preview:large, max-video-preview:-1\" \/>\n<link rel=\"canonical\" href=\"https:\/\/www.domainelescarrelets.com\/de\/kontakt\/\" \/>\n<meta property=\"og:locale\" content=\"de_DE\" \/>\n<meta property=\"og:type\" content=\"article\" \/>\n<meta property=\"og:title\" content=\"Kontakt Domaine les Carrelets: Kontaktieren Sie unseren Campingplatz in Soulac in der Gironde\" \/>\n<meta property=\"og:url\" content=\"https:\/\/www.domainelescarrelets.com\/de\/kontakt\/\" \/>\n<meta property=\"og:site_name\" content=\"Domaine Les Carrelets de Soulac\" \/>\n<meta property=\"article:modified_time\" content=\"2024-05-16T09:38:36+00:00\" \/>\n<meta property=\"og:image\" content=\"https:\/\/www.domainelescarrelets.com\/wp-content\/uploads\/2023\/10\/reception-camping-les-carrelets.webp\" \/>\n\t<meta property=\"og:image:width\" content=\"2000\" \/>\n\t<meta property=\"og:image:height\" content=\"1333\" \/>\n\t<meta property=\"og:image:type\" content=\"image\/webp\" \/>\n<meta name=\"twitter:card\" content=\"summary_large_image\" \/>\n<meta name=\"twitter:label1\" content=\"Gesch\u00e4tzte Lesezeit\" \/>\n\t<meta name=\"twitter:data1\" content=\"5\u00a0Minuten\" \/>\n<script type=\"application\/ld+json\" class=\"yoast-schema-graph\">{\"@context\":\"https:\/\/schema.org\",\"@graph\":[{\"@type\":\"WebPage\",\"@id\":\"https:\/\/www.domainelescarrelets.com\/de\/kontakt\/\",\"url\":\"https:\/\/www.domainelescarrelets.com\/de\/kontakt\/\",\"name\":\"Kontakt Domaine les Carrelets: Kontaktieren Sie unseren Campingplatz in Soulac in der Gironde\",\"isPartOf\":{\"@id\":\"https:\/\/www.domainelescarrelets.com\/de\/#website\"},\"primaryImageOfPage\":{\"@id\":\"https:\/\/www.domainelescarrelets.com\/de\/kontakt\/#primaryimage\"},\"image\":{\"@id\":\"https:\/\/www.domainelescarrelets.com\/de\/kontakt\/#primaryimage\"},\"thumbnailUrl\":\"https:\/\/www.domainelescarrelets.com\/wp-content\/uploads\/2023\/10\/reception-camping-les-carrelets.webp\",\"datePublished\":\"2023-10-10T14:09:12+00:00\",\"dateModified\":\"2024-05-16T09:38:36+00:00\",\"breadcrumb\":{\"@id\":\"https:\/\/www.domainelescarrelets.com\/de\/kontakt\/#breadcrumb\"},\"inLanguage\":\"de\",\"potentialAction\":[{\"@type\":\"ReadAction\",\"target\":[\"https:\/\/www.domainelescarrelets.com\/de\/kontakt\/\"]}]},{\"@type\":\"ImageObject\",\"inLanguage\":\"de\",\"@id\":\"https:\/\/www.domainelescarrelets.com\/de\/kontakt\/#primaryimage\",\"url\":\"https:\/\/www.domainelescarrelets.com\/wp-content\/uploads\/2023\/10\/reception-camping-les-carrelets.webp\",\"contentUrl\":\"https:\/\/www.domainelescarrelets.com\/wp-content\/uploads\/2023\/10\/reception-camping-les-carrelets.webp\",\"width\":2000,\"height\":1333,\"caption\":\"rezeption camping les carrelets\"},{\"@type\":\"BreadcrumbList\",\"@id\":\"https:\/\/www.domainelescarrelets.com\/de\/kontakt\/#breadcrumb\",\"itemListElement\":[{\"@type\":\"ListItem\",\"position\":1,\"name\":\"Camping Soulac-sur-Mer\",\"item\":\"https:\/\/www.domainelescarrelets.com\/de\/\"},{\"@type\":\"ListItem\",\"position\":2,\"name\":\"Kontakt und praktische Infos\"}]},{\"@type\":\"WebSite\",\"@id\":\"https:\/\/www.domainelescarrelets.com\/de\/#website\",\"url\":\"https:\/\/www.domainelescarrelets.com\/de\/\",\"name\":\"Domaine Les Carrelets de Soulac\",\"description\":\"\",\"publisher\":{\"@id\":\"https:\/\/www.domainelescarrelets.com\/de\/#organization\"},\"potentialAction\":[{\"@type\":\"SearchAction\",\"target\":{\"@type\":\"EntryPoint\",\"urlTemplate\":\"https:\/\/www.domainelescarrelets.com\/de\/?s={search_term_string}\"},\"query-input\":{\"@type\":\"PropertyValueSpecification\",\"valueRequired\":true,\"valueName\":\"search_term_string\"}}],\"inLanguage\":\"de\"},{\"@type\":\"Organization\",\"@id\":\"https:\/\/www.domainelescarrelets.com\/de\/#organization\",\"name\":\"Domaine Les Carrelets de Soulac\",\"url\":\"https:\/\/www.domainelescarrelets.com\/de\/\",\"logo\":{\"@type\":\"ImageObject\",\"inLanguage\":\"de\",\"@id\":\"https:\/\/www.domainelescarrelets.com\/de\/#\/schema\/logo\/image\/\",\"url\":\"https:\/\/www.domainelescarrelets.com\/wp-content\/uploads\/2023\/10\/cropped-cropped-les-carrelets-soulac.webp\",\"contentUrl\":\"https:\/\/www.domainelescarrelets.com\/wp-content\/uploads\/2023\/10\/cropped-cropped-les-carrelets-soulac.webp\",\"width\":490,\"height\":175,\"caption\":\"Domaine Les Carrelets de Soulac\"},\"image\":{\"@id\":\"https:\/\/www.domainelescarrelets.com\/de\/#\/schema\/logo\/image\/\"}}]}<\/script>\n<!-- \/ Yoast SEO plugin. -->","yoast_head_json":{"title":"Kontakt Domaine les Carrelets: Kontaktieren Sie unseren Campingplatz in Soulac in der Gironde","robots":{"index":"index","follow":"follow","max-snippet":"max-snippet:-1","max-image-preview":"max-image-preview:large","max-video-preview":"max-video-preview:-1"},"canonical":"https:\/\/www.domainelescarrelets.com\/de\/kontakt\/","og_locale":"de_DE","og_type":"article","og_title":"Kontakt Domaine les Carrelets: Kontaktieren Sie unseren Campingplatz in Soulac in der Gironde","og_url":"https:\/\/www.domainelescarrelets.com\/de\/kontakt\/","og_site_name":"Domaine Les Carrelets de Soulac","article_modified_time":"2024-05-16T09:38:36+00:00","og_image":[{"width":2000,"height":1333,"url":"https:\/\/www.domainelescarrelets.com\/wp-content\/uploads\/2023\/10\/reception-camping-les-carrelets.webp","type":"image\/webp"}],"twitter_card":"summary_large_image","twitter_misc":{"Gesch\u00e4tzte Lesezeit":"5\u00a0Minuten"},"schema":{"@context":"https:\/\/schema.org","@graph":[{"@type":"WebPage","@id":"https:\/\/www.domainelescarrelets.com\/de\/kontakt\/","url":"https:\/\/www.domainelescarrelets.com\/de\/kontakt\/","name":"Kontakt Domaine les Carrelets: Kontaktieren Sie unseren Campingplatz in Soulac in der Gironde","isPartOf":{"@id":"https:\/\/www.domainelescarrelets.com\/de\/#website"},"primaryImageOfPage":{"@id":"https:\/\/www.domainelescarrelets.com\/de\/kontakt\/#primaryimage"},"image":{"@id":"https:\/\/www.domainelescarrelets.com\/de\/kontakt\/#primaryimage"},"thumbnailUrl":"https:\/\/www.domainelescarrelets.com\/wp-content\/uploads\/2023\/10\/reception-camping-les-carrelets.webp","datePublished":"2023-10-10T14:09:12+00:00","dateModified":"2024-05-16T09:38:36+00:00","breadcrumb":{"@id":"https:\/\/www.domainelescarrelets.com\/de\/kontakt\/#breadcrumb"},"inLanguage":"de","potentialAction":[{"@type":"ReadAction","target":["https:\/\/www.domainelescarrelets.com\/de\/kontakt\/"]}]},{"@type":"ImageObject","inLanguage":"de","@id":"https:\/\/www.domainelescarrelets.com\/de\/kontakt\/#primaryimage","url":"https:\/\/www.domainelescarrelets.com\/wp-content\/uploads\/2023\/10\/reception-camping-les-carrelets.webp","contentUrl":"https:\/\/www.domainelescarrelets.com\/wp-content\/uploads\/2023\/10\/reception-camping-les-carrelets.webp","width":2000,"height":1333,"caption":"rezeption camping les carrelets"},{"@type":"BreadcrumbList","@id":"https:\/\/www.domainelescarrelets.com\/de\/kontakt\/#breadcrumb","itemListElement":[{"@type":"ListItem","position":1,"name":"Camping Soulac-sur-Mer","item":"https:\/\/www.domainelescarrelets.com\/de\/"},{"@type":"ListItem","position":2,"name":"Kontakt und praktische Infos"}]},{"@type":"WebSite","@id":"https:\/\/www.domainelescarrelets.com\/de\/#website","url":"https:\/\/www.domainelescarrelets.com\/de\/","name":"Domaine Les Carrelets de Soulac","description":"","publisher":{"@id":"https:\/\/www.domainelescarrelets.com\/de\/#organization"},"potentialAction":[{"@type":"SearchAction","target":{"@type":"EntryPoint","urlTemplate":"https:\/\/www.domainelescarrelets.com\/de\/?s={search_term_string}"},"query-input":{"@type":"PropertyValueSpecification","valueRequired":true,"valueName":"search_term_string"}}],"inLanguage":"de"},{"@type":"Organization","@id":"https:\/\/www.domainelescarrelets.com\/de\/#organization","name":"Domaine Les Carrelets de Soulac","url":"https:\/\/www.domainelescarrelets.com\/de\/","logo":{"@type":"ImageObject","inLanguage":"de","@id":"https:\/\/www.domainelescarrelets.com\/de\/#\/schema\/logo\/image\/","url":"https:\/\/www.domainelescarrelets.com\/wp-content\/uploads\/2023\/10\/cropped-cropped-les-carrelets-soulac.webp","contentUrl":"https:\/\/www.domainelescarrelets.com\/wp-content\/uploads\/2023\/10\/cropped-cropped-les-carrelets-soulac.webp","width":490,"height":175,"caption":"Domaine Les Carrelets de Soulac"},"image":{"@id":"https:\/\/www.domainelescarrelets.com\/de\/#\/schema\/logo\/image\/"}}]}},"_links":{"self":[{"href":"https:\/\/www.domainelescarrelets.com\/de\/wp-json\/wp\/v2\/pages\/6996","targetHints":{"allow":["GET"]}}],"collection":[{"href":"https:\/\/www.domainelescarrelets.com\/de\/wp-json\/wp\/v2\/pages"}],"about":[{"href":"https:\/\/www.domainelescarrelets.com\/de\/wp-json\/wp\/v2\/types\/page"}],"author":[{"embeddable":true,"href":"https:\/\/www.domainelescarrelets.com\/de\/wp-json\/wp\/v2\/users\/1"}],"replies":[{"embeddable":true,"href":"https:\/\/www.domainelescarrelets.com\/de\/wp-json\/wp\/v2\/comments?post=6996"}],"version-history":[{"count":3,"href":"https:\/\/www.domainelescarrelets.com\/de\/wp-json\/wp\/v2\/pages\/6996\/revisions"}],"predecessor-version":[{"id":9284,"href":"https:\/\/www.domainelescarrelets.com\/de\/wp-json\/wp\/v2\/pages\/6996\/revisions\/9284"}],"wp:featuredmedia":[{"embeddable":true,"href":"https:\/\/www.domainelescarrelets.com\/de\/wp-json\/wp\/v2\/media\/976"}],"wp:attachment":[{"href":"https:\/\/www.domainelescarrelets.com\/de\/wp-json\/wp\/v2\/media?parent=6996"}],"wp:term":[{"taxonomy":"sujet","embeddable":true,"href":"https:\/\/www.domainelescarrelets.com\/de\/wp-json\/wp\/v2\/sujet?post=6996"}],"curies":[{"name":"wp","href":"https:\/\/api.w.org\/{rel}","templated":true}]}}