{"id":6783,"date":"2023-10-10T16:07:15","date_gmt":"2023-10-10T14:07:15","guid":{"rendered":"https:\/\/www.domainelescarrelets.com\/ubicacion-soulac-sur-mer\/"},"modified":"2025-02-25T18:00:26","modified_gmt":"2025-02-25T17:00:26","slug":"ubicacion-soulac-sur-mer","status":"publish","type":"page","link":"https:\/\/www.domainelescarrelets.com\/es\/ubicacion-soulac-sur-mer\/","title":{"rendered":"Todos nuestros alojamientos"},"content":{"rendered":"<section id=\"ls-section-block_cb8d12c685b12a930c4e59bb987e355e\" class=\"ls-section  page-two has-p-b p-b-0\" >\r\n        <div class=\"container container--wide\">\r\n        \n\n<h1 class=\"ls__heading wp-block-heading has-text-align-center\">Nuestros alquileres de vacaciones en Soulac-sur-Mer, Gironde<\/h1>\n\n\n\n<p class=\"ls-paragraph has-text-align-center\">Descubra nuestros<strong> alojamientos para sus vacaciones en Soulac-sur-Mer <\/strong>en el M\u00e9doc. Nuestro alojamiento tiene capacidad para 10 personas (5 habitaciones) y ofrece todo el confort necesario para unas <a href=\"https:\/\/www.domainelescarrelets.com\/es\/\">vacaciones de camping en Soulac<\/a>, cerca de la playa y del estuario de la Gironda. <\/p>\n\n\r\n    <\/div>\r\n<\/section><section id=\"ls-section-block_da70f93c5ceab4ff0b417d7540d103fc\" class=\"ls-section  home-hebergements page has-m-t m-t-8 has-p-t p-t-0 has-p-b p-b-0\" >\r\n        <div class=\"container container--wide\">\r\n        \n\n<h2 class=\"ls__heading wp-block-heading has-text-align-center m-b-0\">Nuestros tipos de mobil homes de alquiler para vacaciones<br\/><em>en Soulac-sur-Mer<\/em><\/h2>\n\n\n\n<p class=\"ls-paragraph has-text-align-center\">Para su pr\u00f3xima estancia en Nouvelle-Aquitaine, en el M\u00e9doc, reserve una <a href=\"https:\/\/www.domainelescarrelets.com\/es\/ubicacion-soulac-sur-mer\/alquiler-mobil-home-soulac-sur-mer\/\">casa m\u00f3vil en Gironde<\/a> de Domaine Les Carrelets como <strong>alquiler de vacaciones en Soulac<\/strong>. Ofrecemos 2 tipos de alojamiento para su estancia: <strong>casas m\u00f3viles con varias gamas o caba\u00f1as de lujo<\/strong>.  <\/p>\n\n\r\n    <\/div>\r\n<\/section><section id=\"ls-section-block_c6ca8e3282ee673dcfb0a23cc7d3200b\" class=\"ls-section  page-hebergements has-m-t m-t-10 has-p-b p-b-14\" >\r\n        <div class=\"container container--wide\">\r\n        \n\n<div id=\"ls-heading ls-titre-div-block_115480454ee597c50f839c3201240a9a\" class=\"ls-titre-div aligncenter h2-like\" >\n    Todos nuestros alojamientos<\/div>\n\n\n\n<div id=\"ls-hebergements-block_65650c402a62552358d104c4adb65452\" class=\"ls-hebergements\">\n\n    <div class=\"ls-customizer test\">\n    <div class=\"ls-customizer__filters\">\n        <div class=\"ls-customizer__filters__close\">\n            <i class=\"fas fa-times\"><\/i>\n        <\/div>\n\n        <div class=\"ls-customizer__filters__title\">\n            <b>Filtros<\/b>\n            <span class=\"ls-customizer__filters__clear\">Borrar filtros<i class=\"fas fa-times\"><\/i><\/span>\n        <\/div>\n\n        <div class=\"ls-customizer__orders\">\n            <i class=\"fas fa-sort\"><\/i>\n            <select class=\"select-tri\">\n                <option selected value=\"\">Ordenar por<\/option>\n                <option value=\"price-asc\">Subida de precios<\/option>\n                <option value=\"price-desc\">Precio descendente<\/option>\n            <\/select>\n        <\/div>\n\n        \n        <!-- Filtres ACF fields -->\n        \n                                            <!-- Filtre nombre_de_personnes -->\n                        <div class=\"filter\" id=\"filter-nombre_de_personnes\">\n                <div class=\"filter__title\">\n                    N\u00famero de personas                    <i class=\"fas fa-angle-down\"><\/i>\n                <\/div>\n\n                \n                <fieldset data-filter=\"nombre_de_personnes\" data-operator=\"&gt;=\" class=\"input\">\n                    <div><input type=\"radio\" name=\"nombre_de_personnes\" id=\"nombre_de_personnes-all\"  class=\"checkbox\" \/><label for='nombre_de_personnes-all'>Todos<\/label><\/div><div><input type=\"radio\" name=\"nombre-de-personnes\" id=\"nombre-de-personnes-1\" value=\"1\" class=\"checkbox\"><label for=\"nombre-de-personnes-1\">1 pers.<\/label><\/div><div><input type=\"radio\" name=\"nombre-de-personnes\" id=\"nombre-de-personnes-2\" value=\"2\" class=\"checkbox\"><label for=\"nombre-de-personnes-2\">2 pers.<\/label><\/div><div><input type=\"radio\" name=\"nombre-de-personnes\" id=\"nombre-de-personnes-3\" value=\"3\" class=\"checkbox\"><label for=\"nombre-de-personnes-3\">3 pers.<\/label><\/div><div><input type=\"radio\" name=\"nombre-de-personnes\" id=\"nombre-de-personnes-4\" value=\"4\" class=\"checkbox\"><label for=\"nombre-de-personnes-4\">4 pers.<\/label><\/div><div><input type=\"radio\" name=\"nombre-de-personnes\" id=\"nombre-de-personnes-5\" value=\"5\" class=\"checkbox\"><label for=\"nombre-de-personnes-5\">5 pers.<\/label><\/div><div><input type=\"radio\" name=\"nombre-de-personnes\" id=\"nombre-de-personnes-6\" value=\"6\" class=\"checkbox\"><label for=\"nombre-de-personnes-6\">6 pers.<\/label><\/div><div><input type=\"radio\" name=\"nombre-de-personnes\" id=\"nombre-de-personnes-7\" value=\"7\" class=\"checkbox\"><label for=\"nombre-de-personnes-7\">7 pers.<\/label><\/div><div><input type=\"radio\" name=\"nombre-de-personnes\" id=\"nombre-de-personnes-8\" value=\"8\" class=\"checkbox\"><label for=\"nombre-de-personnes-8\">8 pers.<\/label><\/div><div><input type=\"radio\" name=\"nombre-de-personnes\" id=\"nombre-de-personnes-9\" value=\"9\" class=\"checkbox\"><label for=\"nombre-de-personnes-9\">9 pers.<\/label><\/div><div><input type=\"radio\" name=\"nombre-de-personnes\" id=\"nombre-de-personnes-10\" value=\"10\" class=\"checkbox\"><label for=\"nombre-de-personnes-10\">10 pers.<\/label><\/div>                <\/fieldset>\n            <\/div>\n                                <!-- Filtre nombre_de_chambres -->\n                        <div class=\"filter\" id=\"filter-nombre_de_chambres\">\n                <div class=\"filter__title\">\n                    N\u00famero de habitaciones                    <i class=\"fas fa-angle-down\"><\/i>\n                <\/div>\n\n                \n                <fieldset data-filter=\"nombre_de_chambres\" data-operator=\"==\" class=\"input\">\n                    <div><input type=\"radio\" name=\"nombre_de_chambres\" id=\"nombre_de_chambres-all\"  class=\"checkbox\" \/><label for='nombre_de_chambres-all'>Todos<\/label><\/div><div><input type=\"radio\" name=\"nombre_de_chambres\" id=\"nombre_de_chambres-2\" value=\"2\" class=\"checkbox\"  \/><label for='nombre_de_chambres-2'>2 habitaciones<\/label><\/div><div><input type=\"radio\" name=\"nombre_de_chambres\" id=\"nombre_de_chambres-3\" value=\"3\" class=\"checkbox\"  \/><label for='nombre_de_chambres-3'>3 habitaciones<\/label><\/div><div><input type=\"radio\" name=\"nombre_de_chambres\" id=\"nombre_de_chambres-4\" value=\"4\" class=\"checkbox\"  \/><label for='nombre_de_chambres-4'>4 habitaciones<\/label><\/div><div><input type=\"radio\" name=\"nombre_de_chambres\" id=\"nombre_de_chambres-5\" value=\"5\" class=\"checkbox\"  \/><label for='nombre_de_chambres-5'>5 habitaciones<\/label><\/div>                <\/fieldset>\n            <\/div>\n                                <!-- Filtre options-hebergements -->\n                        <div class=\"filter\" id=\"filter-options-hebergements\">\n                <div class=\"filter__title\">\n                    Opciones                    <i class=\"fas fa-angle-down\"><\/i>\n                <\/div>\n\n                \n                <fieldset data-filter=\"options-hebergements\" data-operator=\"*=\" class=\"input\">\n                    <div><input type=\"checkbox\" name=\"options-hebergements\" id=\"options-hebergements-all\"  class=\"checkbox\" \/><label for='options-hebergements-all'>No<\/label><\/div><div><input type=\"checkbox\" name=\"options-hebergements\" id=\"options-hebergements-animaux-autorises\" value=\"animaux-autorises\" class=\"checkbox\"  \/><label for='options-hebergements-animaux-autorises'>se admiten mascotas\n<\/label><\/div><div><input type=\"checkbox\" name=\"options-hebergements\" id=\"options-hebergements-climatisation\" value=\"climatisation\" class=\"checkbox\"  \/><label for='options-hebergements-climatisation'>Climatisation<\/label><\/div><div><input type=\"checkbox\" name=\"options-hebergements\" id=\"options-hebergements-lave-vaisselle\" value=\"lave-vaisselle\" class=\"checkbox\"  \/><label for='options-hebergements-lave-vaisselle'>Lavavajillas\n<\/label><\/div><div><input type=\"checkbox\" name=\"options-hebergements\" id=\"options-hebergements-pmr\" value=\"pmr\" class=\"checkbox\"  \/><label for='options-hebergements-pmr'>PMR<\/label><\/div><div><input type=\"checkbox\" name=\"options-hebergements\" id=\"options-hebergements-plancha-gaz\" value=\"plancha-gaz\" class=\"checkbox\"  \/><label for='options-hebergements-plancha-gaz'>Plancha gaz<\/label><\/div><div><input type=\"checkbox\" name=\"options-hebergements\" id=\"options-hebergements-spa\" value=\"spa\" class=\"checkbox\"  \/><label for='options-hebergements-spa'>Spa<\/label><\/div>                <\/fieldset>\n            <\/div>\n        \n\n\n    <\/div>\n<\/div><div class=\"ls-hebergements__results\" data-row=\"3\" data-campings=\"false\" data-types=\"false\"><div class=\"ls-hebergement\" data-postid='11077' data-id-reservation='11' data-id-site='7578' data-id1='79698' data-nombre_de_personnes='6' data-nombre_de_chambres='3' data-last-update='2025-10-31 15:24:36' data-type='' data-options-hebergements='climatisation congelateur lave-vaisselle micro-ondes parking-1-place plancha-gaz refrigerateur salle-de-bain spa television terrasse wi-fi' data-gammes-hebergements=''>\n\t<a href=\"https:\/\/www.domainelescarrelets.com\/es\/hebergements\/cabane-6p-3-hab-2-ba-premium-spa\/#primary\" rel=\"noopener\" target=\"_blank\"\n\t\tclass=\"ls-hebergement__link\">\n\t\t<div class=\"ls-hebergement__thumb\">\n\t\t\t\t\t\t\t<img decoding=\"async\" src=\"https:\/\/www.domainelescarrelets.com\/wp-content\/uploads\/2025\/03\/Cabane-3ch-Premium-Facade.jpg\" alt=\"Cabane 6p 3 Hab 2 Ba Premium &#8211; SPA\" \/>\n\t\t\t\t\t\t\t\t\t<img decoding=\"async\" src=\"https:\/\/www.domainelescarrelets.com\/wp-content\/uploads\/2025\/03\/Cabane-3ch-Premium-Jacuzzi.jpg\" alt=\"Cabane 6p 3 Hab 2 Ba Premium &#8211; SPA\" \/>\n\t\t\t\t\t\t\t\t\t<img decoding=\"async\" src=\"https:\/\/www.domainelescarrelets.com\/wp-content\/uploads\/2025\/03\/Salon-Caraibes-ILBARITZ-3ch-V2.jpg\" alt=\"Cabane 6p 3 Hab 2 Ba Premium &#8211; SPA\" \/>\n\t\t\t\t\t\t\t\t\t<img decoding=\"async\" src=\"https:\/\/www.domainelescarrelets.com\/wp-content\/uploads\/2025\/03\/Cuisine-Caraibes.jpg\" alt=\"Cabane 6p 3 Hab 2 Ba Premium &#8211; SPA\" \/>\n\t\t\t\t\t\t\t\t\t<img decoding=\"async\" src=\"https:\/\/www.domainelescarrelets.com\/wp-content\/uploads\/2025\/03\/Chambre-Adultes-Caraibes.jpg\" alt=\"Cabane 6p 3 Hab 2 Ba Premium &#8211; SPA\" \/>\n\t\t\t\t\t\t\t\t\t<img decoding=\"async\" src=\"https:\/\/www.domainelescarrelets.com\/wp-content\/uploads\/2025\/03\/SDB-Caraibes-CH-Adultes.jpg\" alt=\"Cabane 6p 3 Hab 2 Ba Premium &#8211; SPA\" \/>\n\t\t\t\t\t\t\t\t\t<img decoding=\"async\" src=\"https:\/\/www.domainelescarrelets.com\/wp-content\/uploads\/2025\/03\/Chambre-Enfants-2-Caraibes.jpg\" alt=\"Cabane 6p 3 Hab 2 Ba Premium &#8211; SPA\" \/>\n\t\t\t\t\t\t\t\t\t<img decoding=\"async\" src=\"https:\/\/www.domainelescarrelets.com\/wp-content\/uploads\/2025\/03\/Chambre-Enfants-1-Caraibes.jpg\" alt=\"Cabane 6p 3 Hab 2 Ba Premium &#8211; SPA\" \/>\n\t\t\t\t\t\t\t\t\t<img decoding=\"async\" src=\"https:\/\/www.domainelescarrelets.com\/wp-content\/uploads\/2025\/03\/SDB-Caraibes-Ch-Enfants.jpg\" alt=\"Cabane 6p 3 Hab 2 Ba Premium &#8211; SPA\" \/>\n\t\t\t\t\t\t\t\t\t<img decoding=\"async\" src=\"https:\/\/www.domainelescarrelets.com\/wp-content\/uploads\/2023\/10\/pict_11_7.jpg\" alt=\"Cabane 6p 3 Hab 2 Ba Premium &#8211; SPA\" \/>\n\t\t\t\t\t\t<\/div>\n\t\t<div class=\"ls-hebergement__title\">\n\t\t\tCabane 6p 3 Hab 2 Ba Premium &#8211; SPA\t\t<\/div>\n\n\t\t<div class=\"ls-hebergement__details\">\n\n\t\t\t<div class=\"ls-hebergement__icon--standard-PLUS\">\n\t\t\t\t<i class=\"oreades-standard-PLUS\"><\/i>\n\t\t\t<\/div>\n\n\n\t\t<\/div>\n\n\t\t<div class=\"ls-hebergement__disponibilites\">\n\t\t\tDescubra\t\t<\/div>\n\t<\/a>\n<\/div><div class=\"ls-hebergement\" data-postid='11067' data-id-reservation='2' data-id-site='7578' data-id1='79698' data-nombre_de_personnes='4' data-nombre_de_chambres='2' data-last-update='2025-10-31 15:24:33' data-type='' data-options-hebergements='animaux-autorises climatisation congelateur micro-ondes parking-1-place pmr refrigerateur salle-de-bain terrasse' data-gammes-hebergements=''>\n\t<a href=\"https:\/\/www.domainelescarrelets.com\/es\/hebergements\/cottage-verdon-4p-2-hab-1-ba-mob-reducida\/#primary\" rel=\"noopener\" target=\"_blank\"\n\t\tclass=\"ls-hebergement__link\">\n\t\t<div class=\"ls-hebergement__thumb\">\n\t\t\t\t\t\t\t<img decoding=\"async\" src=\"https:\/\/www.domainelescarrelets.com\/wp-content\/uploads\/2025\/03\/Verrdon-2ch-PMR-Facade.jpg\" alt=\"Cottage Verdon 4p 2 Hab 1 Ba *** Mob reducida\" \/>\n\t\t\t\t\t\t\t\t\t<img decoding=\"async\" src=\"https:\/\/www.domainelescarrelets.com\/wp-content\/uploads\/2025\/03\/Verrdon-2ch-PMR-Terrasse.jpg\" alt=\"Cottage Verdon 4p 2 Hab 1 Ba *** Mob reducida\" \/>\n\t\t\t\t\t\t\t\t\t<img decoding=\"async\" src=\"https:\/\/www.domainelescarrelets.com\/wp-content\/uploads\/2025\/03\/Verrdon-2ch-PMR-Salon-Cuisine.jpg\" alt=\"Cottage Verdon 4p 2 Hab 1 Ba *** Mob reducida\" \/>\n\t\t\t\t\t\t\t\t\t<img decoding=\"async\" src=\"https:\/\/www.domainelescarrelets.com\/wp-content\/uploads\/2025\/03\/Verrdon-2ch-PMR-Salon-Cuisine-2.jpg\" alt=\"Cottage Verdon 4p 2 Hab 1 Ba *** Mob reducida\" \/>\n\t\t\t\t\t\t\t\t\t<img decoding=\"async\" src=\"https:\/\/www.domainelescarrelets.com\/wp-content\/uploads\/2025\/03\/Verrdon-2ch-PMR-Salon.jpg\" alt=\"Cottage Verdon 4p 2 Hab 1 Ba *** Mob reducida\" \/>\n\t\t\t\t\t\t\t\t\t<img decoding=\"async\" src=\"https:\/\/www.domainelescarrelets.com\/wp-content\/uploads\/2025\/03\/Verrdon-2ch-PMR-Chambre-Adultes.jpg\" alt=\"Cottage Verdon 4p 2 Hab 1 Ba *** Mob reducida\" \/>\n\t\t\t\t\t\t\t\t\t<img decoding=\"async\" src=\"https:\/\/www.domainelescarrelets.com\/wp-content\/uploads\/2025\/03\/Verrdon-2ch-PMR-Chambre-Enfants-1.jpg\" alt=\"Cottage Verdon 4p 2 Hab 1 Ba *** Mob reducida\" \/>\n\t\t\t\t\t\t\t\t\t<img decoding=\"async\" src=\"https:\/\/www.domainelescarrelets.com\/wp-content\/uploads\/2025\/03\/Verrdon-2ch-PMR-SDB.jpg\" alt=\"Cottage Verdon 4p 2 Hab 1 Ba *** Mob reducida\" \/>\n\t\t\t\t\t\t<\/div>\n\t\t<div class=\"ls-hebergement__title\">\n\t\t\tCottage Verdon 4p 2 Hab 1 Ba *** Mob reducida\t\t<\/div>\n\n\t\t<div class=\"ls-hebergement__details\">\n\n\t\t\t<div class=\"ls-hebergement__icon--standard-PLUS\">\n\t\t\t\t<i class=\"oreades-standard-PLUS\"><\/i>\n\t\t\t<\/div>\n\n\n\t\t<\/div>\n\n\t\t<div class=\"ls-hebergement__disponibilites\">\n\t\t\tDescubra\t\t<\/div>\n\t<\/a>\n<\/div><div class=\"ls-hebergement\" data-postid='11069' data-id-reservation='5' data-id-site='7578' data-id1='79698' data-nombre_de_personnes='4' data-nombre_de_chambres='2' data-last-update='2025-10-31 15:24:33' data-type='' data-options-hebergements='animaux-autorises climatisation congelateur lave-vaisselle micro-ondes parking-1-place plancha-gaz refrigerateur salle-de-bain television terrasse' data-gammes-hebergements=''>\n\t<a href=\"https:\/\/www.domainelescarrelets.com\/es\/hebergements\/cottage-montalivet-4-p-2-hab-2-ba\/#primary\" rel=\"noopener\" target=\"_blank\"\n\t\tclass=\"ls-hebergement__link\">\n\t\t<div class=\"ls-hebergement__thumb\">\n\t\t\t\t\t\t\t<img decoding=\"async\" src=\"https:\/\/www.domainelescarrelets.com\/wp-content\/uploads\/2025\/03\/Montalivet-2ch-Facade.jpg\" alt=\"Cottage Montalivet 4 p 2 Hab 2 Ba ****\" \/>\n\t\t\t\t\t\t\t\t\t<img decoding=\"async\" src=\"https:\/\/www.domainelescarrelets.com\/wp-content\/uploads\/2025\/03\/Salon-Cuisine-Iroise-1.jpg\" alt=\"Cottage Montalivet 4 p 2 Hab 2 Ba ****\" \/>\n\t\t\t\t\t\t\t\t\t<img decoding=\"async\" src=\"https:\/\/www.domainelescarrelets.com\/wp-content\/uploads\/2025\/03\/Chambre-Adulte-Iroise-1.jpg\" alt=\"Cottage Montalivet 4 p 2 Hab 2 Ba ****\" \/>\n\t\t\t\t\t\t\t\t\t<img decoding=\"async\" src=\"https:\/\/www.domainelescarrelets.com\/wp-content\/uploads\/2025\/03\/SDB-Iroise-Ch-Adultes-1.jpg\" alt=\"Cottage Montalivet 4 p 2 Hab 2 Ba ****\" \/>\n\t\t\t\t\t\t\t\t\t<img decoding=\"async\" src=\"https:\/\/www.domainelescarrelets.com\/wp-content\/uploads\/2025\/03\/Chambre-Enfants-Iroise-1.jpg\" alt=\"Cottage Montalivet 4 p 2 Hab 2 Ba ****\" \/>\n\t\t\t\t\t\t\t\t\t<img decoding=\"async\" src=\"https:\/\/www.domainelescarrelets.com\/wp-content\/uploads\/2025\/03\/Sdb-Iroise-Ch-Enfants-1.jpg\" alt=\"Cottage Montalivet 4 p 2 Hab 2 Ba ****\" \/>\n\t\t\t\t\t\t<\/div>\n\t\t<div class=\"ls-hebergement__title\">\n\t\t\tCottage Montalivet 4 p 2 Hab 2 Ba ****\t\t<\/div>\n\n\t\t<div class=\"ls-hebergement__details\">\n\n\t\t\t<div class=\"ls-hebergement__icon--standard-PLUS\">\n\t\t\t\t<i class=\"oreades-standard-PLUS\"><\/i>\n\t\t\t<\/div>\n\n\n\t\t<\/div>\n\n\t\t<div class=\"ls-hebergement__disponibilites\">\n\t\t\tDescubra\t\t<\/div>\n\t<\/a>\n<\/div><div class=\"ls-hebergement\" data-postid='11070' data-id-reservation='7' data-id-site='7578' data-id1='79698' data-nombre_de_personnes='8' data-nombre_de_chambres='4' data-last-update='2025-10-31 15:24:36' data-type='' data-options-hebergements='animaux-autorises climatisation congelateur lave-vaisselle micro-ondes parking-1-place refrigerateur salle-de-bain television terrasse' data-gammes-hebergements=''>\n\t<a href=\"https:\/\/www.domainelescarrelets.com\/es\/hebergements\/cottage-verdon-8p-4-hab-2-ba\/#primary\" rel=\"noopener\" target=\"_blank\"\n\t\tclass=\"ls-hebergement__link\">\n\t\t<div class=\"ls-hebergement__thumb\">\n\t\t\t\t\t\t\t<img decoding=\"async\" src=\"https:\/\/www.domainelescarrelets.com\/wp-content\/uploads\/2025\/03\/Verdon-2ch-Salon.jpg\" alt=\"Cottage Verdon 8p 4 Hab 2 Ba ***\" \/>\n\t\t\t\t\t\t\t\t\t<img decoding=\"async\" src=\"https:\/\/www.domainelescarrelets.com\/wp-content\/uploads\/2025\/03\/Verdon-4ch-Chambre-Adultes-2.jpg\" alt=\"Cottage Verdon 8p 4 Hab 2 Ba ***\" \/>\n\t\t\t\t\t\t\t\t\t<img decoding=\"async\" src=\"https:\/\/www.domainelescarrelets.com\/wp-content\/uploads\/2025\/03\/Verdon-2ch-Chambre-Adulte.jpg\" alt=\"Cottage Verdon 8p 4 Hab 2 Ba ***\" \/>\n\t\t\t\t\t\t\t\t\t<img decoding=\"async\" src=\"https:\/\/www.domainelescarrelets.com\/wp-content\/uploads\/2023\/10\/pict_7_4.jpg\" alt=\"Cottage Verdon 8p 4 Hab 2 Ba ***\" \/>\n\t\t\t\t\t\t<\/div>\n\t\t<div class=\"ls-hebergement__title\">\n\t\t\tCottage Verdon 8p 4 Hab 2 Ba ***\t\t<\/div>\n\n\t\t<div class=\"ls-hebergement__details\">\n\n\t\t\t<div class=\"ls-hebergement__icon--standard-PLUS\">\n\t\t\t\t<i class=\"oreades-standard-PLUS\"><\/i>\n\t\t\t<\/div>\n\n\n\t\t<\/div>\n\n\t\t<div class=\"ls-hebergement__disponibilites\">\n\t\t\tDescubra\t\t<\/div>\n\t<\/a>\n<\/div><div class=\"ls-hebergement\" data-postid='11071' data-id-reservation='3' data-id-site='7578' data-id1='79698' data-nombre_de_personnes='4' data-nombre_de_chambres='2' data-last-update='2025-10-31 15:24:34' data-type='' data-options-hebergements='animaux-autorises climatisation congelateur lave-vaisselle micro-ondes parking-1-place refrigerateur salle-de-bain television terrasse' data-gammes-hebergements=''>\n\t<a href=\"https:\/\/www.domainelescarrelets.com\/es\/hebergements\/cottage-verdon-4-p-2-hab-2-ba\/#primary\" rel=\"noopener\" target=\"_blank\"\n\t\tclass=\"ls-hebergement__link\">\n\t\t<div class=\"ls-hebergement__thumb\">\n\t\t\t\t\t\t\t<img decoding=\"async\" src=\"https:\/\/www.domainelescarrelets.com\/wp-content\/uploads\/2025\/03\/Verrdon-2ch-PMR-Salon-Cuisine.jpg\" alt=\"Cottage Verdon 4 p 2 Hab 2 Ba ***\" \/>\n\t\t\t\t\t\t\t\t\t<img decoding=\"async\" src=\"https:\/\/www.domainelescarrelets.com\/wp-content\/uploads\/2023\/10\/pict_3_1.jpg\" alt=\"Cottage Verdon 4 p 2 Hab 2 Ba ***\" \/>\n\t\t\t\t\t\t\t\t\t<img decoding=\"async\" src=\"https:\/\/www.domainelescarrelets.com\/wp-content\/uploads\/2025\/03\/Verdon-4ch-Chambre-Adultes-2.jpg\" alt=\"Cottage Verdon 4 p 2 Hab 2 Ba ***\" \/>\n\t\t\t\t\t\t\t\t\t<img decoding=\"async\" src=\"https:\/\/www.domainelescarrelets.com\/wp-content\/uploads\/2025\/03\/Verrdon-2ch-PMR-Chambre-Enfants-2.jpg\" alt=\"Cottage Verdon 4 p 2 Hab 2 Ba ***\" \/>\n\t\t\t\t\t\t<\/div>\n\t\t<div class=\"ls-hebergement__title\">\n\t\t\tCottage Verdon 4 p 2 Hab 2 Ba ***\t\t<\/div>\n\n\t\t<div class=\"ls-hebergement__details\">\n\n\t\t\t<div class=\"ls-hebergement__icon--standard-PLUS\">\n\t\t\t\t<i class=\"oreades-standard-PLUS\"><\/i>\n\t\t\t<\/div>\n\n\n\t\t<\/div>\n\n\t\t<div class=\"ls-hebergement__disponibilites\">\n\t\t\tDescubra\t\t<\/div>\n\t<\/a>\n<\/div><div class=\"ls-hebergement\" data-postid='11072' data-id-reservation='4' data-id-site='7578' data-id1='79698' data-nombre_de_personnes='6' data-nombre_de_chambres='3' data-last-update='2025-10-31 15:24:34' data-type='' data-options-hebergements='animaux-autorises climatisation congelateur micro-ondes parking-1-place refrigerateur salle-de-bain television terrasse' data-gammes-hebergements=''>\n\t<a href=\"https:\/\/www.domainelescarrelets.com\/es\/hebergements\/cottage-cordouan-6p-3-hab-1-ba\/#primary\" rel=\"noopener\" target=\"_blank\"\n\t\tclass=\"ls-hebergement__link\">\n\t\t<div class=\"ls-hebergement__thumb\">\n\t\t\t\t\t\t\t<img decoding=\"async\" src=\"https:\/\/www.domainelescarrelets.com\/wp-content\/uploads\/2025\/03\/Casa-3ch-Facade.jpg\" alt=\"Cottage Cordouan 6p 3 Hab 1 Ba ***\" \/>\n\t\t\t\t\t\t\t\t\t<img decoding=\"async\" src=\"https:\/\/www.domainelescarrelets.com\/wp-content\/uploads\/2025\/03\/Casa-3ch-Salon.jpg\" alt=\"Cottage Cordouan 6p 3 Hab 1 Ba ***\" \/>\n\t\t\t\t\t\t\t\t\t<img decoding=\"async\" src=\"https:\/\/www.domainelescarrelets.com\/wp-content\/uploads\/2025\/03\/Casa-3ch-Salon-2.jpg\" alt=\"Cottage Cordouan 6p 3 Hab 1 Ba ***\" \/>\n\t\t\t\t\t\t\t\t\t<img decoding=\"async\" src=\"https:\/\/www.domainelescarrelets.com\/wp-content\/uploads\/2025\/03\/Casa-2ch-3ch-chambre-Adultes.jpg\" alt=\"Cottage Cordouan 6p 3 Hab 1 Ba ***\" \/>\n\t\t\t\t\t\t\t\t\t<img decoding=\"async\" src=\"https:\/\/www.domainelescarrelets.com\/wp-content\/uploads\/2025\/03\/Casa-3ch-Chambre-enfants-1.jpg\" alt=\"Cottage Cordouan 6p 3 Hab 1 Ba ***\" \/>\n\t\t\t\t\t\t\t\t\t<img decoding=\"async\" src=\"https:\/\/www.domainelescarrelets.com\/wp-content\/uploads\/2025\/03\/Casa-3ch-Chambre-enfants-2.jpg\" alt=\"Cottage Cordouan 6p 3 Hab 1 Ba ***\" \/>\n\t\t\t\t\t\t\t\t\t<img decoding=\"async\" src=\"https:\/\/www.domainelescarrelets.com\/wp-content\/uploads\/2025\/03\/Casa-3ch-SDB.jpg\" alt=\"Cottage Cordouan 6p 3 Hab 1 Ba ***\" \/>\n\t\t\t\t\t\t<\/div>\n\t\t<div class=\"ls-hebergement__title\">\n\t\t\tCottage Cordouan 6p 3 Hab 1 Ba ***\t\t<\/div>\n\n\t\t<div class=\"ls-hebergement__details\">\n\n\t\t\t<div class=\"ls-hebergement__icon--standard-PLUS\">\n\t\t\t\t<i class=\"oreades-standard-PLUS\"><\/i>\n\t\t\t<\/div>\n\n\n\t\t<\/div>\n\n\t\t<div class=\"ls-hebergement__disponibilites\">\n\t\t\tDescubra\t\t<\/div>\n\t<\/a>\n<\/div><div class=\"ls-hebergement\" data-postid='11073' data-id-reservation='6' data-id-site='7578' data-id1='79698' data-nombre_de_personnes='6' data-nombre_de_chambres='3' data-last-update='2025-10-31 15:24:34' data-type='' data-options-hebergements='animaux-autorises climatisation congelateur lave-vaisselle micro-ondes parking-1-place plancha-gaz refrigerateur salle-de-bain television terrasse' data-gammes-hebergements=''>\n\t<a href=\"https:\/\/www.domainelescarrelets.com\/es\/hebergements\/cottage-montalivet-6-p-3-hab-2-ba\/#primary\" rel=\"noopener\" target=\"_blank\"\n\t\tclass=\"ls-hebergement__link\">\n\t\t<div class=\"ls-hebergement__thumb\">\n\t\t\t\t\t\t\t<img decoding=\"async\" src=\"https:\/\/www.domainelescarrelets.com\/wp-content\/uploads\/2025\/03\/Montalivet-3ch-Facade.jpg\" alt=\"Cottage Montalivet 6 p 3 Hab 2 Ba ****\" \/>\n\t\t\t\t\t\t\t\t\t<img decoding=\"async\" src=\"https:\/\/www.domainelescarrelets.com\/wp-content\/uploads\/2025\/03\/Salon-Caraibes.jpg\" alt=\"Cottage Montalivet 6 p 3 Hab 2 Ba ****\" \/>\n\t\t\t\t\t\t\t\t\t<img decoding=\"async\" src=\"https:\/\/www.domainelescarrelets.com\/wp-content\/uploads\/2025\/03\/Salon-Caraibes-2.jpg\" alt=\"Cottage Montalivet 6 p 3 Hab 2 Ba ****\" \/>\n\t\t\t\t\t\t\t\t\t<img decoding=\"async\" src=\"https:\/\/www.domainelescarrelets.com\/wp-content\/uploads\/2025\/03\/Cuisine-Salon-Caraibes.jpg\" alt=\"Cottage Montalivet 6 p 3 Hab 2 Ba ****\" \/>\n\t\t\t\t\t\t\t\t\t<img decoding=\"async\" src=\"https:\/\/www.domainelescarrelets.com\/wp-content\/uploads\/2025\/03\/Cuisine-Caraibes.jpg\" alt=\"Cottage Montalivet 6 p 3 Hab 2 Ba ****\" \/>\n\t\t\t\t\t\t\t\t\t<img decoding=\"async\" src=\"https:\/\/www.domainelescarrelets.com\/wp-content\/uploads\/2025\/03\/Chambre-Adultes-Caraibes-1.jpg\" alt=\"Cottage Montalivet 6 p 3 Hab 2 Ba ****\" \/>\n\t\t\t\t\t\t\t\t\t<img decoding=\"async\" src=\"https:\/\/www.domainelescarrelets.com\/wp-content\/uploads\/2025\/03\/SDB-Caraibes-CH-Adultes.jpg\" alt=\"Cottage Montalivet 6 p 3 Hab 2 Ba ****\" \/>\n\t\t\t\t\t\t\t\t\t<img decoding=\"async\" src=\"https:\/\/www.domainelescarrelets.com\/wp-content\/uploads\/2025\/03\/Chambre-Enfants-2-Caraibes-1.jpg\" alt=\"Cottage Montalivet 6 p 3 Hab 2 Ba ****\" \/>\n\t\t\t\t\t\t\t\t\t<img decoding=\"async\" src=\"https:\/\/www.domainelescarrelets.com\/wp-content\/uploads\/2025\/03\/Chambre-Enfants-1-Caraibes-1.jpg\" alt=\"Cottage Montalivet 6 p 3 Hab 2 Ba ****\" \/>\n\t\t\t\t\t\t\t\t\t<img decoding=\"async\" src=\"https:\/\/www.domainelescarrelets.com\/wp-content\/uploads\/2025\/03\/SDB-Caraibes-Ch-Enfants.jpg\" alt=\"Cottage Montalivet 6 p 3 Hab 2 Ba ****\" \/>\n\t\t\t\t\t\t\t\t\t<img decoding=\"async\" src=\"https:\/\/www.domainelescarrelets.com\/wp-content\/uploads\/2023\/10\/pict_6_7.jpg\" alt=\"Cottage Montalivet 6 p 3 Hab 2 Ba ****\" \/>\n\t\t\t\t\t\t<\/div>\n\t\t<div class=\"ls-hebergement__title\">\n\t\t\tCottage Montalivet 6 p 3 Hab 2 Ba ****\t\t<\/div>\n\n\t\t<div class=\"ls-hebergement__details\">\n\n\t\t\t<div class=\"ls-hebergement__icon--standard-PLUS\">\n\t\t\t\t<i class=\"oreades-standard-PLUS\"><\/i>\n\t\t\t<\/div>\n\n\n\t\t<\/div>\n\n\t\t<div class=\"ls-hebergement__disponibilites\">\n\t\t\tDescubra\t\t<\/div>\n\t<\/a>\n<\/div><div class=\"ls-hebergement\" data-postid='11074' data-id-reservation='8' data-id-site='7578' data-id1='79698' data-nombre_de_personnes='10' data-nombre_de_chambres='5' data-last-update='2025-10-31 15:24:34' data-type='' data-options-hebergements='animaux-autorises climatisation congelateur lave-vaisselle micro-ondes parking-2-places refrigerateur salle-de-bain television terrasse' data-gammes-hebergements=''>\n\t<a href=\"https:\/\/www.domainelescarrelets.com\/es\/hebergements\/cottage-twin-cordouan-10p-5-hab-2-ba\/#primary\" rel=\"noopener\" target=\"_blank\"\n\t\tclass=\"ls-hebergement__link\">\n\t\t<div class=\"ls-hebergement__thumb\">\n\t\t\t\t\t\t\t<img decoding=\"async\" src=\"https:\/\/www.domainelescarrelets.com\/wp-content\/uploads\/2025\/03\/Cordouan-Twin-Facade.jpg\" alt=\"Cottage Twin Cordouan 10p 5 Hab 2 Ba ***\" \/>\n\t\t\t\t\t\t\t\t\t<img decoding=\"async\" src=\"https:\/\/www.domainelescarrelets.com\/wp-content\/uploads\/2025\/03\/Cordouan-Twin-Terrasse.jpg\" alt=\"Cottage Twin Cordouan 10p 5 Hab 2 Ba ***\" \/>\n\t\t\t\t\t\t\t\t\t<img decoding=\"async\" src=\"https:\/\/www.domainelescarrelets.com\/wp-content\/uploads\/2025\/03\/Casa-3ch-Salon.jpg\" alt=\"Cottage Twin Cordouan 10p 5 Hab 2 Ba ***\" \/>\n\t\t\t\t\t\t\t\t\t<img decoding=\"async\" src=\"https:\/\/www.domainelescarrelets.com\/wp-content\/uploads\/2025\/03\/Casa-3ch-Salon-2.jpg\" alt=\"Cottage Twin Cordouan 10p 5 Hab 2 Ba ***\" \/>\n\t\t\t\t\t\t\t\t\t<img decoding=\"async\" src=\"https:\/\/www.domainelescarrelets.com\/wp-content\/uploads\/2025\/03\/Casa-2ch-3ch-chambre-Adultes.jpg\" alt=\"Cottage Twin Cordouan 10p 5 Hab 2 Ba ***\" \/>\n\t\t\t\t\t\t\t\t\t<img decoding=\"async\" src=\"https:\/\/www.domainelescarrelets.com\/wp-content\/uploads\/2025\/03\/Casa-3ch-Chambre-enfants-1.jpg\" alt=\"Cottage Twin Cordouan 10p 5 Hab 2 Ba ***\" \/>\n\t\t\t\t\t\t\t\t\t<img decoding=\"async\" src=\"https:\/\/www.domainelescarrelets.com\/wp-content\/uploads\/2025\/03\/Casa-3ch-SDB.jpg\" alt=\"Cottage Twin Cordouan 10p 5 Hab 2 Ba ***\" \/>\n\t\t\t\t\t\t\t\t\t<img decoding=\"async\" src=\"https:\/\/www.domainelescarrelets.com\/wp-content\/uploads\/2025\/03\/Kompact-2ch-Cuisine.jpg\" alt=\"Cottage Twin Cordouan 10p 5 Hab 2 Ba ***\" \/>\n\t\t\t\t\t\t\t\t\t<img decoding=\"async\" src=\"https:\/\/www.domainelescarrelets.com\/wp-content\/uploads\/2025\/03\/Kompact-2ch-Salon-3.jpg\" alt=\"Cottage Twin Cordouan 10p 5 Hab 2 Ba ***\" \/>\n\t\t\t\t\t\t\t\t\t<img decoding=\"async\" src=\"https:\/\/www.domainelescarrelets.com\/wp-content\/uploads\/2025\/03\/Kompact-2ch-Chambre-Adultes.jpg\" alt=\"Cottage Twin Cordouan 10p 5 Hab 2 Ba ***\" \/>\n\t\t\t\t\t\t\t\t\t<img decoding=\"async\" src=\"https:\/\/www.domainelescarrelets.com\/wp-content\/uploads\/2025\/03\/Kompact-2ch-Chambre-Enfants.jpg\" alt=\"Cottage Twin Cordouan 10p 5 Hab 2 Ba ***\" \/>\n\t\t\t\t\t\t\t\t\t<img decoding=\"async\" src=\"https:\/\/www.domainelescarrelets.com\/wp-content\/uploads\/2025\/03\/Kompact-2ch-SDB.jpg\" alt=\"Cottage Twin Cordouan 10p 5 Hab 2 Ba ***\" \/>\n\t\t\t\t\t\t<\/div>\n\t\t<div class=\"ls-hebergement__title\">\n\t\t\tCottage Twin Cordouan 10p 5 Hab 2 Ba ***\t\t<\/div>\n\n\t\t<div class=\"ls-hebergement__details\">\n\n\t\t\t<div class=\"ls-hebergement__icon--standard-PLUS\">\n\t\t\t\t<i class=\"oreades-standard-PLUS\"><\/i>\n\t\t\t<\/div>\n\n\n\t\t<\/div>\n\n\t\t<div class=\"ls-hebergement__disponibilites\">\n\t\t\tDescubra\t\t<\/div>\n\t<\/a>\n<\/div><div class=\"ls-hebergement\" data-postid='11075' data-id-reservation='9' data-id-site='7578' data-id1='79698' data-nombre_de_personnes='10' data-nombre_de_chambres='5' data-last-update='2025-10-31 15:24:36' data-type='' data-options-hebergements='animaux-autorises climatisation congelateur lave-vaisselle micro-ondes parking-2-places plancha-gaz refrigerateur salle-de-bain television terrasse' data-gammes-hebergements=''>\n\t<a href=\"https:\/\/www.domainelescarrelets.com\/es\/hebergements\/cabane-twin-10-p-5-hab-3-ba\/#primary\" rel=\"noopener\" target=\"_blank\"\n\t\tclass=\"ls-hebergement__link\">\n\t\t<div class=\"ls-hebergement__thumb\">\n\t\t\t\t\t\t\t<img decoding=\"async\" src=\"https:\/\/www.domainelescarrelets.com\/wp-content\/uploads\/2025\/03\/Cabane-Twin-Facade.jpg\" alt=\"Cabane Twin 10 p 5 Hab 3 Ba ****\" \/>\n\t\t\t\t\t\t\t\t\t<img decoding=\"async\" src=\"https:\/\/www.domainelescarrelets.com\/wp-content\/uploads\/2025\/03\/Cabane-Twin-Terrasse.jpg\" alt=\"Cabane Twin 10 p 5 Hab 3 Ba ****\" \/>\n\t\t\t\t\t\t\t\t\t<img decoding=\"async\" src=\"https:\/\/www.domainelescarrelets.com\/wp-content\/uploads\/2025\/03\/Salon-Caraibes-1.jpg\" alt=\"Cabane Twin 10 p 5 Hab 3 Ba ****\" \/>\n\t\t\t\t\t\t\t\t\t<img decoding=\"async\" src=\"https:\/\/www.domainelescarrelets.com\/wp-content\/uploads\/2025\/03\/Cuisine-Caraibes-1.jpg\" alt=\"Cabane Twin 10 p 5 Hab 3 Ba ****\" \/>\n\t\t\t\t\t\t\t\t\t<img decoding=\"async\" src=\"https:\/\/www.domainelescarrelets.com\/wp-content\/uploads\/2025\/03\/Chambre-Adultes-Caraibes-2.jpg\" alt=\"Cabane Twin 10 p 5 Hab 3 Ba ****\" \/>\n\t\t\t\t\t\t\t\t\t<img decoding=\"async\" src=\"https:\/\/www.domainelescarrelets.com\/wp-content\/uploads\/2025\/03\/SDB-Caraibes-CH-Adultes-2.jpg\" alt=\"Cabane Twin 10 p 5 Hab 3 Ba ****\" \/>\n\t\t\t\t\t\t\t\t\t<img decoding=\"async\" src=\"https:\/\/www.domainelescarrelets.com\/wp-content\/uploads\/2025\/03\/Chambre-Enfants-1-Caraibes-2.jpg\" alt=\"Cabane Twin 10 p 5 Hab 3 Ba ****\" \/>\n\t\t\t\t\t\t\t\t\t<img decoding=\"async\" src=\"https:\/\/www.domainelescarrelets.com\/wp-content\/uploads\/2025\/03\/Chambre-Enfants-2-Caraibes-2.jpg\" alt=\"Cabane Twin 10 p 5 Hab 3 Ba ****\" \/>\n\t\t\t\t\t\t\t\t\t<img decoding=\"async\" src=\"https:\/\/www.domainelescarrelets.com\/wp-content\/uploads\/2025\/03\/SDB-Caraibes-Ch-Enfants-2.jpg\" alt=\"Cabane Twin 10 p 5 Hab 3 Ba ****\" \/>\n\t\t\t\t\t\t\t\t\t<img decoding=\"async\" src=\"https:\/\/www.domainelescarrelets.com\/wp-content\/uploads\/2025\/03\/Kompact-2ch-Cuisine.jpg\" alt=\"Cabane Twin 10 p 5 Hab 3 Ba ****\" \/>\n\t\t\t\t\t\t\t\t\t<img decoding=\"async\" src=\"https:\/\/www.domainelescarrelets.com\/wp-content\/uploads\/2025\/03\/Kompact-2ch-Salon-3.jpg\" alt=\"Cabane Twin 10 p 5 Hab 3 Ba ****\" \/>\n\t\t\t\t\t\t\t\t\t<img decoding=\"async\" src=\"https:\/\/www.domainelescarrelets.com\/wp-content\/uploads\/2025\/03\/Kompact-2ch-Chambre-Adultes.jpg\" alt=\"Cabane Twin 10 p 5 Hab 3 Ba ****\" \/>\n\t\t\t\t\t\t\t\t\t<img decoding=\"async\" src=\"https:\/\/www.domainelescarrelets.com\/wp-content\/uploads\/2025\/03\/Kompact-2ch-Chambre-Enfants.jpg\" alt=\"Cabane Twin 10 p 5 Hab 3 Ba ****\" \/>\n\t\t\t\t\t\t\t\t\t<img decoding=\"async\" src=\"https:\/\/www.domainelescarrelets.com\/wp-content\/uploads\/2025\/03\/Kompact-2ch-SDB.jpg\" alt=\"Cabane Twin 10 p 5 Hab 3 Ba ****\" \/>\n\t\t\t\t\t\t\t\t\t<img decoding=\"async\" src=\"https:\/\/www.domainelescarrelets.com\/wp-content\/uploads\/2025\/03\/PLAN-Twin-5ch.jpg\" alt=\"Cabane Twin 10 p 5 Hab 3 Ba ****\" \/>\n\t\t\t\t\t\t<\/div>\n\t\t<div class=\"ls-hebergement__title\">\n\t\t\tCabane Twin 10 p 5 Hab 3 Ba ****\t\t<\/div>\n\n\t\t<div class=\"ls-hebergement__details\">\n\n\t\t\t<div class=\"ls-hebergement__icon--standard-PLUS\">\n\t\t\t\t<i class=\"oreades-standard-PLUS\"><\/i>\n\t\t\t<\/div>\n\n\n\t\t<\/div>\n\n\t\t<div class=\"ls-hebergement__disponibilites\">\n\t\t\tDescubra\t\t<\/div>\n\t<\/a>\n<\/div><div class=\"ls-hebergement\" data-postid='11076' data-id-reservation='10' data-id-site='7578' data-id1='79698' data-nombre_de_personnes='4' data-nombre_de_chambres='2' data-last-update='2025-10-31 15:24:36' data-type='' data-options-hebergements='climatisation congelateur lave-vaisselle micro-ondes parking-1-place plancha-gaz refrigerateur salle-de-bain spa television terrasse wi-fi' data-gammes-hebergements=''>\n\t<a href=\"https:\/\/www.domainelescarrelets.com\/es\/hebergements\/cabane-4p-2-hab-2-ba-premium-spa\/#primary\" rel=\"noopener\" target=\"_blank\"\n\t\tclass=\"ls-hebergement__link\">\n\t\t<div class=\"ls-hebergement__thumb\">\n\t\t\t\t\t\t\t<img decoding=\"async\" src=\"https:\/\/www.domainelescarrelets.com\/wp-content\/uploads\/2025\/03\/Cabane-2ch-Premium-Facade.jpg\" alt=\"Cabane 4p 2 Hab 2 Ba Premium &#8211; SPA\" \/>\n\t\t\t\t\t\t\t\t\t<img decoding=\"async\" src=\"https:\/\/www.domainelescarrelets.com\/wp-content\/uploads\/2025\/03\/Cabane-2ch-Premium-Jacuzzi.jpg\" alt=\"Cabane 4p 2 Hab 2 Ba Premium &#8211; SPA\" \/>\n\t\t\t\t\t\t\t\t\t<img decoding=\"async\" src=\"https:\/\/www.domainelescarrelets.com\/wp-content\/uploads\/2025\/03\/Salon-Cuisine-Iroise.jpg\" alt=\"Cabane 4p 2 Hab 2 Ba Premium &#8211; SPA\" \/>\n\t\t\t\t\t\t\t\t\t<img decoding=\"async\" src=\"https:\/\/www.domainelescarrelets.com\/wp-content\/uploads\/2025\/03\/Chambre-Adulte-Iroise.jpg\" alt=\"Cabane 4p 2 Hab 2 Ba Premium &#8211; SPA\" \/>\n\t\t\t\t\t\t\t\t\t<img decoding=\"async\" src=\"https:\/\/www.domainelescarrelets.com\/wp-content\/uploads\/2025\/03\/SDB-Iroise-Ch-Adultes.jpg\" alt=\"Cabane 4p 2 Hab 2 Ba Premium &#8211; SPA\" \/>\n\t\t\t\t\t\t\t\t\t<img decoding=\"async\" src=\"https:\/\/www.domainelescarrelets.com\/wp-content\/uploads\/2025\/03\/Chambre-Enfants-Iroise.jpg\" alt=\"Cabane 4p 2 Hab 2 Ba Premium &#8211; SPA\" \/>\n\t\t\t\t\t\t\t\t\t<img decoding=\"async\" src=\"https:\/\/www.domainelescarrelets.com\/wp-content\/uploads\/2025\/03\/Sdb-Iroise-Ch-Enfants.jpg\" alt=\"Cabane 4p 2 Hab 2 Ba Premium &#8211; SPA\" \/>\n\t\t\t\t\t\t\t\t\t<img decoding=\"async\" src=\"https:\/\/www.domainelescarrelets.com\/wp-content\/uploads\/2023\/10\/pict_10_7.jpg\" alt=\"Cabane 4p 2 Hab 2 Ba Premium &#8211; SPA\" \/>\n\t\t\t\t\t\t<\/div>\n\t\t<div class=\"ls-hebergement__title\">\n\t\t\tCabane 4p 2 Hab 2 Ba Premium &#8211; SPA\t\t<\/div>\n\n\t\t<div class=\"ls-hebergement__details\">\n\n\t\t\t<div class=\"ls-hebergement__icon--standard-PLUS\">\n\t\t\t\t<i class=\"oreades-standard-PLUS\"><\/i>\n\t\t\t<\/div>\n\n\n\t\t<\/div>\n\n\t\t<div class=\"ls-hebergement__disponibilites\">\n\t\t\tDescubra\t\t<\/div>\n\t<\/a>\n<\/div><div class=\"ls-hebergement\" data-postid='10552' data-id-reservation='1' data-id-site='7578' data-id1='79698' data-nombre_de_personnes='4' data-nombre_de_chambres='2' data-last-update='2025-10-31 15:24:33' data-type='les-standards' data-options-hebergements='animaux-autorises climatisation congelateur micro-ondes parking-1-place refrigerateur salle-de-bain television terrasse' data-gammes-hebergements=''>\n\t<a href=\"https:\/\/www.domainelescarrelets.com\/es\/hebergements\/cottage-cordouan-4-p-2-hab-1-ba-clim\/#primary\" rel=\"noopener\" target=\"_blank\"\n\t\tclass=\"ls-hebergement__link\">\n\t\t<div class=\"ls-hebergement__thumb\">\n\t\t\t\t\t\t\t<img decoding=\"async\" src=\"https:\/\/www.domainelescarrelets.com\/wp-content\/uploads\/2025\/03\/Casa-2ch-Facade.jpg\" alt=\"Cottage Cordouan 4 p 2 Hab 1 Ba ***\" \/>\n\t\t\t\t\t\t\t\t\t<img decoding=\"async\" src=\"https:\/\/www.domainelescarrelets.com\/wp-content\/uploads\/2025\/03\/Casa-2ch-Salon-2.jpg\" alt=\"Cottage Cordouan 4 p 2 Hab 1 Ba ***\" \/>\n\t\t\t\t\t\t\t\t\t<img decoding=\"async\" src=\"https:\/\/www.domainelescarrelets.com\/wp-content\/uploads\/2025\/03\/Casa-2ch-Salon.jpg\" alt=\"Cottage Cordouan 4 p 2 Hab 1 Ba ***\" \/>\n\t\t\t\t\t\t\t\t\t<img decoding=\"async\" src=\"https:\/\/www.domainelescarrelets.com\/wp-content\/uploads\/2025\/03\/Casa-2ch-3ch-chambre-Adultes-1.jpg\" alt=\"Cottage Cordouan 4 p 2 Hab 1 Ba ***\" \/>\n\t\t\t\t\t\t\t\t\t<img decoding=\"async\" src=\"https:\/\/www.domainelescarrelets.com\/wp-content\/uploads\/2025\/03\/Casa-2ch-chambre-enfants.jpg\" alt=\"Cottage Cordouan 4 p 2 Hab 1 Ba ***\" \/>\n\t\t\t\t\t\t\t\t\t<img decoding=\"async\" src=\"https:\/\/www.domainelescarrelets.com\/wp-content\/uploads\/2025\/03\/Casa-2ch-SDB.jpg\" alt=\"Cottage Cordouan 4 p 2 Hab 1 Ba ***\" \/>\n\t\t\t\t\t\t<\/div>\n\t\t<div class=\"ls-hebergement__title\">\n\t\t\tCottage Cordouan 4 p 2 Hab 1 Ba ***\t\t<\/div>\n\n\t\t<div class=\"ls-hebergement__details\">\n\n\t\t\t<div class=\"ls-hebergement__icon--standard-PLUS\">\n\t\t\t\t<i class=\"oreades-standard-PLUS\"><\/i>\n\t\t\t<\/div>\n\n\n\t\t<\/div>\n\n\t\t<div class=\"ls-hebergement__disponibilites\">\n\t\t\tDescubra\t\t<\/div>\n\t<\/a>\n<\/div><\/div><\/div>\n\r\n    <\/div>\r\n<\/section><section id=\"ls-section-block_2a1cc04ef7d83725acd07d66dd5a8a9c\" class=\"ls-section  page-intro has-p-t p-t-0\" >\r\n        <div class=\"container container--wide\">\r\n        \n\n<p class=\"ls-paragraph has-text-align-center\">Nuestros <strong>alquileres de vacaciones en Soulac-sur-Mer<\/strong> pueden <strong>alojar<\/strong> de <strong>2 a 10 personas<\/strong>, en <strong>2 a 5 dormitorios<\/strong>. Para el m\u00e1ximo confort, cada casa m\u00f3vil dispone de <strong>terraza<\/strong>, <strong>aire acondicionado<\/strong> y amplios dormitorios y cuartos de ba\u00f1o. Dependiendo del n\u00famero de personas que se alojen y de sus necesidades, puede elegir entre <strong>varias gamas de alquileres de vacaciones en Soulac<\/strong>.<\/p>\n\n\n\n<p class=\"ls-paragraph has-text-align-center addReadMore showlesscontent\">Les <strong>Carrelets de Soulac<\/strong> le da la bienvenida a su finca de <strong>5<\/strong> estrellas para una estancia tranquila en un <a href=\"https:\/\/www.domainelescarrelets.com\/es\/camping-familiar-soulac-sur-mer\/\">camping familiar en Gironda<\/a>. Rodeada de naturaleza, la finca est\u00e1 situada al borde del bosque municipal de Grayan-et-l&#8217;H\u00f4pital, no lejos del oc\u00e9ano y de sus magn\u00edficas playas.<br\/><br\/>Disfrute de una <strong>ubicaci\u00f3n<\/strong> ideal <strong>entre las regiones de la Gironda y las Landas,<\/strong> en plena naturaleza. Con varias piscinas, <strong>una cubierta<\/strong> y otra <strong>al aire libre<\/strong>, disfrutar\u00e1 de un <strong>entorno muy agradable para sus vacaciones en Soulac-sur-Mer<\/strong>. La oferta de alojamiento es variada, as\u00ed que depende de usted elegir el n\u00famero de habitaciones, la capacidad, las instalaciones, el precio y el n\u00famero de noches que m\u00e1s le convengan. Si quieres visitar los pueblos m\u00e1s bonitos de Gironda, no dudes en hacer una reserva:<\/p>\n\n\r\n    <\/div>\r\n<\/section><section id=\"ls-section-block_0765083783b432e2ce202b0102b81fd1\" class=\"ls-section  home-hebergements page has-m-t m-t-8 has-p-t p-t-0 has-p-b p-b-4\" >\r\n        <div class=\"container container--full\">\r\n        \n<div id=\"slider\" class=\"ls-maillage cta-style-normal\" data-rows=\"3\">\n    <div class=\"wp-block-columns\"><div class=\"wp-block-column\"><div class=\"ls-cta hebergements classiques animated fadeIn delay-100ms slow\">\n\n<a href=\"https:\/\/www.domainelescarrelets.com\/es\/ubicacion-soulac-sur-mer\/gama-3-flores\/\" target=\"\" rel=\"noopener\" class=\"ls-cta__link\">\n\n\t<div class=\"ls-cta__image\"><img decoding=\"async\" src=\"https:\/\/www.domainelescarrelets.com\/wp-content\/uploads\/2023\/10\/location-mobil-home-soulac-1.webp\" alt=\"location mobil home soulac\"><\/div>\n\t<div class=\"ls-cta__title\">\n\t\tEst\u00e1ndar\t<\/div>\n\t<div class=\"ls-button ls-button--cta\"><span>Descubra<\/span><i class='oreades-right-arrow'><\/i><\/div>\n\n\t\t\t<div class=\"ls-cta__description\">\n\t\t\t<p style=\"text-align: center;\"><strong>El equipamiento :<\/strong><\/p>\n<ul>\n<li style=\"text-align: left;\">Un televisor<\/li>\n<li style=\"text-align: left;\">Aire acondicionado reversible<\/li>\n<li style=\"text-align: left;\">1 cafetera cl\u00e1sica<\/li>\n<li style=\"text-align: left;\">2 tumbonas<\/li>\n<\/ul>\n<p class=\"subtitle\" style=\"text-align: center;\">Est\u00e1ndar<\/p>\n<p class=\"subtitle-image\" style=\"text-align: center;\"><img decoding=\"async\" class=\"alignnone size-medium wp-image-1811\" title=\"3-fleurs-plus\" src=\"\/wp-content\/uploads\/2023\/10\/3-fleurs-plus.svg\" alt=\"3 fleurs plus\" width=\"150\" height=\"150\" \/><\/p>\n<ul>\n<li style=\"text-align: left;\">Un segundo cuarto de ba\u00f1o y WC<\/li>\n<li style=\"text-align: left;\">Un lavavajillas<\/li><\/ul>\n\t\t\n\t\t<\/div>\n\t\n\t\t\t<div class=\"ls-cta__price\">\n\t\t\tde <span>45 \u20ac\/noche<\/span>\t\t<\/div>\n\t\t\n<\/a>\n\n\n<\/div><\/div><div class=\"wp-block-column\"><div class=\"ls-cta hebergements insolites animated fadeIn delay-200ms slow\">\n\n<a href=\"https:\/\/www.domainelescarrelets.com\/es\/ubicacion-soulac-sur-mer\/gama-4-flores\/\" target=\"\" rel=\"noopener\" class=\"ls-cta__link\">\n\n\t<div class=\"ls-cta__image\"><img decoding=\"async\" src=\"https:\/\/www.domainelescarrelets.com\/wp-content\/uploads\/2023\/10\/louer-mobil-home-soulac.webp\" alt=\"alquiler mobil home soulac\"><\/div>\n\t<div class=\"ls-cta__title\">\n\t\tPrivilegios\t<\/div>\n\t<div class=\"ls-button ls-button--cta\"><span>Descubra<\/span><i class='oreades-right-arrow'><\/i><\/div>\n\n\t\t\t<div class=\"ls-cta__description\">\n\t\t\t\n<p class=\"title\" style=\"text-align: center;\"><strong>Todo el equipamiento <\/strong><img decoding=\"async\" loading=\"lazy\" class=\"alignnone size-medium wp-image-1811\" title=\"3-fleurs-plus\" src=\"\/wp-content\/uploads\/2023\/10\/3-fleurs-plus.svg\" alt=\"3 fleurs plus\" width=\"150\" height=\"150\" \/> <\/p>\n<p class=\"plus\"><span style=\"color: #ffff00;\">+<\/span><\/p>\n<ul>\n<li style=\"text-align: left;\">Una plancha y su bombona de gas<\/li>\n<li style=\"text-align: left;\">1 tostadora y 1 hervidor de agua<\/li>\n<li style=\"text-align: left;\">1 cafetera Nespresso<\/li>\n<li style=\"text-align: left;\">Ropa de cama y toallas incluidas<\/li>\n<li style=\"text-align: left;\">Cama adulto 160 x 200cm<\/li>\n<li style=\"text-align: left;\">Una casa m\u00f3vil m\u00e1s espaciosa y de mayor calidad<\/li>\n<\/ul>\n\t\t\n\t\t<\/div>\n\t\n\t\t\t<div class=\"ls-cta__price\">\n\t\t\tde <span>58 \u20ac\/noche<\/span>\t\t<\/div>\n\t\t\n<\/a>\n\n\n<\/div><\/div><div class=\"wp-block-column\"><div class=\"ls-cta hebergements premium animated fadeIn delay-500ms slow\">\n\n<a href=\"https:\/\/www.domainelescarrelets.com\/es\/ubicacion-soulac-sur-mer\/alquiler-de-cabinas-de-lujo\/\" target=\"\" rel=\"noopener\" class=\"ls-cta__link\">\n\n\t<div class=\"ls-cta__image\"><img decoding=\"async\" src=\"https:\/\/www.domainelescarrelets.com\/wp-content\/uploads\/2023\/10\/louer-mobil-home-spa-soulac.webp\" alt=\"louer mobil home spa soulac\"><\/div>\n\t<div class=\"ls-cta__title\">\n\t\tLujos\t<\/div>\n\t<div class=\"ls-button ls-button--cta\"><span>Descubra<\/span><i class='oreades-right-arrow'><\/i><\/div>\n\n\t\t\t<div class=\"ls-cta__description\">\n\t\t\t<p class=\"title\" style=\"text-align: center;\"><strong>Todo el equipamiento <\/strong><img decoding=\"async\" loading=\"lazy\" class=\"alignnone size-medium wp-image-1836\" title=\"4-etoiles\" src=\"\/wp-content\/uploads\/2023\/10\/4-etoiles.svg\" alt=\"4 fleurs\" width=\"100\" height=\"100\" \/><\/p>\n<p class=\"plus\"><span style=\"color: #ffff00;\">+<\/span><\/p>\n<ul>\n<li style=\"text-align: left;\">Decoraci\u00f3n at\u00edpica<\/li>\n<li style=\"text-align: left;\">Una tasa de limpieza al final de la estancia<\/li>\n<li style=\"text-align: left;\">Conexi\u00f3n WIFI gratuita<\/li>\n<li style=\"text-align: left;\">Un jacuzzi privado de 5 plazas<\/li>\n<li style=\"text-align: left;\">En una zona peatonal<\/li>\n<\/ul>\t\t\n\t\t<\/div>\n\t\n\t\t\t<div class=\"ls-cta__price\">\n\t\t\tde <span>81 \u20ac\/noche<\/span>\t\t<\/div>\n\t\t\n<\/a>\n\n\n<\/div><\/div><\/div><\/div>\n\n\n<div class=\"wp-block-columns is-layout-flex wp-container-core-columns-is-layout-9d6595d7 wp-block-columns-is-layout-flex\" id=\"slider-text\">\n<div class=\"wp-block-column is-layout-flow wp-block-column-is-layout-flow\">\n<p class=\"ls-paragraph has-text-align-center has-color-4-background-color has-background\">La <a href=\"https:\/\/www.domainelescarrelets.com\/es\/ubicacion-soulac-sur-mer\/gama-3-flores\/\">gama de 3 flores<\/a> incluye alquileres est\u00e1ndar. Tomar el sol en la terraza le ofrece momentos de relax bajo el sol.  <\/p>\n<\/div>\n\n\n\n<div class=\"wp-block-column is-layout-flow wp-block-column-is-layout-flow\">\n<p class=\"ls-paragraph has-text-align-center has-color-4-background-color has-background\">La <a href=\"https:\/\/www.domainelescarrelets.com\/es\/ubicacion-soulac-sur-mer\/gama-4-flores\/\">gama 4 flores<\/a> se compone de alojamientos ins\u00f3litos con una decoraci\u00f3n at\u00edpica. Su bonita terraza de madera con parrilla de plancha promete mucho tiempo para compartir.<\/p>\n<\/div>\n\n\n\n<div class=\"wp-block-column is-layout-flow wp-block-column-is-layout-flow\">\n<p class=\"ls-paragraph has-text-align-center has-color-4-background-color has-background\">En el coraz\u00f3n del barrio peatonal, descubre la <a href=\"https:\/\/www.domainelescarrelets.com\/es\/ubicacion-soulac-sur-mer\/alquiler-de-cabinas-de-lujo\/\">gama Premium<\/a>, compuesta por nuestros lujosos alojamientos Premium <br\/>Estas cabinas disponen de jacuzzi privado en la terraza.<\/p>\n<\/div>\n<\/div>\n\n\r\n    <\/div>\r\n<\/section><section id=\"ls-section-block_3b556fe1893512cfc6824916e96f24d4\" class=\"ls-section  page-one has-p-t p-t-14 has-p-b p-b-14\" >\r\n        <div class=\"container container--wide\">\r\n        \n\n<div class=\"wp-block-columns is-layout-flex wp-container-core-columns-is-layout-9d6595d7 wp-block-columns-is-layout-flex\">\n<div class=\"wp-block-column is-vertically-aligned-center is-layout-flow wp-block-column-is-layout-flow\" style=\"flex-basis:33.33%\">\n<h2 class=\"ls__heading wp-block-heading deco m-t-0 has-color-2-color has-text-color\"><mark style=\"background-color:rgba(0, 0, 0, 0)\" class=\"has-inline-color has-color-1-color\">Nuestras caba\u00f1as de lujo en alquiler para sus <em>vacaciones en Gironda<\/em><\/mark><\/h2>\n\n\n\n<p class=\"ls-paragraph\">Para su <strong>alquiler de vacaciones en Soulac<\/strong>, puede optar por una de las <a href=\"https:\/\/www.domainelescarrelets.com\/es\/ubicacion-soulac-sur-mer\/alquiler-de-cabinas-de-lujo\/\">caba\u00f1as de lujo en Gironda<\/a> en Domaine Les Carrelets. El dise\u00f1o de estos chal\u00e9s combina encanto r\u00fastico y modernidad. Un <strong>alquiler de vacaciones ideal<\/strong> para los que buscan una <strong>estancia de lujo<\/strong> en un camping de 5 estrellas en Soulac-sur-Mer.<\/p>\n\n\n\n<p class=\"ls-paragraph\">Las caba\u00f1as del camping se han construido para integrarse perfectamente en el <strong>bosque y el<\/strong> entorno natural que las rodea.<\/p>\n\n\n\n<p class=\"ls-paragraph\">Estas caba\u00f1as tienen <strong>2 \u00f3 3 dormitorios, con capacidad para entre 4 y 6 personas<\/strong>. Disponen de instalaciones de<strong> jacuzzi\/spa<\/strong> en nuestro <a href=\"https:\/\/www.domainelescarrelets.com\/es\/camping-bienestar-soulac-sur-mer\/\">camping de bienestar<\/a>.<\/p>\n<\/div>\n\n\n\n<div class=\"wp-block-column is-vertically-aligned-center is-layout-flow wp-block-column-is-layout-flow\" style=\"flex-basis:66.66%\">\n<figure class=\"wp-block-image size-large\"><img decoding=\"async\" src=\"https:\/\/www.domainelescarrelets.com\/wp-content\/uploads\/2023\/10\/location-cabane-vendee-1024x682.webp\" alt=\"alquiler de caba&#xF1;as vendee\" class=\"wp-image-5016\"\/><\/figure>\n<\/div>\n<\/div>\n\n\r\n    <\/div>\r\n<\/section><section id=\"ls-section-block_a99315eb0f2664a10be477e61aa0ef8f\" class=\"ls-section  page-one has-m-t m-t-0 has-p-t p-t-0 has-p-b p-b-14\" >\r\n        <div class=\"container container--wide\">\r\n        \n\n<div class=\"wp-block-columns is-layout-flex wp-container-core-columns-is-layout-9d6595d7 wp-block-columns-is-layout-flex\">\n<div class=\"wp-block-column is-vertically-aligned-center is-layout-flow wp-block-column-is-layout-flow\" style=\"flex-basis:66.66%\">\n<figure class=\"wp-block-image size-large\"><img decoding=\"async\" src=\"https:\/\/www.domainelescarrelets.com\/wp-content\/uploads\/2023\/10\/louer-cabane-luxe-soulac-sur-mer-1024x682.webp\" alt=\"alquiler caba&#xF1;a de lujo soulac sur mer\" class=\"wp-image-5023\"\/><\/figure>\n<\/div>\n\n\n\n<div class=\"wp-block-column is-vertically-aligned-top m-t-4 is-layout-flow wp-block-column-is-layout-flow\" style=\"flex-basis:33.33%\">\n<p class=\"ls-paragraph\">Nuestros <strong>alquileres de vacaciones en Gironda<\/strong> est\u00e1n todos equipados con cuarto de ba\u00f1o, sal\u00f3n y cocina. Pueden alojar entre <strong>4 y 6 personas<\/strong>, y cuentan con el n\u00famero de camas necesario para adaptarse a parejas, grupos de amigos o incluso familias numerosas. Cada caba\u00f1a tiene una terraza privada y aire acondicionado para una estancia tranquila.<\/p>\n\n\n\n<p class=\"ls-paragraph\">Al igual que las casas m\u00f3viles, las caba\u00f1as tambi\u00e9n est\u00e1n disponibles en la gama Twin, que puede <strong>alojar hasta 10 personas<\/strong>. Estas caba\u00f1as se componen de  <strong>2 alojamientos separados unidos por una terraza compartida. 3 cuartos de ba\u00f1o, 2 cocinas equipadas  <\/strong>(1 cocina en cada casa)<strong>, 5 habitaciones y aire<\/strong> acondicionado, podr\u00e1 disfrutar de todas las comodidades necesarias para unas vacaciones inolvidables en Soulac sur Mer.<\/p>\n\n\n\n<p class=\"ls-paragraph\">Las caba\u00f1as de lujo est\u00e1n situadas en un <strong>entorno peatonal privilegiado<\/strong>. Su alquiler de vacaciones en Soulac est\u00e1 por tanto <strong>estrat\u00e9gicamente situado en el<\/strong> camping, sin los inconvenientes de los coches cercanos.<\/p>\n\n\n\n<a href=\"https:\/\/www.domainelescarrelets.com\/es\/ubicacion-soulac-sur-mer\/alquiler-de-cabinas-de-lujo\/\" id=\"ls-button-block_6637a06c673fa780f676ea0e749c4b30\" target=\"\" rel=\"\" class=\"ls-button aligncenter has-m-t m-t-8\" ><span>Ver caba\u00f1as de lujo<\/span> <i class='oreades-right-arrow'><\/i><\/a>\n<\/div>\n<\/div>\n\n\r\n    <\/div>\r\n<\/section><section id=\"ls-section-block_03811c86ba4b2b765ff5146cbf4cc70b\" class=\"ls-section  page-three has-background has-color-4-background-color has-p-t p-t-14 has-p-b p-b-14\" >\r\n        <div class=\"container container--wide\">\r\n        \n\n<h2 class=\"ls__heading wp-block-heading has-text-align-center\">Camping Domaine Les Carrelets de Soulac<\/h2>\n\n\n\n<p class=\"ls-paragraph has-text-align-center\">El camping Domaine Les Carrelets est\u00e1 situado a <strong>menos de 5 km del centro de Soulac sur Mer<\/strong>, en la Pointe du M\u00e9doc y el estuario de la Gironda para sus vacaciones en Nueva Aquitania. Para disfrutar al m\u00e1ximo de las playas del sur de Francia y del oc\u00e9ano, el establecimiento est\u00e1 situado a <strong>pocos minutos de la playa de Am\u00e9lie, en el coraz\u00f3n de un verde bosque<\/strong>.<\/p>\n\n\n\n<p class=\"ls-paragraph has-text-align-center\">Le  <a href=\"https:\/\/www.domainelescarrelets.com\/es\/afiliacion-yelloh\/\">\u00a1Yelloh! Les Carrelets<\/a>  est\u00e1 a <strong>15 minutos de Verdon-sur-Mer<\/strong>, desde donde se puede tomar un <strong>barco hasta el puerto de Royan<\/strong>, popular destino tur\u00edstico de la regi\u00f3n de Charente Maritime.<\/p>\n\n\n\n<p class=\"ls-paragraph has-text-align-center\">Cuando alquile su <strong>alquiler de vacaciones en Soulac sur<\/strong> Mer en un camping, se beneficiar\u00e1 de todas las ventajas que ofrece este dominio de 5 estrellas: piscina, servicios, ambiente, actividades para ni\u00f1os y adultos, club infantil&#8230;<\/p>\n\n\r\n    <\/div>\r\n<\/section><section id=\"ls-section-block_3b556fe1893512cfc6824916e96f24d4\" class=\"ls-section  page-one has-p-t p-t-14 has-p-b p-b-14\" >\r\n        <div class=\"container container--wide\">\r\n        \n\n<div class=\"wp-block-columns is-layout-flex wp-container-core-columns-is-layout-9d6595d7 wp-block-columns-is-layout-flex\">\n<div class=\"wp-block-column is-vertically-aligned-center first is-layout-flow wp-block-column-is-layout-flow\" style=\"flex-basis:66.66%\">\n<figure class=\"wp-block-gallery has-nested-images columns-default is-cropped gallery-slider wp-block-gallery-1 is-layout-flex wp-block-gallery-is-layout-flex\">\n<figure class=\"wp-block-image size-full\"><a href=\"https:\/\/www.domainelescarrelets.com\/wp-content\/uploads\/2023\/10\/camping-piscine-gironde.webp\"><img decoding=\"async\" width=\"2000\" height=\"1333\" data-id=\"578\" src=\"https:\/\/www.domainelescarrelets.com\/wp-content\/uploads\/2023\/10\/camping-piscine-gironde.webp\" alt=\"piscina camping gironde\" class=\"wp-image-578\" srcset=\"https:\/\/www.domainelescarrelets.com\/wp-content\/uploads\/2023\/10\/camping-piscine-gironde.webp 2000w, https:\/\/www.domainelescarrelets.com\/wp-content\/uploads\/2023\/10\/camping-piscine-gironde-300x200.webp 300w, https:\/\/www.domainelescarrelets.com\/wp-content\/uploads\/2023\/10\/camping-piscine-gironde-1024x682.webp 1024w, https:\/\/www.domainelescarrelets.com\/wp-content\/uploads\/2023\/10\/camping-piscine-gironde-768x512.webp 768w, https:\/\/www.domainelescarrelets.com\/wp-content\/uploads\/2023\/10\/camping-piscine-gironde-1536x1024.webp 1536w\" sizes=\"(max-width: 2000px) 100vw, 2000px\" \/><\/a><\/figure>\n\n\n\n<figure class=\"wp-block-image size-full\"><a href=\"https:\/\/www.domainelescarrelets.com\/wp-content\/uploads\/2023\/10\/cours-aquagym.webp\"><img decoding=\"async\" width=\"2000\" height=\"1333\" data-id=\"658\" src=\"https:\/\/www.domainelescarrelets.com\/wp-content\/uploads\/2023\/10\/cours-aquagym.webp\" alt=\"aqua-gym\" class=\"wp-image-658\" srcset=\"https:\/\/www.domainelescarrelets.com\/wp-content\/uploads\/2023\/10\/cours-aquagym.webp 2000w, https:\/\/www.domainelescarrelets.com\/wp-content\/uploads\/2023\/10\/cours-aquagym-300x200.webp 300w, https:\/\/www.domainelescarrelets.com\/wp-content\/uploads\/2023\/10\/cours-aquagym-1024x682.webp 1024w, https:\/\/www.domainelescarrelets.com\/wp-content\/uploads\/2023\/10\/cours-aquagym-768x512.webp 768w, https:\/\/www.domainelescarrelets.com\/wp-content\/uploads\/2023\/10\/cours-aquagym-1536x1024.webp 1536w\" sizes=\"(max-width: 2000px) 100vw, 2000px\" \/><\/a><\/figure>\n<\/figure>\n<\/div>\n\n\n\n<div class=\"wp-block-column is-vertically-aligned-center second is-layout-flow wp-block-column-is-layout-flow\" style=\"flex-basis:33.33%\">\n<h2 class=\"ls__heading wp-block-heading deco\">2 piscinas para disfrutar de <em>sus vacaciones en Soulac<\/em><\/h2>\n\n\n\n<p class=\"ls-paragraph\">Nuestro establecimiento <strong>de 5 estrellas<\/strong> dispone de una zona acu\u00e1tica con <strong>2 piscinas<\/strong> y una <strong>piscina infantil para los m\u00e1s<\/strong> peque\u00f1os. La <strong>piscina exterior<\/strong> del camping, <strong>de 500 m2<\/strong>, es ideal para refrescarse y pasar un d\u00eda divertido con la familia y los amigos. Las tumbonas rodean la piscina, para que pueda relajarse a dos pasos de su alquiler en Soulac sur Mer.<\/p>\n\n\n\n<p class=\"ls-paragraph\">Una <strong>piscina cubierta de 200 m\u00b2<\/strong> est\u00e1 a su disposici\u00f3n haga el tiempo que haga. El agua se <strong>calienta<\/strong> para que los clientes puedan disfrutarla desde que se abre hasta que se cierra.<\/p>\n\n\n\n<p class=\"ls-paragraph\">Nuestro <a href=\"https:\/\/www.domainelescarrelets.com\/es\/camping-piscina-soulac\/\">camping con piscina en Soulac-sur-Mer<\/a> ofrece regularmente sesiones de aquagym y de tonificaci\u00f3n muscular durante las vacaciones de verano. El <strong>parque acu\u00e1tico abre de 10.00 a 18.00<\/strong> en temporada baja y hasta <strong>las 20.00 en temporada alta<\/strong>. En este camping cerca de las playas, estas 2 piscinas son una verdadera ventaja para variar los placeres y disfrutar de sus vacaciones.<\/p>\n<\/div>\n<\/div>\n\n\r\n    <\/div>\r\n<\/section><section id=\"ls-section-block_69d28cc9063414bb07220dcab7526f75\" class=\"ls-section  page-hebergements\" >\r\n        <div class=\"container container--wide\">\r\n        \n\n<div class=\"wp-block-columns are-vertically-aligned-center is-layout-flex wp-container-core-columns-is-layout-9d6595d7 wp-block-columns-is-layout-flex\">\n<div class=\"wp-block-column is-vertically-aligned-center is-layout-flow wp-block-column-is-layout-flow\" style=\"flex-basis:33.33%\">\n<h2 class=\"ls__heading wp-block-heading has-text-align-left deco\">Actividades en torno a <em>su alquiler de vacaciones<\/em><\/h2>\n\n\n\n<p class=\"ls-paragraph\">Domaine Les Carrelets ofrece una amplia gama de actividades e instalaciones para mantenerte entretenido durante tu estancia.<\/p>\n\n\n\n<p class=\"ls-paragraph\">Dispone de una <strong>pista polideportiva<\/strong>, un gran jard\u00edn y un agradable <strong>parque<\/strong> infantil.<\/p>\n\n\n\n<p class=\"ls-paragraph\">Tambi\u00e9n puede disfrutar de un rato en familia en la <strong>bolera<\/strong>, las <strong>mesas de ping-pong<\/strong> o el minigolf gratuito.<\/p>\n\n\n\n<p class=\"ls-paragraph\">Los que quieran ponerse en forma y relajarse durante sus vacaciones tienen a su disposici\u00f3n una <strong>sala de musculaci\u00f3n<\/strong> y una <strong>zona de bienestar<\/strong> con sauna y hammam.<\/p>\n<\/div>\n\n\n\n<div class=\"wp-block-column is-vertically-aligned-center is-layout-flow wp-block-column-is-layout-flow\" style=\"flex-basis:66.66%\">\n<figure class=\"wp-block-image size-full\"><img decoding=\"async\" width=\"2000\" height=\"1333\" src=\"https:\/\/www.domainelescarrelets.com\/wp-content\/uploads\/2023\/10\/table-de-ping-pong.webp\" alt=\"mesa de ping pong\" class=\"wp-image-277\" srcset=\"https:\/\/www.domainelescarrelets.com\/wp-content\/uploads\/2023\/10\/table-de-ping-pong.webp 2000w, https:\/\/www.domainelescarrelets.com\/wp-content\/uploads\/2023\/10\/table-de-ping-pong-300x200.webp 300w, https:\/\/www.domainelescarrelets.com\/wp-content\/uploads\/2023\/10\/table-de-ping-pong-1024x682.webp 1024w, https:\/\/www.domainelescarrelets.com\/wp-content\/uploads\/2023\/10\/table-de-ping-pong-768x512.webp 768w, https:\/\/www.domainelescarrelets.com\/wp-content\/uploads\/2023\/10\/table-de-ping-pong-1536x1024.webp 1536w\" sizes=\"(max-width: 2000px) 100vw, 2000px\" \/><\/figure>\n<\/div>\n<\/div>\n\n\r\n    <\/div>\r\n<\/section><section id=\"ls-section-block_5ccc29bc4c5204a51eb46020f9be9dd5\" class=\"ls-section  page-one\" >\r\n        <div class=\"container container--wide\">\r\n        \n\n<div class=\"wp-block-columns is-layout-flex wp-container-core-columns-is-layout-9d6595d7 wp-block-columns-is-layout-flex\">\n<div class=\"wp-block-column is-layout-flow wp-block-column-is-layout-flow\" style=\"flex-basis:66.66%\">\n<figure class=\"wp-block-image size-full\"><img decoding=\"async\" width=\"2000\" height=\"1333\" src=\"https:\/\/www.domainelescarrelets.com\/wp-content\/uploads\/2023\/10\/terrain-de-basket.webp\" alt=\"cancha de baloncesto\" class=\"wp-image-282\" srcset=\"https:\/\/www.domainelescarrelets.com\/wp-content\/uploads\/2023\/10\/terrain-de-basket.webp 2000w, https:\/\/www.domainelescarrelets.com\/wp-content\/uploads\/2023\/10\/terrain-de-basket-300x200.webp 300w, https:\/\/www.domainelescarrelets.com\/wp-content\/uploads\/2023\/10\/terrain-de-basket-1024x682.webp 1024w, https:\/\/www.domainelescarrelets.com\/wp-content\/uploads\/2023\/10\/terrain-de-basket-768x512.webp 768w, https:\/\/www.domainelescarrelets.com\/wp-content\/uploads\/2023\/10\/terrain-de-basket-1536x1024.webp 1536w\" sizes=\"(max-width: 2000px) 100vw, 2000px\" \/><\/figure>\n<\/div>\n\n\n\n<div class=\"wp-block-column is-vertically-aligned-center is-layout-flow wp-block-column-is-layout-flow\" style=\"flex-basis:33.33%\">\n<h3 class=\"ls__heading wp-block-heading deco\">Club infantil<\/h3>\n\n\n\n<p class=\"ls-paragraph\">Conf\u00ede sus hijos a los animadores profesionales del <strong>Mizzy Club<\/strong> durante su estancia en el Domaine Les Carrelets. El equipo encargado de los clubes infantiles del camping tiene mucha imaginaci\u00f3n para mantener entretenidos a los <strong>m\u00e1s peque\u00f1os, de 4 a 12 a\u00f1os<\/strong>.<\/p>\n\n\n\n<p class=\"ls-paragraph\">Las actividades deportivas y creativas del club se ofrecen por grupos de edad y son ideales para que sus hijos disfruten, mientras permanecen cerca de su alojamiento de vacaciones.<\/p>\n\n\n\n<p class=\"ls-paragraph\">Durante las vacaciones de verano tambi\u00e9n hay un <strong>club para adolescentes<\/strong> de <strong>13 a 17<\/strong> a\u00f1os. Nuestros animadores preparan un programa de actividades divertidas para mantenerlos entretenidos.<\/p>\n<\/div>\n<\/div>\n\n\r\n    <\/div>\r\n<\/section><section id=\"ls-section-block_03811c86ba4b2b765ff5146cbf4cc70b\" class=\"ls-section  page-three has-background has-color-4-background-color has-p-t p-t-14 has-p-b p-b-14\" >\r\n        <div class=\"container container--wide\">\r\n        \n\n<h3 class=\"ls__heading wp-block-heading has-text-align-center\"><span class=\"o-anim-typing-caret\" style=\"white-space: pre-wrap;\">Servicios para alquileres de vacaciones<\/span><\/h3>\n\n\n\n<p class=\"ls-paragraph has-text-align-center\">Durante sus vacaciones en el Domaine Les Carrelets, nuestro equipo le acoger\u00e1 con una <strong>sonrisa y buen humor<\/strong>.<\/p>\n\n\n\n<p class=\"ls-paragraph has-text-align-center\">Puede alquilar <strong>equipamiento para beb\u00e9s<\/strong> y ropa de hogar para su alquiler de vacaciones en Soulac-sur-Mer. Tambi\u00e9n hay una <strong>lavander\u00eda<\/strong> abierta todos los d\u00edas. El establecimiento ofrece un paquete de limpieza para la habitaci\u00f3n, el ba\u00f1o y todo el alojamiento.<\/p>\n\n\n\n<p class=\"ls-paragraph has-text-align-center\">Wifi gratuito en la recepci\u00f3n, el restaurante y las caba\u00f1as de lujo.<\/p>\n\n\r\n    <\/div>\r\n<\/section><section id=\"ls-section-block_5ccc29bc4c5204a51eb46020f9be9dd5\" class=\"ls-section  page-one\" >\r\n        <div class=\"container container--wide\">\r\n        \n\n<div class=\"wp-block-columns is-layout-flex wp-container-core-columns-is-layout-9d6595d7 wp-block-columns-is-layout-flex\">\n<div class=\"wp-block-column is-vertically-aligned-center is-layout-flow wp-block-column-is-layout-flow\" style=\"flex-basis:33.33%\">\n<h3 class=\"ls__heading wp-block-heading deco\">El restaurante Carrelets de Soulac<\/h3>\n\n\n\n<p class=\"ls-paragraph\">Nuestro <a href=\"https:\/\/www.domainelescarrelets.com\/es\/restaurante-soulac-sur-mer\/\">restaurante de Soulac sur Mer<\/a> le ofrece la posibilidad de descubrir <strong>la gastronom\u00eda<\/strong> de la regi\u00f3n a trav\u00e9s de una <strong>amplia gama de platos<\/strong>. El chef y su equipo preparan <strong>sabrosos platos<\/strong> con productos locales, frescos y de cultivo ecol\u00f3gico.<\/p>\n\n\n\n<p class=\"ls-paragraph\">Adem\u00e1s de los platos t\u00edpicos de Gironda, tambi\u00e9n podr\u00e1 pedir aperitivos, pizzas y bebidas <strong>para comer en el restaurante o para llevar<\/strong>.<\/p>\n\n\n\n<p class=\"ls-paragraph\">Durante la temporada alta, en julio y agosto, el restaurante del camping Le Domaine Les Carrelets est\u00e1 <strong>abierto desde el mediod\u00eda hasta medianoche<\/strong>.<\/p>\n<\/div>\n\n\n\n<div class=\"wp-block-column is-vertically-aligned-center is-layout-flow wp-block-column-is-layout-flow\" style=\"flex-basis:66.66%\">\n<figure class=\"wp-block-image size-full\"><img decoding=\"async\" width=\"2000\" height=\"2000\" src=\"https:\/\/www.domainelescarrelets.com\/wp-content\/uploads\/2023\/10\/restaurant-les-carrelets-soulac-edited.webp\" alt=\"restaurante les carrelets soulac\" class=\"wp-image-1310\" style=\"aspect-ratio:4\/3;object-fit:cover\" srcset=\"https:\/\/www.domainelescarrelets.com\/wp-content\/uploads\/2023\/10\/restaurant-les-carrelets-soulac-edited.webp 2000w, https:\/\/www.domainelescarrelets.com\/wp-content\/uploads\/2023\/10\/restaurant-les-carrelets-soulac-edited-300x300.webp 300w, https:\/\/www.domainelescarrelets.com\/wp-content\/uploads\/2023\/10\/restaurant-les-carrelets-soulac-edited-1024x1024.webp 1024w, https:\/\/www.domainelescarrelets.com\/wp-content\/uploads\/2023\/10\/restaurant-les-carrelets-soulac-edited-150x150.webp 150w, https:\/\/www.domainelescarrelets.com\/wp-content\/uploads\/2023\/10\/restaurant-les-carrelets-soulac-edited-768x768.webp 768w, https:\/\/www.domainelescarrelets.com\/wp-content\/uploads\/2023\/10\/restaurant-les-carrelets-soulac-edited-1536x1536.webp 1536w\" sizes=\"(max-width: 2000px) 100vw, 2000px\" \/><\/figure>\n<\/div>\n<\/div>\n\n\r\n    <\/div>\r\n<\/section><section id=\"ls-section-block_5ccc29bc4c5204a51eb46020f9be9dd5\" class=\"ls-section  page-one\" >\r\n        <div class=\"container container--wide\">\r\n        \n\n<div class=\"wp-block-columns is-layout-flex wp-container-core-columns-is-layout-9d6595d7 wp-block-columns-is-layout-flex\">\n<div class=\"wp-block-column is-layout-flow wp-block-column-is-layout-flow\" style=\"flex-basis:66.66%\">\n<figure class=\"wp-block-image size-full\"><img decoding=\"async\" width=\"2000\" height=\"1333\" src=\"https:\/\/www.domainelescarrelets.com\/wp-content\/uploads\/2023\/10\/plus-belles-plages-de-gironde.webp\" alt=\"las playas m&#xE1;s bellas de la gironde\" class=\"wp-image-943\" srcset=\"https:\/\/www.domainelescarrelets.com\/wp-content\/uploads\/2023\/10\/plus-belles-plages-de-gironde.webp 2000w, https:\/\/www.domainelescarrelets.com\/wp-content\/uploads\/2023\/10\/plus-belles-plages-de-gironde-300x200.webp 300w, https:\/\/www.domainelescarrelets.com\/wp-content\/uploads\/2023\/10\/plus-belles-plages-de-gironde-1024x682.webp 1024w, https:\/\/www.domainelescarrelets.com\/wp-content\/uploads\/2023\/10\/plus-belles-plages-de-gironde-768x512.webp 768w, https:\/\/www.domainelescarrelets.com\/wp-content\/uploads\/2023\/10\/plus-belles-plages-de-gironde-1536x1024.webp 1536w\" sizes=\"(max-width: 2000px) 100vw, 2000px\" \/><\/figure>\n<\/div>\n\n\n\n<div class=\"wp-block-column is-vertically-aligned-center is-layout-flow wp-block-column-is-layout-flow\" style=\"flex-basis:33.33%\">\n<h3 class=\"ls__heading wp-block-heading deco\">Vacaciones en la naturaleza, <em>camping junto al mar en Soulac<\/em><\/h3>\n\n\n\n<p class=\"ls-paragraph\">Reserve su <strong>alquiler de vacaciones en Soulac-sur-Mer<\/strong> en el camping Domaine Les Carrelets y disfrute de un descanso en <strong>plena campi\u00f1a de la Gironda<\/strong>. El establecimiento est\u00e1 situado al borde del bosque de las Landas y es el lugar ideal para recargar las pilas en un entorno natural.<\/p>\n\n\n\n<p class=\"ls-paragraph\">Domaine Les Carrelets se encuentra a <strong>pocos minutos del oc\u00e9ano<\/strong>. Nadar, pasear por la <a href=\"https:\/\/www.domainelescarrelets.com\/es\/noticias\/playas-de-soulac-sur-mer\/\">playa de Soulac sur Mer<\/a> o tomar el sol: no le faltar\u00e1n actividades cerca del camping.<\/p>\n<\/div>\n<\/div>\n\n\r\n    <\/div>\r\n<\/section><section id=\"ls-section-block_d0ed8a369236cd5439381076d73bdcba\" class=\"ls-section  has-p-t p-t-14 has-p-b p-b-14\" >\r\n        <div class=\"container container--wide\">\r\n        \n\n<div id=\"ls-heading ls-titre-div-block_d675c9d783dcb90a5156421717eb6f84\" class=\"ls-titre-div deco-top-center aligncenter h2-like\" >\n    \u00bfQu\u00e9 opinan nuestros clientes<em>del alojamiento<\/em> <\/br><em>?<\/em><\/div>\n\n\n<div class=\"avis-container-pages\"><div class=\"avis\"><div class=\"avis-note-wrapper\"><span class=\"avis-note\">5\/5<\/span><\/div><div class=\"avis-user\"><div class=\"avis-content\"><p>Una reserva de \u00faltima hora muy satisfactoria y primera experiencia de camping. Todo estaba a escala humana, lo que fue muy de agradecer. La caba\u00f1a de lujo hace honor a su nombre: las instalaciones proporcionadas fueron muy apreciadas (jacuzzi, bicicletas, acceso wifi, plancha, etc.). Alojamiento renovado y muy limpio con instalaciones funcionales. Adem\u00e1s de la comodidad, encontramos la tranquilidad que busc\u00e1bamos: \u00a1una estancia de primera en un lugar cuidado y muy agradable!<\/p>\n<\/div><div class=\"avis-name\">Ana - Agosto 2023<\/div><\/div><\/div><div class=\"avis\"><div class=\"avis-note-wrapper\"><span class=\"avis-note\">5\/5<\/span><\/div><div class=\"avis-user\"><div class=\"avis-content\"><p>S\u00faper semana en una c\u00f3moda casa m\u00f3vil con grandes actividades y piscina<\/p>\n<\/div><div class=\"avis-name\">Myl\u00e8ne - Agosto 2023<\/div><\/div><\/div><div class=\"avis\"><div class=\"avis-note-wrapper\"><span class=\"avis-note\">5\/5<\/span><\/div><div class=\"avis-user\"><div class=\"avis-content\"><p>Pasamos una semana de vacaciones en el camping \u00abdomaine les carrelets de Soulac\u00bb en una casa m\u00f3vil COMFORT con capacidad para 6 personas<\/p>\n<p>La casa m\u00f3vil est\u00e1 limpia, es funcional, est\u00e1 bien situada y es tranquila.<\/p>\n<\/div><div class=\"avis-name\">Sylvain - Agosto 2023<\/div><\/div><\/div><\/div>\n\n\r\n    <\/div>\r\n<\/section>","protected":false},"excerpt":{"rendered":"","protected":false},"author":1,"featured_media":542,"parent":0,"menu_order":0,"comment_status":"closed","ping_status":"closed","template":"searchstay.php","meta":{"_acf_changed":false,"inline_featured_image":false,"footnotes":""},"sujet":[],"class_list":["post-6783","page","type-page","status-publish","has-post-thumbnail","hentry"],"acf":[],"yoast_head":"<!-- This site is optimized with the Yoast SEO plugin v24.5 - https:\/\/yoast.com\/wordpress\/plugins\/seo\/ -->\n<title>Alquiler vacaciones Soulac sur Mer : nuestros 11 alquileres de vacaciones en Gironde<\/title>\n<meta name=\"description\" content=\"Descubra nuestros alquileres de camping 5 estrellas con piscina climatizada para sus pr\u00f3ximas vacaciones en Soulac-sur-Mer, en el M\u00e9doc.\" \/>\n<meta name=\"robots\" content=\"index, follow, max-snippet:-1, max-image-preview:large, max-video-preview:-1\" \/>\n<link rel=\"canonical\" href=\"https:\/\/www.domainelescarrelets.com\/es\/ubicacion-soulac-sur-mer\/\" \/>\n<meta property=\"og:locale\" content=\"es_ES\" \/>\n<meta property=\"og:type\" content=\"article\" \/>\n<meta property=\"og:title\" content=\"Alquiler vacaciones Soulac sur Mer : nuestros 11 alquileres de vacaciones en Gironde\" \/>\n<meta property=\"og:description\" content=\"Descubra nuestros alquileres de camping 5 estrellas con piscina climatizada para sus pr\u00f3ximas vacaciones en Soulac-sur-Mer, en el M\u00e9doc.\" \/>\n<meta property=\"og:url\" content=\"https:\/\/www.domainelescarrelets.com\/es\/ubicacion-soulac-sur-mer\/\" \/>\n<meta property=\"og:site_name\" content=\"Domaine Les Carrelets de Soulac\" \/>\n<meta property=\"article:modified_time\" content=\"2025-02-25T17:00:26+00:00\" \/>\n<meta property=\"og:image\" content=\"https:\/\/www.domainelescarrelets.com\/wp-content\/uploads\/2023\/10\/camping-familial-soulac.webp\" \/>\n\t<meta property=\"og:image:width\" content=\"2000\" \/>\n\t<meta property=\"og:image:height\" content=\"1333\" \/>\n\t<meta property=\"og:image:type\" content=\"image\/webp\" \/>\n<meta name=\"twitter:card\" content=\"summary_large_image\" \/>\n<meta name=\"twitter:label1\" content=\"Tiempo de lectura\" \/>\n\t<meta name=\"twitter:data1\" content=\"9 minutos\" \/>\n<script type=\"application\/ld+json\" class=\"yoast-schema-graph\">{\"@context\":\"https:\/\/schema.org\",\"@graph\":[{\"@type\":\"WebPage\",\"@id\":\"https:\/\/www.domainelescarrelets.com\/es\/ubicacion-soulac-sur-mer\/\",\"url\":\"https:\/\/www.domainelescarrelets.com\/es\/ubicacion-soulac-sur-mer\/\",\"name\":\"Alquiler vacaciones Soulac sur Mer : nuestros 11 alquileres de vacaciones en Gironde\",\"isPartOf\":{\"@id\":\"https:\/\/www.domainelescarrelets.com\/es\/#website\"},\"primaryImageOfPage\":{\"@id\":\"https:\/\/www.domainelescarrelets.com\/es\/ubicacion-soulac-sur-mer\/#primaryimage\"},\"image\":{\"@id\":\"https:\/\/www.domainelescarrelets.com\/es\/ubicacion-soulac-sur-mer\/#primaryimage\"},\"thumbnailUrl\":\"https:\/\/www.domainelescarrelets.com\/wp-content\/uploads\/2023\/10\/camping-familial-soulac.webp\",\"datePublished\":\"2023-10-10T14:07:15+00:00\",\"dateModified\":\"2025-02-25T17:00:26+00:00\",\"description\":\"Descubra nuestros alquileres de camping 5 estrellas con piscina climatizada para sus pr\u00f3ximas vacaciones en Soulac-sur-Mer, en el M\u00e9doc.\",\"breadcrumb\":{\"@id\":\"https:\/\/www.domainelescarrelets.com\/es\/ubicacion-soulac-sur-mer\/#breadcrumb\"},\"inLanguage\":\"es\",\"potentialAction\":[{\"@type\":\"ReadAction\",\"target\":[\"https:\/\/www.domainelescarrelets.com\/es\/ubicacion-soulac-sur-mer\/\"]}]},{\"@type\":\"ImageObject\",\"inLanguage\":\"es\",\"@id\":\"https:\/\/www.domainelescarrelets.com\/es\/ubicacion-soulac-sur-mer\/#primaryimage\",\"url\":\"https:\/\/www.domainelescarrelets.com\/wp-content\/uploads\/2023\/10\/camping-familial-soulac.webp\",\"contentUrl\":\"https:\/\/www.domainelescarrelets.com\/wp-content\/uploads\/2023\/10\/camping-familial-soulac.webp\",\"width\":2000,\"height\":1333,\"caption\":\"camping familiar soulac\"},{\"@type\":\"BreadcrumbList\",\"@id\":\"https:\/\/www.domainelescarrelets.com\/es\/ubicacion-soulac-sur-mer\/#breadcrumb\",\"itemListElement\":[{\"@type\":\"ListItem\",\"position\":1,\"name\":\"Camping Soulac-sur-Mer\",\"item\":\"https:\/\/www.domainelescarrelets.com\/es\/\"},{\"@type\":\"ListItem\",\"position\":2,\"name\":\"Todos nuestros alojamientos\"}]},{\"@type\":\"WebSite\",\"@id\":\"https:\/\/www.domainelescarrelets.com\/es\/#website\",\"url\":\"https:\/\/www.domainelescarrelets.com\/es\/\",\"name\":\"Domaine Les Carrelets de Soulac\",\"description\":\"\",\"publisher\":{\"@id\":\"https:\/\/www.domainelescarrelets.com\/es\/#organization\"},\"potentialAction\":[{\"@type\":\"SearchAction\",\"target\":{\"@type\":\"EntryPoint\",\"urlTemplate\":\"https:\/\/www.domainelescarrelets.com\/es\/?s={search_term_string}\"},\"query-input\":{\"@type\":\"PropertyValueSpecification\",\"valueRequired\":true,\"valueName\":\"search_term_string\"}}],\"inLanguage\":\"es\"},{\"@type\":\"Organization\",\"@id\":\"https:\/\/www.domainelescarrelets.com\/es\/#organization\",\"name\":\"Domaine Les Carrelets de Soulac\",\"url\":\"https:\/\/www.domainelescarrelets.com\/es\/\",\"logo\":{\"@type\":\"ImageObject\",\"inLanguage\":\"es\",\"@id\":\"https:\/\/www.domainelescarrelets.com\/es\/#\/schema\/logo\/image\/\",\"url\":\"https:\/\/www.domainelescarrelets.com\/wp-content\/uploads\/2023\/10\/cropped-cropped-les-carrelets-soulac.webp\",\"contentUrl\":\"https:\/\/www.domainelescarrelets.com\/wp-content\/uploads\/2023\/10\/cropped-cropped-les-carrelets-soulac.webp\",\"width\":490,\"height\":175,\"caption\":\"Domaine Les Carrelets de Soulac\"},\"image\":{\"@id\":\"https:\/\/www.domainelescarrelets.com\/es\/#\/schema\/logo\/image\/\"}}]}<\/script>\n<!-- \/ Yoast SEO plugin. -->","yoast_head_json":{"title":"Alquiler vacaciones Soulac sur Mer : nuestros 11 alquileres de vacaciones en Gironde","description":"Descubra nuestros alquileres de camping 5 estrellas con piscina climatizada para sus pr\u00f3ximas vacaciones en Soulac-sur-Mer, en el M\u00e9doc.","robots":{"index":"index","follow":"follow","max-snippet":"max-snippet:-1","max-image-preview":"max-image-preview:large","max-video-preview":"max-video-preview:-1"},"canonical":"https:\/\/www.domainelescarrelets.com\/es\/ubicacion-soulac-sur-mer\/","og_locale":"es_ES","og_type":"article","og_title":"Alquiler vacaciones Soulac sur Mer : nuestros 11 alquileres de vacaciones en Gironde","og_description":"Descubra nuestros alquileres de camping 5 estrellas con piscina climatizada para sus pr\u00f3ximas vacaciones en Soulac-sur-Mer, en el M\u00e9doc.","og_url":"https:\/\/www.domainelescarrelets.com\/es\/ubicacion-soulac-sur-mer\/","og_site_name":"Domaine Les Carrelets de Soulac","article_modified_time":"2025-02-25T17:00:26+00:00","og_image":[{"width":2000,"height":1333,"url":"https:\/\/www.domainelescarrelets.com\/wp-content\/uploads\/2023\/10\/camping-familial-soulac.webp","type":"image\/webp"}],"twitter_card":"summary_large_image","twitter_misc":{"Tiempo de lectura":"9 minutos"},"schema":{"@context":"https:\/\/schema.org","@graph":[{"@type":"WebPage","@id":"https:\/\/www.domainelescarrelets.com\/es\/ubicacion-soulac-sur-mer\/","url":"https:\/\/www.domainelescarrelets.com\/es\/ubicacion-soulac-sur-mer\/","name":"Alquiler vacaciones Soulac sur Mer : nuestros 11 alquileres de vacaciones en Gironde","isPartOf":{"@id":"https:\/\/www.domainelescarrelets.com\/es\/#website"},"primaryImageOfPage":{"@id":"https:\/\/www.domainelescarrelets.com\/es\/ubicacion-soulac-sur-mer\/#primaryimage"},"image":{"@id":"https:\/\/www.domainelescarrelets.com\/es\/ubicacion-soulac-sur-mer\/#primaryimage"},"thumbnailUrl":"https:\/\/www.domainelescarrelets.com\/wp-content\/uploads\/2023\/10\/camping-familial-soulac.webp","datePublished":"2023-10-10T14:07:15+00:00","dateModified":"2025-02-25T17:00:26+00:00","description":"Descubra nuestros alquileres de camping 5 estrellas con piscina climatizada para sus pr\u00f3ximas vacaciones en Soulac-sur-Mer, en el M\u00e9doc.","breadcrumb":{"@id":"https:\/\/www.domainelescarrelets.com\/es\/ubicacion-soulac-sur-mer\/#breadcrumb"},"inLanguage":"es","potentialAction":[{"@type":"ReadAction","target":["https:\/\/www.domainelescarrelets.com\/es\/ubicacion-soulac-sur-mer\/"]}]},{"@type":"ImageObject","inLanguage":"es","@id":"https:\/\/www.domainelescarrelets.com\/es\/ubicacion-soulac-sur-mer\/#primaryimage","url":"https:\/\/www.domainelescarrelets.com\/wp-content\/uploads\/2023\/10\/camping-familial-soulac.webp","contentUrl":"https:\/\/www.domainelescarrelets.com\/wp-content\/uploads\/2023\/10\/camping-familial-soulac.webp","width":2000,"height":1333,"caption":"camping familiar soulac"},{"@type":"BreadcrumbList","@id":"https:\/\/www.domainelescarrelets.com\/es\/ubicacion-soulac-sur-mer\/#breadcrumb","itemListElement":[{"@type":"ListItem","position":1,"name":"Camping Soulac-sur-Mer","item":"https:\/\/www.domainelescarrelets.com\/es\/"},{"@type":"ListItem","position":2,"name":"Todos nuestros alojamientos"}]},{"@type":"WebSite","@id":"https:\/\/www.domainelescarrelets.com\/es\/#website","url":"https:\/\/www.domainelescarrelets.com\/es\/","name":"Domaine Les Carrelets de Soulac","description":"","publisher":{"@id":"https:\/\/www.domainelescarrelets.com\/es\/#organization"},"potentialAction":[{"@type":"SearchAction","target":{"@type":"EntryPoint","urlTemplate":"https:\/\/www.domainelescarrelets.com\/es\/?s={search_term_string}"},"query-input":{"@type":"PropertyValueSpecification","valueRequired":true,"valueName":"search_term_string"}}],"inLanguage":"es"},{"@type":"Organization","@id":"https:\/\/www.domainelescarrelets.com\/es\/#organization","name":"Domaine Les Carrelets de Soulac","url":"https:\/\/www.domainelescarrelets.com\/es\/","logo":{"@type":"ImageObject","inLanguage":"es","@id":"https:\/\/www.domainelescarrelets.com\/es\/#\/schema\/logo\/image\/","url":"https:\/\/www.domainelescarrelets.com\/wp-content\/uploads\/2023\/10\/cropped-cropped-les-carrelets-soulac.webp","contentUrl":"https:\/\/www.domainelescarrelets.com\/wp-content\/uploads\/2023\/10\/cropped-cropped-les-carrelets-soulac.webp","width":490,"height":175,"caption":"Domaine Les Carrelets de Soulac"},"image":{"@id":"https:\/\/www.domainelescarrelets.com\/es\/#\/schema\/logo\/image\/"}}]}},"_links":{"self":[{"href":"https:\/\/www.domainelescarrelets.com\/es\/wp-json\/wp\/v2\/pages\/6783","targetHints":{"allow":["GET"]}}],"collection":[{"href":"https:\/\/www.domainelescarrelets.com\/es\/wp-json\/wp\/v2\/pages"}],"about":[{"href":"https:\/\/www.domainelescarrelets.com\/es\/wp-json\/wp\/v2\/types\/page"}],"author":[{"embeddable":true,"href":"https:\/\/www.domainelescarrelets.com\/es\/wp-json\/wp\/v2\/users\/1"}],"replies":[{"embeddable":true,"href":"https:\/\/www.domainelescarrelets.com\/es\/wp-json\/wp\/v2\/comments?post=6783"}],"version-history":[{"count":9,"href":"https:\/\/www.domainelescarrelets.com\/es\/wp-json\/wp\/v2\/pages\/6783\/revisions"}],"predecessor-version":[{"id":10480,"href":"https:\/\/www.domainelescarrelets.com\/es\/wp-json\/wp\/v2\/pages\/6783\/revisions\/10480"}],"wp:featuredmedia":[{"embeddable":true,"href":"https:\/\/www.domainelescarrelets.com\/es\/wp-json\/wp\/v2\/media\/542"}],"wp:attachment":[{"href":"https:\/\/www.domainelescarrelets.com\/es\/wp-json\/wp\/v2\/media?parent=6783"}],"wp:term":[{"taxonomy":"sujet","embeddable":true,"href":"https:\/\/www.domainelescarrelets.com\/es\/wp-json\/wp\/v2\/sujet?post=6783"}],"curies":[{"name":"wp","href":"https:\/\/api.w.org\/{rel}","templated":true}]}}