{"id":6992,"date":"2023-10-10T16:09:12","date_gmt":"2023-10-10T14:09:12","guid":{"rendered":"https:\/\/www.domainelescarrelets.com\/contact-op\/"},"modified":"2024-05-16T09:53:44","modified_gmt":"2024-05-16T07:53:44","slug":"contact-op","status":"publish","type":"page","link":"https:\/\/www.domainelescarrelets.com\/nl\/contact-op\/","title":{"rendered":"Contact en praktische informatie"},"content":{"rendered":"<section id=\"ls-section-block_40c8118e4c3adb47f18706f43cf284e4\" class=\"ls-section  page-intro\" >\r\n        <div class=\"container \">\r\n        \n\n<h1 class=\"ls__heading wp-block-heading has-text-align-center\">Contact met Domaine Les Carrelets<\/h1>\n\n\n\n<p class=\"ls-paragraph has-text-align-center\">Yelloh! Dorp domaine Les Carrelets verwelkomt je van <strong>27 maart tot 07 september 2024.<\/strong><\/p>\n\n\r\n    <\/div>\r\n<\/section>\n\n<section id=\"ls-section-block_1d593dcda8475105bd5bb0782bd776fe\" class=\"ls-section  page-one has-m-t m-t-0 has-p-t p-t-0\" >\r\n        <div class=\"container container--wide\">\r\n        \n\n<div class=\"wp-block-columns page-one is-layout-flex wp-container-core-columns-is-layout-9d6595d7 wp-block-columns-is-layout-flex\">\n<div class=\"wp-block-column is-layout-flow wp-block-column-is-layout-flow\">\n<h2 class=\"ls__heading wp-block-heading deco\">Contactgegevens<\/h2>\n\n\n\n<div id=\"ls-infos-block_18b9bf90ddc5e25124aaa9ad10be6ba7\" class=\"ls-infos has-m-b m-b-7\">\n    \n    <div class=\"ls-infos__content\">\n\n        <div class=\"ls-infos__phone\">\n                        \n                        <i class=\"oreades-phone-call-02\"><\/i> +33 5 56 09 76 63            \n        <\/div>\n        <div class=\"ls-infos__mail\">\n            <i class=\"fas fa-envelope\"><\/i> contact@domainelescarrelets.com        <\/div>\n\n        <div class=\"ls-infos__adresse\">\n            <i class='fas fa-map-marker-alt'><\/i>\n            <div class=\"ls-infos__adresse--content\">\n                126, Route des Lacs <br \/>\n                33780                Soulac sur Mer            <\/div>\n        <\/div>\n    <\/div>\n<\/div>\n\n\n<h2 class=\"ls__heading wp-block-heading has-text-align-left deco\">Ontvangsttijden<\/h2>\n\n\n\n<p class=\"ls-paragraph has-text-align-left\"><strong>Laagseizoen:<\/strong><br>Zondag tot vrijdag: 09u &#8211; 12u \/ 14u &#8211; 18u<br>Zaterdag: 08h &#8211; 20h<\/p>\n\n\n\n<p class=\"ls-paragraph has-text-align-left\"><strong>Hoogseizoen (juli\/augustus):<\/strong><br>08u &#8211; 20u elke dag<\/p>\n<\/div>\n\n\n\n<div class=\"wp-block-column is-layout-flow wp-block-column-is-layout-flow\">\n<div class=\"wp-block-contact-form-7-contact-form-selector\">\n<div class=\"wpcf7 no-js\" id=\"wpcf7-f6765-o1\" lang=\"nl-NL\" dir=\"ltr\" data-wpcf7-id=\"6765\">\n<div class=\"screen-reader-response\"><p role=\"status\" aria-live=\"polite\" aria-atomic=\"true\"><\/p> <ul><\/ul><\/div>\n<form action=\"\/nl\/wp-json\/wp\/v2\/pages\/6992#wpcf7-f6765-o1\" method=\"post\" class=\"wpcf7-form init\" aria-label=\"Contactformulier\" novalidate=\"novalidate\" data-status=\"init\">\n<fieldset class=\"hidden-fields-container\"><input type=\"hidden\" name=\"_wpcf7\" value=\"6765\" \/><input type=\"hidden\" name=\"_wpcf7_version\" value=\"6.1.2\" \/><input type=\"hidden\" name=\"_wpcf7_locale\" value=\"nl_NL\" \/><input type=\"hidden\" name=\"_wpcf7_unit_tag\" value=\"wpcf7-f6765-o1\" \/><input type=\"hidden\" name=\"_wpcf7_container_post\" value=\"0\" \/><input type=\"hidden\" name=\"_wpcf7_posted_data_hash\" value=\"\" \/><input type=\"hidden\" name=\"_wpcf7_recaptcha_response\" value=\"\" \/>\n<\/fieldset>\n<p><label> Uw naam<br \/>\n<span class=\"wpcf7-form-control-wrap\" data-name=\"your-name\"><input size=\"40\" maxlength=\"400\" class=\"wpcf7-form-control wpcf7-text wpcf7-validates-as-required\" aria-required=\"true\" aria-invalid=\"false\" value=\"\" type=\"text\" name=\"your-name\" \/><\/span> <\/label>\n<\/p>\n<p><label> Uw e-mail<br \/>\n<span class=\"wpcf7-form-control-wrap\" data-name=\"your-email\"><input size=\"40\" maxlength=\"400\" class=\"wpcf7-form-control wpcf7-email wpcf7-validates-as-required wpcf7-text wpcf7-validates-as-email\" aria-required=\"true\" aria-invalid=\"false\" value=\"\" type=\"email\" name=\"your-email\" \/><\/span> <\/label>\n<\/p>\n<p><label> Onderwerp<br \/>\n<span class=\"wpcf7-form-control-wrap\" data-name=\"your-subject\"><input size=\"40\" maxlength=\"400\" class=\"wpcf7-form-control wpcf7-text wpcf7-validates-as-required\" aria-required=\"true\" aria-invalid=\"false\" value=\"\" type=\"text\" name=\"your-subject\" \/><\/span> <\/label>\n<\/p>\n<p><label> Bericht<br \/>\n<span class=\"wpcf7-form-control-wrap\" data-name=\"your-message\"><textarea cols=\"40\" rows=\"10\" maxlength=\"2000\" class=\"wpcf7-form-control wpcf7-textarea\" aria-invalid=\"false\" name=\"your-message\"><\/textarea><\/span> <\/label>\n<\/p>\n<p><span class=\"wpcf7-form-control-wrap\" data-name=\"acceptance-553\"><span class=\"wpcf7-form-control wpcf7-acceptance\"><span class=\"wpcf7-list-item\"><label><input type=\"checkbox\" name=\"acceptance-553\" value=\"1\" aria-invalid=\"false\" \/><span class=\"wpcf7-list-item-label\">Door dit vakje aan te vinken, accepteer ik het <a href=\"\/nl\/privacybeleid\/\" rel=\"nofollow\" target=\"_blank\">Privacybeleid<\/a> van deze site.<\/span><\/label><\/span><\/span><\/span><br \/>\n<input class=\"wpcf7-form-control wpcf7-submit has-spinner\" type=\"submit\" value=\"Stuur\" \/>\n<\/p><div class=\"wpcf7-response-output\" aria-hidden=\"true\"><\/div>\n<\/form>\n<\/div>\n<\/div>\n<\/div>\n<\/div>\n\n\r\n    <\/div>\r\n<\/section>\n\n<section id=\"ls-section-block_45e82af5e8ed8e3f674a8f8c7641acd7\" class=\"ls-section  page-three has-background has-color-4-background-color has-p-t p-t-14 has-p-b p-b-5\" >\r\n        <div class=\"container container--wide\">\r\n        \n\n<div class=\"wp-block-columns page-one is-layout-flex wp-container-core-columns-is-layout-9d6595d7 wp-block-columns-is-layout-flex\">\n<div class=\"wp-block-column is-layout-flow wp-block-column-is-layout-flow\">\n<h2 class=\"ls__heading wp-block-heading deco\">Hoe <em>kom <\/em> ik <em>daar <\/em>?<\/h2>\n\n\n\n<p class=\"ls-paragraph\"><strong>Yelloh! Dorp<\/strong> <strong>Domaine Les Carrelets de Soulac<\/strong><br>126, Route des Lacs<br>33780 Soulac aan zee<br>05.56.09.76.63<\/p>\n<\/div>\n\n\n\n<div class=\"wp-block-column is-layout-flow wp-block-column-is-layout-flow\">\n<h2 class=\"ls__heading wp-block-heading deco\">Toegang<\/h2>\n\n\n\n<p class=\"ls-paragraph\">Er zijn 2 manieren om <strong>de <a href=\"https:\/\/www.domainelescarrelets.com\/nl\/\">camping van Soulac-sur-Mer<\/a> met de auto te bereiken<\/strong> <\/p>\n\n\n\n<ul class=\"ls-list wp-block-list\">\n<li>Neem de snelweg A10 naar Bordeaux (Bordeaux \/ Merdrignac),<br>dan de ringweg, afslag 8 richting Le Verdon op de D1215 tot Soulac, dan de Route des Lacs.<\/li>\n\n\n\n<li>Via La Rochelle, Rochefort en Royan dan de veerboot nemen<br>om de Gironde over te steken naar Verdon, Soulac, dan route des Lacs.<\/li>\n<\/ul>\n\n\n\n<p class=\"ls-paragraph\"><strong>Met de trein:<\/strong> het station van Soulac-sur-Mer ligt op 3 km van de camping.<br>Er rijden rechtstreekse treinen vanuit Bordeaux.<\/p>\n\n\n\n<p class=\"ls-paragraph\"><strong>Met het vliegtuig:<\/strong> het dichtstbijzijnde vliegveld is Bordeaux-M\u00e9rignac.<\/p>\n\n\n\n<p class=\"ls-paragraph\">GPS-co\u00f6rdinaten :<br>45.48351090 \/ -1.11847660<\/p>\n<\/div>\n<\/div>\n\n\r\n    <\/div>\r\n<\/section>\n\n\n<iframe src=\"https:\/\/www.google.com\/maps\/embed?pb=!1m18!1m12!1m3!1d2797.3194806127867!2d-1.1184766!3d45.4835109!2m3!1f0!2f0!3f0!3m2!1i1024!2i768!4f13.1!3m3!1m2!1s0x48018454e1502aa1%3A0xe848ffeca5732001!2s126%20Rte%20des%20Lacs%2C%2033780%20Soulac-sur-Mer!5e0!3m2!1sfr!2sfr!4v1697550295683!5m2!1sfr!2sfr\" width=\"100%\" height=\"550\" style=\"border:0;\" allowfullscreen=\"\" loading=\"lazy\" referrerpolicy=\"no-referrer-when-downgrade\"><\/iframe>\n\n\n<section id=\"ls-section-block_5a1c6236db2f110b7ff91075ea535247\" class=\"ls-section  page-one has-p-t p-t-14 has-p-b p-b-14\" >\r\n        <div class=\"container container--wide\">\r\n        \n\n<div class=\"wp-block-columns is-layout-flex wp-container-core-columns-is-layout-9d6595d7 wp-block-columns-is-layout-flex\">\n<div class=\"wp-block-column is-layout-flow wp-block-column-is-layout-flow\" style=\"flex-basis:66.66%\">\n<figure class=\"wp-block-image size-large\"><img decoding=\"async\" width=\"1024\" height=\"682\" src=\"https:\/\/www.domainelescarrelets.com\/wp-content\/uploads\/2023\/10\/reception-camping-les-carrelets-1024x682.webp\" alt=\"receptie camping les carrelets\" class=\"wp-image-973\" srcset=\"https:\/\/www.domainelescarrelets.com\/wp-content\/uploads\/2023\/10\/reception-camping-les-carrelets-1024x682.webp 1024w, https:\/\/www.domainelescarrelets.com\/wp-content\/uploads\/2023\/10\/reception-camping-les-carrelets-300x200.webp 300w, https:\/\/www.domainelescarrelets.com\/wp-content\/uploads\/2023\/10\/reception-camping-les-carrelets-768x512.webp 768w, https:\/\/www.domainelescarrelets.com\/wp-content\/uploads\/2023\/10\/reception-camping-les-carrelets-1536x1024.webp 1536w, https:\/\/www.domainelescarrelets.com\/wp-content\/uploads\/2023\/10\/reception-camping-les-carrelets.webp 2000w\" sizes=\"(max-width: 1024px) 100vw, 1024px\" \/><\/figure>\n<\/div>\n\n\n\n<div class=\"wp-block-column is-vertically-aligned-center is-layout-flow wp-block-column-is-layout-flow\" style=\"flex-basis:33.33%\">\n<h2 class=\"ls__heading wp-block-heading deco\">Uw aankomst, vertrek en <em>sleuteloverdracht<\/em><\/h2>\n\n\n\n<p class=\"ls-paragraph\"><strong>Om tijd te besparen op de dag van je aankomst, moet je controleren of je dossier volledig is en of je saldo volledig is betaald.<\/strong><\/p>\n\n\n\n<p class=\"ls-paragraph\">Accommodatie is gegarandeerd vanaf 17.00 uur en moet voor 10.00 uur op de dag van vertrek worden verlaten.<\/p>\n\n\n\n<p class=\"ls-paragraph\">En cas d\u2019arriv\u00e9e apr\u00e8s la fermeture de la r\u00e9ception, merci de nous contacter.<\/p>\n\n\n\n<p class=\"ls-paragraph\">De huur wordt 24 uur na de geplande aankomstdatum vastgehouden.<\/p>\n\n\n\n<p class=\"ls-paragraph\">Na deze tijd wordt je reservering geannuleerd en worden de volledige kosten van je verblijf ingehouden.<\/p>\n<\/div>\n<\/div>\n\n\r\n    <\/div>\r\n<\/section>\n\n<section id=\"ls-section-block_ad2a0ddf491e7afc8ca0d6ed67262dac\" class=\"ls-section  home-hebergements page has-background has-color-4-background-color\" >\r\n        <div class=\"container container--wide\">\r\n        \n\n<div class=\"wp-block-columns is-layout-flex wp-container-core-columns-is-layout-9d6595d7 wp-block-columns-is-layout-flex\">\n<div class=\"wp-block-column is-vertically-aligned-center is-layout-flow wp-block-column-is-layout-flow\" style=\"flex-basis:33.33%\">\n<h2 class=\"ls__heading wp-block-heading deco\">Opties<\/h2>\n\n\n\n<p class=\"ls-paragraph\"><strong>Borg (ter plaatse of online te betalen):<\/strong> bij aankomst wordt een borg van \u20ac100\/accommodatie gevraagd. Deze wordt teruggegeven na je vertrek en nadat de accommodatie is gecontroleerd door ons schoonmaakteam. U dient zelf schoon te maken (behalve voor de &#8220;cabane luxe&#8221; accommodatie, waar de schoonmaak inbegrepen is). De accommodatie moet in perfect schone staat worden achtergelaten op de dag van vertrek, anders worden er \u20ac95 schoonmaakkosten in rekening gebracht.<\/p>\n\n\n\n<p class=\"ls-paragraph\">Vertaald met www.DeepL.com\/Translator (gratis versie)<\/p>\n\n\n\n<p class=\"ls-paragraph\"><strong>Toeristenbelasting (ter plaatse te betalen)<\/strong>: \u20ac0,80\/dag\/persoon ouder dan 18 jaar<\/p>\n\n\n\n<p class=\"ls-paragraph\"><strong>Huisdieren (ter plaatse te betalen)<\/strong>: Net als op ons landgoed Les Or\u00e9ades is slechts \u00e9\u00e9n huisdier (inentingsbewijs verplicht) toegestaan in de accommodatie tegen een vergoeding van \u20ac6 per nacht, oftewel \u20ac42 per week. Ze moeten aangelijnd zijn en mogen nooit alleen gelaten worden, zelfs niet aangelijnd, op het veld of in huis. Huisdieren zijn niet toegestaan in de luxe hutten met SPA.<br>Honden van de 1e en 2e categorie zijn niet toegestaan op de camping.<\/p>\n<\/div>\n\n\n\n<div class=\"wp-block-column is-layout-flow wp-block-column-is-layout-flow\" style=\"flex-basis:66.66%\">\n<figure class=\"wp-block-image size-full\"><img decoding=\"async\" width=\"2000\" height=\"1332\" src=\"https:\/\/www.domainelescarrelets.com\/wp-content\/uploads\/2023\/10\/camping-soulac-gironde-edited-1.webp\" alt=\"camping soulac gironde\" class=\"wp-image-1256\" srcset=\"https:\/\/www.domainelescarrelets.com\/wp-content\/uploads\/2023\/10\/camping-soulac-gironde-edited-1.webp 2000w, https:\/\/www.domainelescarrelets.com\/wp-content\/uploads\/2023\/10\/camping-soulac-gironde-edited-1-300x200.webp 300w, https:\/\/www.domainelescarrelets.com\/wp-content\/uploads\/2023\/10\/camping-soulac-gironde-edited-1-1024x682.webp 1024w, https:\/\/www.domainelescarrelets.com\/wp-content\/uploads\/2023\/10\/camping-soulac-gironde-edited-1-768x511.webp 768w, https:\/\/www.domainelescarrelets.com\/wp-content\/uploads\/2023\/10\/camping-soulac-gironde-edited-1-1536x1023.webp 1536w\" sizes=\"(max-width: 2000px) 100vw, 2000px\" \/><\/figure>\n<\/div>\n<\/div>\n\n\r\n    <\/div>\r\n<\/section>\n\n<section id=\"ls-section-block_f8a61eaf4c5727f139a6d5cb47112111\" class=\"ls-section  page-one\" >\r\n        <div class=\"container container--wide\">\r\n        \n\n<div class=\"wp-block-columns is-layout-flex wp-container-core-columns-is-layout-9d6595d7 wp-block-columns-is-layout-flex\">\n<div class=\"wp-block-column is-layout-flow wp-block-column-is-layout-flow\" style=\"flex-basis:66.66%\">\n<figure class=\"wp-block-image size-large\"><img decoding=\"async\" src=\"https:\/\/www.domainelescarrelets.com\/wp-content\/uploads\/2023\/10\/reception-soulac-sur-mer-2-1024x681.webp\" alt=\"ontvangst soulac sur mer\" class=\"wp-image-6504\"\/><\/figure>\n<\/div>\n\n\n\n<div class=\"wp-block-column is-vertically-aligned-center is-layout-flow wp-block-column-is-layout-flow\" style=\"flex-basis:33.33%\">\n<p class=\"ls-paragraph\"><strong>Minderjarigen die niet begeleid worden<\/strong> door hun ouders zijn niet toegestaan op de camping.<\/p>\n\n\n\n<ul class=\"ls-list wp-block-list\">\n<li>Een huurstructuur wordt op naam verhuurd en mag in geen geval worden onderverhuurd. Elke persoon die niet is ingeschreven op het huurcontract wordt beschouwd als een toeslag op het pakket (zie de huidige prijslijst van de camping).<\/li>\n\n\n\n<li>Zwemshorts zijn verboden in het hele zwembad. Alleen zwembroeken (of shorts) zijn toegestaan.<\/li>\n\n\n\n<li>Kinderen jonger dan 8 jaar en kinderen die niet kunnen zwemmen moeten worden begeleid door een volwassene om toegang te krijgen tot het zwembad.<\/li>\n\n\n\n<li>Traditionele barbecues zijn verboden. Gasfornuizen kunnen gehuurd worden bij de receptie.<\/li>\n\n\n\n<li>Iedereen die op camping Les Lacs verblijft, moet zich houden aan de regels en verplichtingen van de camping (huishoudelijk reglement beschikbaar op aanvraag en opgehangen bij de ingang van de camping).<\/li>\n<\/ul>\n<\/div>\n<\/div>\n\n\r\n    <\/div>\r\n<\/section>\n\n<section id=\"ls-section-block_45e82af5e8ed8e3f674a8f8c7641acd7\" class=\"ls-section  page-three has-background has-color-4-background-color has-p-t p-t-14 has-p-b p-b-5\" >\r\n        <div class=\"container container--wide\">\r\n        \n\n<div class=\"wp-block-columns page-one is-layout-flex wp-container-core-columns-is-layout-9d6595d7 wp-block-columns-is-layout-flex\">\n<div class=\"wp-block-column is-layout-flow wp-block-column-is-layout-flow\">\n<h2 class=\"ls__heading wp-block-heading deco\">Diensten verleend door de vestiging<br>inbegrepen in de huurprijs :<\/h2>\n\n\n\n<ul class=\"ls-list wp-block-list\">\n<li>Speelruimte voor kinderen<\/li>\n\n\n\n<li>Kinderanimatie: kinderclub (4\/8 en 9\/12 jaar) &#8211; juli\/augustus<\/li>\n\n\n\n<li>Tieneranimatie: tienerclub (13\/17 jaar) &#8211; juli\/augustus &#8211; Gezinsanimatie: overdag en &#8217;s avonds &#8211; juli\/augustus<\/li>\n\n\n\n<li>Sportactiviteiten: overdag en &#8217;s avonds &#8211; juli\/augustus<\/li>\n\n\n\n<li>Airconditioning inbegrepen in de accommodatie<\/li>\n\n\n\n<li>Openluchtzwembad met kikkerbad &#8211; gratis toegang tijdens openingsuren (ter plaatse te raadplegen)<\/li>\n\n\n\n<li>Verwarmd overdekt zwembad &#8211; gratis toegang tijdens openingsuren (ter plaatse te raadplegen)<\/li>\n\n\n\n<li>Parkeren: 1 plaats\/huur<\/li>\n\n\n\n<li>Tafeltennis<\/li>\n\n\n\n<li>Jeu de boules<\/li>\n\n\n\n<li>Multisportterrein<\/li>\n\n\n\n<li>Televisie<\/li>\n<\/ul>\n<\/div>\n\n\n\n<div class=\"wp-block-column is-layout-flow wp-block-column-is-layout-flow\">\n<h2 class=\"ls__heading wp-block-heading deco\">Betaalde diensten<br>(ter plaatse te betalen) :<\/h2>\n\n\n\n<ul class=\"ls-list wp-block-list\">\n<li>Wifi: op het hele landgoed &#8211; tegen betaling &#8211; \u20ac2\/dag\/apparaat<\/li>\n\n\n\n<li>Babypakket (kinderbed &#8211; zonder matras + stoel + babybadje): \u20ac6\/nacht of \u20ac42\/week &#8211; afhankelijk van beschikbaarheid en reservering<\/li>\n\n\n\n<li>Eindschoonmaak: optioneel: \u20ac 95 voor een verblijf in een stacaravan &#8211; \u20ac 190 voor een verblijf in een Twin<\/li>\n\n\n\n<li>Wasserij: tegen betaling &#8211; zie tarieven en betaling ter plaatse<\/li>\n\n\n\n<li>Beddengoed: \u20ac18\/enkelbed &#8211; \u20ac18\/dubbelbed &#8211; afhankelijk van reservering en beschikbaarheid<\/li>\n\n\n\n<li>Handdoeken: 12\u20ac\/kit (2 handdoeken) &#8211; op afspraak en afhankelijk van beschikbaarheid<\/li>\n\n\n\n<li>Bakplaat op gas: \u20ac10\/dag of \u20ac50\/week<\/li>\n\n\n\n<li>Restaurant &#8211; snackbar &#8211; afhaalmaaltijden &#8211; het hele seizoen geopend<\/li>\n<\/ul>\n<\/div>\n<\/div>\n\n\r\n    <\/div>\r\n<\/section>\n\n<section id=\"ls-section-block_830c29fe8899eecea3869a69142e58b7\" class=\"ls-section  page-three has-background has-color-white-background-color has-p-t p-t-14 has-p-b p-b-14\" >\r\n        <div class=\"container container--wide\">\r\n        \n\n<div class=\"wp-block-columns is-layout-flex wp-container-core-columns-is-layout-9d6595d7 wp-block-columns-is-layout-flex\">\n<div class=\"wp-block-column is-layout-flow wp-block-column-is-layout-flow\">\n<h2 class=\"ls__heading wp-block-heading has-text-align-center deco-top-center\"><strong>Let op:<\/strong><\/h2>\n\n\n\n<p class=\"ls-paragraph has-text-align-center\">sommige diensten, entertainment of winkels zijn niet gegarandeerd buiten juli\/augustus.<\/p>\n\n\n\n<p class=\"ls-paragraph has-text-align-center\">Dienstregelingen en prijzen worden alleen ter informatie gegeven en kunnen worden gewijzigd.<\/p>\n<\/div>\n<\/div>\n\n\r\n    <\/div>\r\n<\/section>","protected":false},"excerpt":{"rendered":"","protected":false},"author":1,"featured_media":974,"parent":0,"menu_order":0,"comment_status":"closed","ping_status":"closed","template":"","meta":{"_acf_changed":false,"inline_featured_image":false,"footnotes":""},"sujet":[],"class_list":["post-6992","page","type-page","status-publish","has-post-thumbnail","hentry"],"acf":[],"yoast_head":"<!-- This site is optimized with the Yoast SEO plugin v24.5 - https:\/\/yoast.com\/wordpress\/plugins\/seo\/ -->\n<title>Contact opnemen met Domaine les Carrelets : Contact opnemen met onze camping in Soulac, Gironde<\/title>\n<meta name=\"robots\" content=\"index, follow, max-snippet:-1, max-image-preview:large, max-video-preview:-1\" \/>\n<link rel=\"canonical\" href=\"https:\/\/www.domainelescarrelets.com\/nl\/contact-op\/\" \/>\n<meta property=\"og:locale\" content=\"nl_NL\" \/>\n<meta property=\"og:type\" content=\"article\" \/>\n<meta property=\"og:title\" content=\"Contact opnemen met Domaine les Carrelets : Contact opnemen met onze camping in Soulac, Gironde\" \/>\n<meta property=\"og:url\" content=\"https:\/\/www.domainelescarrelets.com\/nl\/contact-op\/\" \/>\n<meta property=\"og:site_name\" content=\"Domaine Les Carrelets de Soulac\" \/>\n<meta property=\"article:modified_time\" content=\"2024-05-16T07:53:44+00:00\" \/>\n<meta property=\"og:image\" content=\"https:\/\/www.domainelescarrelets.com\/wp-content\/uploads\/2023\/10\/reception-camping-les-carrelets.webp\" \/>\n\t<meta property=\"og:image:width\" content=\"2000\" \/>\n\t<meta property=\"og:image:height\" content=\"1333\" \/>\n\t<meta property=\"og:image:type\" content=\"image\/webp\" \/>\n<meta name=\"twitter:card\" content=\"summary_large_image\" \/>\n<meta name=\"twitter:label1\" content=\"Geschatte leestijd\" \/>\n\t<meta name=\"twitter:data1\" content=\"5 minuten\" \/>\n<script type=\"application\/ld+json\" class=\"yoast-schema-graph\">{\"@context\":\"https:\/\/schema.org\",\"@graph\":[{\"@type\":\"WebPage\",\"@id\":\"https:\/\/www.domainelescarrelets.com\/nl\/contact-op\/\",\"url\":\"https:\/\/www.domainelescarrelets.com\/nl\/contact-op\/\",\"name\":\"Contact opnemen met Domaine les Carrelets : Contact opnemen met onze camping in Soulac, Gironde\",\"isPartOf\":{\"@id\":\"https:\/\/www.domainelescarrelets.com\/nl\/#website\"},\"primaryImageOfPage\":{\"@id\":\"https:\/\/www.domainelescarrelets.com\/nl\/contact-op\/#primaryimage\"},\"image\":{\"@id\":\"https:\/\/www.domainelescarrelets.com\/nl\/contact-op\/#primaryimage\"},\"thumbnailUrl\":\"https:\/\/www.domainelescarrelets.com\/wp-content\/uploads\/2023\/10\/reception-camping-les-carrelets.webp\",\"datePublished\":\"2023-10-10T14:09:12+00:00\",\"dateModified\":\"2024-05-16T07:53:44+00:00\",\"breadcrumb\":{\"@id\":\"https:\/\/www.domainelescarrelets.com\/nl\/contact-op\/#breadcrumb\"},\"inLanguage\":\"nl-NL\",\"potentialAction\":[{\"@type\":\"ReadAction\",\"target\":[\"https:\/\/www.domainelescarrelets.com\/nl\/contact-op\/\"]}]},{\"@type\":\"ImageObject\",\"inLanguage\":\"nl-NL\",\"@id\":\"https:\/\/www.domainelescarrelets.com\/nl\/contact-op\/#primaryimage\",\"url\":\"https:\/\/www.domainelescarrelets.com\/wp-content\/uploads\/2023\/10\/reception-camping-les-carrelets.webp\",\"contentUrl\":\"https:\/\/www.domainelescarrelets.com\/wp-content\/uploads\/2023\/10\/reception-camping-les-carrelets.webp\",\"width\":2000,\"height\":1333,\"caption\":\"receptie camping les carrelets\"},{\"@type\":\"BreadcrumbList\",\"@id\":\"https:\/\/www.domainelescarrelets.com\/nl\/contact-op\/#breadcrumb\",\"itemListElement\":[{\"@type\":\"ListItem\",\"position\":1,\"name\":\"Camping Soulac-sur-Mer\",\"item\":\"https:\/\/www.domainelescarrelets.com\/nl\/\"},{\"@type\":\"ListItem\",\"position\":2,\"name\":\"Contact en praktische informatie\"}]},{\"@type\":\"WebSite\",\"@id\":\"https:\/\/www.domainelescarrelets.com\/nl\/#website\",\"url\":\"https:\/\/www.domainelescarrelets.com\/nl\/\",\"name\":\"Domaine Les Carrelets de Soulac\",\"description\":\"\",\"publisher\":{\"@id\":\"https:\/\/www.domainelescarrelets.com\/nl\/#organization\"},\"potentialAction\":[{\"@type\":\"SearchAction\",\"target\":{\"@type\":\"EntryPoint\",\"urlTemplate\":\"https:\/\/www.domainelescarrelets.com\/nl\/?s={search_term_string}\"},\"query-input\":{\"@type\":\"PropertyValueSpecification\",\"valueRequired\":true,\"valueName\":\"search_term_string\"}}],\"inLanguage\":\"nl-NL\"},{\"@type\":\"Organization\",\"@id\":\"https:\/\/www.domainelescarrelets.com\/nl\/#organization\",\"name\":\"Domaine Les Carrelets de Soulac\",\"url\":\"https:\/\/www.domainelescarrelets.com\/nl\/\",\"logo\":{\"@type\":\"ImageObject\",\"inLanguage\":\"nl-NL\",\"@id\":\"https:\/\/www.domainelescarrelets.com\/nl\/#\/schema\/logo\/image\/\",\"url\":\"https:\/\/www.domainelescarrelets.com\/wp-content\/uploads\/2023\/10\/cropped-cropped-les-carrelets-soulac.webp\",\"contentUrl\":\"https:\/\/www.domainelescarrelets.com\/wp-content\/uploads\/2023\/10\/cropped-cropped-les-carrelets-soulac.webp\",\"width\":490,\"height\":175,\"caption\":\"Domaine Les Carrelets de Soulac\"},\"image\":{\"@id\":\"https:\/\/www.domainelescarrelets.com\/nl\/#\/schema\/logo\/image\/\"}}]}<\/script>\n<!-- \/ Yoast SEO plugin. -->","yoast_head_json":{"title":"Contact opnemen met Domaine les Carrelets : Contact opnemen met onze camping in Soulac, Gironde","robots":{"index":"index","follow":"follow","max-snippet":"max-snippet:-1","max-image-preview":"max-image-preview:large","max-video-preview":"max-video-preview:-1"},"canonical":"https:\/\/www.domainelescarrelets.com\/nl\/contact-op\/","og_locale":"nl_NL","og_type":"article","og_title":"Contact opnemen met Domaine les Carrelets : Contact opnemen met onze camping in Soulac, Gironde","og_url":"https:\/\/www.domainelescarrelets.com\/nl\/contact-op\/","og_site_name":"Domaine Les Carrelets de Soulac","article_modified_time":"2024-05-16T07:53:44+00:00","og_image":[{"width":2000,"height":1333,"url":"https:\/\/www.domainelescarrelets.com\/wp-content\/uploads\/2023\/10\/reception-camping-les-carrelets.webp","type":"image\/webp"}],"twitter_card":"summary_large_image","twitter_misc":{"Geschatte leestijd":"5 minuten"},"schema":{"@context":"https:\/\/schema.org","@graph":[{"@type":"WebPage","@id":"https:\/\/www.domainelescarrelets.com\/nl\/contact-op\/","url":"https:\/\/www.domainelescarrelets.com\/nl\/contact-op\/","name":"Contact opnemen met Domaine les Carrelets : Contact opnemen met onze camping in Soulac, Gironde","isPartOf":{"@id":"https:\/\/www.domainelescarrelets.com\/nl\/#website"},"primaryImageOfPage":{"@id":"https:\/\/www.domainelescarrelets.com\/nl\/contact-op\/#primaryimage"},"image":{"@id":"https:\/\/www.domainelescarrelets.com\/nl\/contact-op\/#primaryimage"},"thumbnailUrl":"https:\/\/www.domainelescarrelets.com\/wp-content\/uploads\/2023\/10\/reception-camping-les-carrelets.webp","datePublished":"2023-10-10T14:09:12+00:00","dateModified":"2024-05-16T07:53:44+00:00","breadcrumb":{"@id":"https:\/\/www.domainelescarrelets.com\/nl\/contact-op\/#breadcrumb"},"inLanguage":"nl-NL","potentialAction":[{"@type":"ReadAction","target":["https:\/\/www.domainelescarrelets.com\/nl\/contact-op\/"]}]},{"@type":"ImageObject","inLanguage":"nl-NL","@id":"https:\/\/www.domainelescarrelets.com\/nl\/contact-op\/#primaryimage","url":"https:\/\/www.domainelescarrelets.com\/wp-content\/uploads\/2023\/10\/reception-camping-les-carrelets.webp","contentUrl":"https:\/\/www.domainelescarrelets.com\/wp-content\/uploads\/2023\/10\/reception-camping-les-carrelets.webp","width":2000,"height":1333,"caption":"receptie camping les carrelets"},{"@type":"BreadcrumbList","@id":"https:\/\/www.domainelescarrelets.com\/nl\/contact-op\/#breadcrumb","itemListElement":[{"@type":"ListItem","position":1,"name":"Camping Soulac-sur-Mer","item":"https:\/\/www.domainelescarrelets.com\/nl\/"},{"@type":"ListItem","position":2,"name":"Contact en praktische informatie"}]},{"@type":"WebSite","@id":"https:\/\/www.domainelescarrelets.com\/nl\/#website","url":"https:\/\/www.domainelescarrelets.com\/nl\/","name":"Domaine Les Carrelets de Soulac","description":"","publisher":{"@id":"https:\/\/www.domainelescarrelets.com\/nl\/#organization"},"potentialAction":[{"@type":"SearchAction","target":{"@type":"EntryPoint","urlTemplate":"https:\/\/www.domainelescarrelets.com\/nl\/?s={search_term_string}"},"query-input":{"@type":"PropertyValueSpecification","valueRequired":true,"valueName":"search_term_string"}}],"inLanguage":"nl-NL"},{"@type":"Organization","@id":"https:\/\/www.domainelescarrelets.com\/nl\/#organization","name":"Domaine Les Carrelets de Soulac","url":"https:\/\/www.domainelescarrelets.com\/nl\/","logo":{"@type":"ImageObject","inLanguage":"nl-NL","@id":"https:\/\/www.domainelescarrelets.com\/nl\/#\/schema\/logo\/image\/","url":"https:\/\/www.domainelescarrelets.com\/wp-content\/uploads\/2023\/10\/cropped-cropped-les-carrelets-soulac.webp","contentUrl":"https:\/\/www.domainelescarrelets.com\/wp-content\/uploads\/2023\/10\/cropped-cropped-les-carrelets-soulac.webp","width":490,"height":175,"caption":"Domaine Les Carrelets de Soulac"},"image":{"@id":"https:\/\/www.domainelescarrelets.com\/nl\/#\/schema\/logo\/image\/"}}]}},"_links":{"self":[{"href":"https:\/\/www.domainelescarrelets.com\/nl\/wp-json\/wp\/v2\/pages\/6992","targetHints":{"allow":["GET"]}}],"collection":[{"href":"https:\/\/www.domainelescarrelets.com\/nl\/wp-json\/wp\/v2\/pages"}],"about":[{"href":"https:\/\/www.domainelescarrelets.com\/nl\/wp-json\/wp\/v2\/types\/page"}],"author":[{"embeddable":true,"href":"https:\/\/www.domainelescarrelets.com\/nl\/wp-json\/wp\/v2\/users\/1"}],"replies":[{"embeddable":true,"href":"https:\/\/www.domainelescarrelets.com\/nl\/wp-json\/wp\/v2\/comments?post=6992"}],"version-history":[{"count":6,"href":"https:\/\/www.domainelescarrelets.com\/nl\/wp-json\/wp\/v2\/pages\/6992\/revisions"}],"predecessor-version":[{"id":9279,"href":"https:\/\/www.domainelescarrelets.com\/nl\/wp-json\/wp\/v2\/pages\/6992\/revisions\/9279"}],"wp:featuredmedia":[{"embeddable":true,"href":"https:\/\/www.domainelescarrelets.com\/nl\/wp-json\/wp\/v2\/media\/974"}],"wp:attachment":[{"href":"https:\/\/www.domainelescarrelets.com\/nl\/wp-json\/wp\/v2\/media?parent=6992"}],"wp:term":[{"taxonomy":"sujet","embeddable":true,"href":"https:\/\/www.domainelescarrelets.com\/nl\/wp-json\/wp\/v2\/sujet?post=6992"}],"curies":[{"name":"wp","href":"https:\/\/api.w.org\/{rel}","templated":true}]}}